{"id":14269,"date":"2023-10-13T19:38:35","date_gmt":"2023-10-13T19:38:35","guid":{"rendered":"https:\/\/conadi.gob.gt\/web\/?page_id=14269"},"modified":"2024-01-24T17:50:09","modified_gmt":"2024-01-24T17:50:09","slug":"re-habil-con-voz-no-44","status":"publish","type":"page","link":"https:\/\/conadi.gob.gt\/web\/re-habil-con-voz-no-44\/","title":{"rendered":"Re-H\u00e1bil con Voz No. 44"},"content":{"rendered":"\n<div class=\"wp-block-media-text alignwide is-stacked-on-mobile\"><figure class=\"wp-block-media-text__media\"><video controls src=\"https:\/\/conadi.gob.gt\/web\/wp-content\/uploads\/2024\/01\/RR-44-ARTICULO-EMPRENDIMIENTOS-PCD.mp4\"><\/video><\/figure><div class=\"wp-block-media-text__content\">\n<p><strong>Emprendimientos y Productividad de Personas con Discapacidad. <\/strong><br \/>Por: Departamento de Incidencia Pol\u00edtica.<br \/>Int\u00e9rprete LENSEGUA: Ang\u00e9lica Gabriel.<\/p>\n<\/div><\/div>\n\n\n\n<p><\/p>\n\n\n\n<div class=\"wp-block-media-text alignwide is-stacked-on-mobile\"><figure class=\"wp-block-media-text__media\"><video controls src=\"https:\/\/conadi.gob.gt\/web\/wp-content\/uploads\/2024\/01\/RR-44-ARTICULO-LA-IMPORTANCIA-DE-LA-ENDIS-.mp4\"><\/video><\/figure><div class=\"wp-block-media-text__content\">\n<p><strong>La Importancia de la ENDIS. <\/strong><br \/>Por: Departamento de Investigaci\u00f3n y An\u00e1lisis de la Informaci\u00f3n del CONADI.<br \/>Int\u00e9rprete LENSEGUA: Ang\u00e9lica Gabriel.<\/p>\n<\/div><\/div>\n\n\n\n<p><\/p>\n\n\n\n<div class=\"wp-block-media-text alignwide is-stacked-on-mobile\"><figure class=\"wp-block-media-text__media\"><video controls src=\"https:\/\/conadi.gob.gt\/web\/wp-content\/uploads\/2024\/01\/RR-44-ARTICULO-FORMACION-INCLUSIVA.mp4\"><\/video><\/figure><div class=\"wp-block-media-text__content\">\n<p><strong>Derribando Barreras F\u00edsicas y Socioemocionales. <\/strong>Por: Odilia Avila, CISP Guatemala.<br \/>Int\u00e9rprete LENSEGUA: Ang\u00e9lica Gabriel<\/p>\n<\/div><\/div>\n\n\n\n<p><\/p>\n\n\n\n<div class=\"wp-block-media-text alignwide is-stacked-on-mobile\"><figure class=\"wp-block-media-text__media\"><video controls src=\"https:\/\/conadi.gob.gt\/web\/wp-content\/uploads\/2024\/01\/RR44-ARTICULO-ARTE-DRAMATICO-INCLUSIVO.mp4\"><\/video><\/figure><div class=\"wp-block-media-text__content\">\n<p><strong>El Arte Dram\u00e1tico Promoviendo la Inclusi\u00f3n. <\/strong><br \/>Por: <a href=\"https:\/\/www.facebook.com\/Escenartegt?__cft__[0]=AZUc2hUNE1YfhYTWP7bHtXUpz46MDz4k1WtSrjaju8RZM2ndavM5LFJhF832qg-uwVGLDMTu7bpJHh-PHXM_8so3F5wwfMCCxRaQ6H1NNNBVNWMP6u57G1o8NkpUfheKXCXqZ_Ddrt07ASiXs1VCkdqgiuTmVSgm2huSHPO5qMeR9WNExzkudScbW_jjmlYrfcU&amp;__tn__=-]K-R\">Escenarte<\/a> y <a href=\"https:\/\/www.facebook.com\/colectivodeaccesibilidad?__cft__[0]=AZUc2hUNE1YfhYTWP7bHtXUpz46MDz4k1WtSrjaju8RZM2ndavM5LFJhF832qg-uwVGLDMTu7bpJHh-PHXM_8so3F5wwfMCCxRaQ6H1NNNBVNWMP6u57G1o8NkpUfheKXCXqZ_Ddrt07ASiXs1VCkdqgiuTmVSgm2huSHPO5qMeR9WNExzkudScbW_jjmlYrfcU&amp;__tn__=-]K-R\">Colectivo de Accesibilidad, S.A.<\/a><br \/>Int\u00e9rprete LENSEGUA: Ang\u00e9lica Gabriel.<\/p>\n<\/div><\/div>\n\n\n\n<p><\/p>\n\n\n\n<div class=\"wp-block-media-text alignwide is-stacked-on-mobile\"><figure class=\"wp-block-media-text__media\"><video controls src=\"https:\/\/conadi.gob.gt\/web\/wp-content\/uploads\/2024\/01\/RR44-ARTICULO-INCLUSION-SOCIAL-PAZ.mp4\"><\/video><\/figure><div class=\"wp-block-media-text__content\">\n<p><strong>La inclusi\u00f3n social es un pilar de la Cultura de Paz<\/strong>.<br \/>Por: Comisi\u00f3n Presidencial por la Paz y los Derechos Humanos.<br \/>Int\u00e9rprete LENSEGUA: Ang\u00e9lica Gabriel.<\/p>\n<\/div><\/div>\n\n\n\n<p><\/p>\n\n\n\n<div class=\"wp-block-media-text alignwide is-stacked-on-mobile\"><figure class=\"wp-block-media-text__media\"><video controls src=\"https:\/\/conadi.gob.gt\/web\/wp-content\/uploads\/2024\/01\/RR44-ARTICULO-PARTICIPACION-PP-DCD.mp4\"><\/video><\/figure><div class=\"wp-block-media-text__content\">\n<p><strong>Participaci\u00f3n Pol\u00edtica y P\u00fablica de los J\u00f3venes con Discapacidad.<\/strong><br \/>Por: Antonio Palma, joven con discapacidad visual.<br \/>Int\u00e9rprete LENSEGUA: Ang\u00e9lica Gabriel.<\/p>\n<\/div><\/div>\n\n\n\n<p><\/p>\n\n\n\n<div class=\"wp-block-media-text alignwide is-stacked-on-mobile\"><figure class=\"wp-block-media-text__media\"><video controls src=\"https:\/\/conadi.gob.gt\/web\/wp-content\/uploads\/2024\/01\/RR-44-ARTICULO-El-deporte-promueve-la-integracion-social-.mp4\"><\/video><\/figure><div class=\"wp-block-media-text__content\">\n<p><strong>El Deporte Promueve la Integraci\u00f3n Social de las Personas con S\u00edndrome de Down<\/strong>. <br \/>Por: Lcda. Vivian Ajcip, Comunicaci\u00f3n CONADI.<br \/>Int\u00e9rprete LENSEGUA: Ang\u00e9lica Gabriel.<\/p>\n<\/div><\/div>\n\n\n\n<p><\/p>\n\n\n\n<div class=\"wp-block-media-text alignwide is-stacked-on-mobile\"><figure class=\"wp-block-media-text__media\"><video controls src=\"https:\/\/conadi.gob.gt\/web\/wp-content\/uploads\/2024\/01\/RR-ARTICULO-Comunicacion-Estrategica-.mp4\"><\/video><\/figure><div class=\"wp-block-media-text__content\">\n<p><strong>Comunicaci\u00f3n estrat\u00e9gica, aliado en difundir la labor de una entidad. <\/strong><br \/>Por: Patricia Orantes, Dra. en Comunicaci\u00f3n.<br \/>Int\u00e9rprete LENSEGUA: Ang\u00e9lica Gabriel.<\/p>\n<\/div><\/div>\n<div class=\"pvc_clear\"><\/div><p id=\"pvc_stats_14269\" class=\"pvc_stats all  \" data-element-id=\"14269\" style=\"\"><i class=\"pvc-stats-icon medium\" aria-hidden=\"true\"><svg aria-hidden=\"true\" focusable=\"false\" data-prefix=\"far\" data-icon=\"chart-bar\" role=\"img\" xmlns=\"http:\/\/www.w3.org\/2000\/svg\" viewBox=\"0 0 512 512\" class=\"svg-inline--fa fa-chart-bar fa-w-16 fa-2x\"><path fill=\"currentColor\" d=\"M396.8 352h22.4c6.4 0 12.8-6.4 12.8-12.8V108.8c0-6.4-6.4-12.8-12.8-12.8h-22.4c-6.4 0-12.8 6.4-12.8 12.8v230.4c0 6.4 6.4 12.8 12.8 12.8zm-192 0h22.4c6.4 0 12.8-6.4 12.8-12.8V140.8c0-6.4-6.4-12.8-12.8-12.8h-22.4c-6.4 0-12.8 6.4-12.8 12.8v198.4c0 6.4 6.4 12.8 12.8 12.8zm96 0h22.4c6.4 0 12.8-6.4 12.8-12.8V204.8c0-6.4-6.4-12.8-12.8-12.8h-22.4c-6.4 0-12.8 6.4-12.8 12.8v134.4c0 6.4 6.4 12.8 12.8 12.8zM496 400H48V80c0-8.84-7.16-16-16-16H16C7.16 64 0 71.16 0 80v336c0 17.67 14.33 32 32 32h464c8.84 0 16-7.16 16-16v-16c0-8.84-7.16-16-16-16zm-387.2-48h22.4c6.4 0 12.8-6.4 12.8-12.8v-70.4c0-6.4-6.4-12.8-12.8-12.8h-22.4c-6.4 0-12.8 6.4-12.8 12.8v70.4c0 6.4 6.4 12.8 12.8 12.8z\" class=\"\"><\/path><\/svg><\/i> <img loading=\"lazy\" decoding=\"async\" width=\"16\" height=\"16\" alt=\"Loading\" src=\"https:\/\/conadi.gob.gt\/web\/wp-content\/plugins\/page-views-count\/ajax-loader-2x.gif\" border=0 \/><\/p><div class=\"pvc_clear\"><\/div>","protected":false},"excerpt":{"rendered":"<p>Emprendimientos y Productividad de Personas con Discapacidad. Por: Departamento de Incidencia Pol\u00edtica.Int\u00e9rprete LENSEGUA: Ang\u00e9lica Gabriel. La Importancia de la ENDIS. Por: Departamento de Investigaci\u00f3n y An\u00e1lisis de la Informaci\u00f3n del CONADI.Int\u00e9rprete LENSEGUA: Ang\u00e9lica Gabriel. Derribando Barreras F\u00edsicas y Socioemocionales. Por: Odilia Avila, CISP Guatemala.Int\u00e9rprete LENSEGUA: Ang\u00e9lica Gabriel El Arte Dram\u00e1tico Promoviendo la Inclusi\u00f3n. Por: Escenarte &hellip; <\/p>\n<p class=\"link-more\"><a href=\"https:\/\/conadi.gob.gt\/web\/re-habil-con-voz-no-44\/\" class=\"more-link\">Leer m\u00e1s<span class=\"screen-reader-text\"> \u00abRe-H\u00e1bil con Voz No. 44\u00bb<\/span><\/a><\/p>\n<div class=\"pvc_clear\"><\/div>\n<p id=\"pvc_stats_14269\" class=\"pvc_stats all  \" data-element-id=\"14269\" style=\"\"><i class=\"pvc-stats-icon medium\" aria-hidden=\"true\"><svg aria-hidden=\"true\" focusable=\"false\" data-prefix=\"far\" data-icon=\"chart-bar\" role=\"img\" xmlns=\"http:\/\/www.w3.org\/2000\/svg\" viewBox=\"0 0 512 512\" class=\"svg-inline--fa fa-chart-bar fa-w-16 fa-2x\"><path fill=\"currentColor\" d=\"M396.8 352h22.4c6.4 0 12.8-6.4 12.8-12.8V108.8c0-6.4-6.4-12.8-12.8-12.8h-22.4c-6.4 0-12.8 6.4-12.8 12.8v230.4c0 6.4 6.4 12.8 12.8 12.8zm-192 0h22.4c6.4 0 12.8-6.4 12.8-12.8V140.8c0-6.4-6.4-12.8-12.8-12.8h-22.4c-6.4 0-12.8 6.4-12.8 12.8v198.4c0 6.4 6.4 12.8 12.8 12.8zm96 0h22.4c6.4 0 12.8-6.4 12.8-12.8V204.8c0-6.4-6.4-12.8-12.8-12.8h-22.4c-6.4 0-12.8 6.4-12.8 12.8v134.4c0 6.4 6.4 12.8 12.8 12.8zM496 400H48V80c0-8.84-7.16-16-16-16H16C7.16 64 0 71.16 0 80v336c0 17.67 14.33 32 32 32h464c8.84 0 16-7.16 16-16v-16c0-8.84-7.16-16-16-16zm-387.2-48h22.4c6.4 0 12.8-6.4 12.8-12.8v-70.4c0-6.4-6.4-12.8-12.8-12.8h-22.4c-6.4 0-12.8 6.4-12.8 12.8v70.4c0 6.4 6.4 12.8 12.8 12.8z\" class=\"\"><\/path><\/svg><\/i> <img loading=\"lazy\" decoding=\"async\" width=\"16\" height=\"16\" alt=\"Loading\" src=\"https:\/\/conadi.gob.gt\/web\/wp-content\/plugins\/page-views-count\/ajax-loader-2x.gif\" border=0 \/><\/p>\n<div class=\"pvc_clear\"><\/div>\n","protected":false},"author":41,"featured_media":0,"parent":0,"menu_order":0,"comment_status":"closed","ping_status":"closed","template":"","meta":{"inspiro_hide_title":false,"footnotes":""},"class_list":["post-14269","page","type-page","status-publish","hentry"],"_links":{"self":[{"href":"https:\/\/conadi.gob.gt\/web\/wp-json\/wp\/v2\/pages\/14269","targetHints":{"allow":["GET"]}}],"collection":[{"href":"https:\/\/conadi.gob.gt\/web\/wp-json\/wp\/v2\/pages"}],"about":[{"href":"https:\/\/conadi.gob.gt\/web\/wp-json\/wp\/v2\/types\/page"}],"author":[{"embeddable":true,"href":"https:\/\/conadi.gob.gt\/web\/wp-json\/wp\/v2\/users\/41"}],"replies":[{"embeddable":true,"href":"https:\/\/conadi.gob.gt\/web\/wp-json\/wp\/v2\/comments?post=14269"}],"version-history":[{"count":5,"href":"https:\/\/conadi.gob.gt\/web\/wp-json\/wp\/v2\/pages\/14269\/revisions"}],"predecessor-version":[{"id":14856,"href":"https:\/\/conadi.gob.gt\/web\/wp-json\/wp\/v2\/pages\/14269\/revisions\/14856"}],"wp:attachment":[{"href":"https:\/\/conadi.gob.gt\/web\/wp-json\/wp\/v2\/media?parent=14269"}],"curies":[{"name":"wp","href":"https:\/\/api.w.org\/{rel}","templated":true}]}}