{"id":16281,"date":"2024-10-30T15:24:00","date_gmt":"2024-10-30T15:24:00","guid":{"rendered":"https:\/\/conadi.gob.gt\/web\/?page_id=16281"},"modified":"2024-11-04T15:08:16","modified_gmt":"2024-11-04T15:08:16","slug":"mensajero-de-la-paz","status":"publish","type":"page","link":"https:\/\/conadi.gob.gt\/web\/mensajero-de-la-paz\/","title":{"rendered":"Mensajero de la Paz 2024"},"content":{"rendered":"\n<h3 class=\"wp-block-heading\"><strong>CONVOCATORIA A POSTULAR CANDIDATOS A: MENSAJERO DE LA PAZ 2024, EN CONMEMORACI\u00d3N DEL D\u00cdA INTERNACIONAL DE LAS PERSONAS CON DISCAPACIDAD<\/strong><\/h3>\n\n\n\n<p>El Consejo Nacional para la Atenci\u00f3n de las Personas con Discapacidad (CONADI), convoca a las organizaciones de personas con discapacidad de todo el territorio nacional, instituciones p\u00fablicas y privadas, prestadoras de servicios a la poblaci\u00f3n con discapacidad e instituciones de Derechos Humanos a postular candidatos a Mensajero (a 9de la Paz 2024.<\/p>\n\n\n\n<p>Para el efecto, se adjuntan las bases para postular a las personas con discapacidad que consideren llenan los requisitos para ser el Mensajero (a) de la Paz 2024, quien ser\u00e1 homenajeado en el evento p\u00fablico denominado \u201cCambio de la Rosa de la Paz\u201d en diciembre pr\u00f3ximo.<\/p>\n\n\n\n<p><strong>Tener en cuenta:<\/strong><\/p>\n\n\n\n<ul class=\"wp-block-list\">\n<li>La postulaci\u00f3n de candidatos se har\u00e1 por escrito, en nota dirigida a la Direcci\u00f3n General del CONADI, junto a la hoja de vida completa de la persona postulada, la que debe estar contenida en hojas tama\u00f1o carta y escritas a rengl\u00f3n abierto. En la carta de propuesta debe indicarse con claridad los motivos por los cuales se postula al candidato (a).<\/li>\n\n\n\n<li>No hay l\u00edmite de edad para ser declarado como Mensajero(a) de la Paz.<\/li>\n\n\n\n<li>La persona deber\u00e1 ser propuesta por una organizaci\u00f3n o instituci\u00f3n p\u00fablica o privada vinculada a la tem\u00e1tica de discapacidad en el territorio nacional o entidades afines.<\/li>\n\n\n\n<li>Junto a la postulaci\u00f3n se deber\u00e1n presentar evidencias de 2 a\u00f1os o m\u00e1s de la\u00a0 labor del candidato (a) relacionada a las pol\u00edticas y programas de educaci\u00f3n, deporte, cultura, salud, rehabilitaci\u00f3n, equiparaci\u00f3n y defensa de derechos de las personas con discapacidad,\u00a0 desarrollo en las organizaciones representativas de personas con discapacidad y sus familias y\/o, si los tuviere, m\u00e9ritos acad\u00e9micos o reconocimientos (diplomas, t\u00edtulos, distinciones honorificas, estudios, investigaciones) que respalden su buen trabajo en la promoci\u00f3n de los derechos de las personas con discapacidad. Cartas de recomendaci\u00f3n de personas dignas y honorables que conozcan al candidato pueden estar relacionadas con la vida p\u00fablica el pa\u00eds, \u00e1mbito municipal, regional, local y\/o eclesi\u00e1stico.<\/li>\n\n\n\n<li><strong>Fecha de recepci\u00f3n de las propuestas:<\/strong> Las propuestas se estar\u00e1n recibiendo hasta el \u00a004 de noviembre de 2024 en las instalaciones del CONADI en forma f\u00edsica,\u00a0 en horario de 08:00 a 16:00 o por correo electr\u00f3nico a la siguiente direcci\u00f3n: <a href=\"mailto:participacionciudadana.conadi@gmail.com\">participacionciudadana.conadi@gmail.com<\/a> con copia a <a href=\"mailto:direcciongeneral@conadi.gob.gt\">direcciongeneral@conadi.gob.gt<\/a>.<\/li>\n<\/ul>\n\n\n\n<p>&nbsp;&nbsp;&nbsp;&nbsp;&nbsp; Postula, participa y visibiliza la labor de las personas con discapacidad<\/p>\n\n\n\n<figure class=\"wp-block-gallery has-nested-images columns-default is-cropped wp-block-gallery-1 is-layout-flex wp-block-gallery-is-layout-flex\">\n<figure class=\"wp-block-image size-large\"><img loading=\"lazy\" decoding=\"async\" width=\"819\" height=\"1024\" data-id=\"16299\" src=\"https:\/\/conadi.gob.gt\/web\/wp-content\/uploads\/2024\/11\/mensajero-2024-01-819x1024.jpg\" alt=\"\" class=\"wp-image-16299\" srcset=\"https:\/\/conadi.gob.gt\/web\/wp-content\/uploads\/2024\/11\/mensajero-2024-01-819x1024.jpg 819w, https:\/\/conadi.gob.gt\/web\/wp-content\/uploads\/2024\/11\/mensajero-2024-01-240x300.jpg 240w, https:\/\/conadi.gob.gt\/web\/wp-content\/uploads\/2024\/11\/mensajero-2024-01-768x960.jpg 768w, https:\/\/conadi.gob.gt\/web\/wp-content\/uploads\/2024\/11\/mensajero-2024-01-1229x1536.jpg 1229w, https:\/\/conadi.gob.gt\/web\/wp-content\/uploads\/2024\/11\/mensajero-2024-01-1638x2048.jpg 1638w, https:\/\/conadi.gob.gt\/web\/wp-content\/uploads\/2024\/11\/mensajero-2024-01-2000x2500.jpg 2000w, https:\/\/conadi.gob.gt\/web\/wp-content\/uploads\/2024\/11\/mensajero-2024-01-scaled.jpg 2048w\" sizes=\"auto, (max-width: 819px) 100vw, 819px\" \/><\/figure>\n\n\n\n<figure class=\"wp-block-image size-large\"><img loading=\"lazy\" decoding=\"async\" width=\"819\" height=\"1024\" data-id=\"16300\" src=\"https:\/\/conadi.gob.gt\/web\/wp-content\/uploads\/2024\/11\/mensajero-2024-02-819x1024.jpg\" alt=\"\" class=\"wp-image-16300\" srcset=\"https:\/\/conadi.gob.gt\/web\/wp-content\/uploads\/2024\/11\/mensajero-2024-02-819x1024.jpg 819w, https:\/\/conadi.gob.gt\/web\/wp-content\/uploads\/2024\/11\/mensajero-2024-02-240x300.jpg 240w, https:\/\/conadi.gob.gt\/web\/wp-content\/uploads\/2024\/11\/mensajero-2024-02-768x960.jpg 768w, https:\/\/conadi.gob.gt\/web\/wp-content\/uploads\/2024\/11\/mensajero-2024-02-scaled.jpg 2048w\" sizes=\"auto, (max-width: 819px) 100vw, 819px\" \/><\/figure>\n\n\n\n<figure class=\"wp-block-image size-large\"><img loading=\"lazy\" decoding=\"async\" width=\"819\" height=\"1024\" data-id=\"16301\" src=\"https:\/\/conadi.gob.gt\/web\/wp-content\/uploads\/2024\/11\/mensajero-2024-03-819x1024.jpg\" alt=\"\" class=\"wp-image-16301\" srcset=\"https:\/\/conadi.gob.gt\/web\/wp-content\/uploads\/2024\/11\/mensajero-2024-03-819x1024.jpg 819w, https:\/\/conadi.gob.gt\/web\/wp-content\/uploads\/2024\/11\/mensajero-2024-03-240x300.jpg 240w, https:\/\/conadi.gob.gt\/web\/wp-content\/uploads\/2024\/11\/mensajero-2024-03-768x960.jpg 768w, https:\/\/conadi.gob.gt\/web\/wp-content\/uploads\/2024\/11\/mensajero-2024-03-scaled.jpg 2048w\" sizes=\"auto, (max-width: 819px) 100vw, 819px\" \/><\/figure>\n<\/figure>\n\n\n\n<h3 class=\"wp-block-heading\"><strong>Bases para Postulaci\u00f3n de la Persona a Homenajear en el Marco del 3 de Diciembre, D\u00eda Internacional de las Personas con Discapacidad,<\/strong> <strong>2024<\/strong><\/h3>\n\n\n\n<p>El Consejo Nacional para la Atenci\u00f3n de las Personas con Discapacidad \u2013CONADI-, convoca a la postulaci\u00f3n de candidatos a homenajear en el marco del 03 de diciembre, D\u00eda Internacional de las Personas con Discapacidad. Se otorgara la siguiente distinci\u00f3n:<\/p>\n\n\n\n<h3 class=\"wp-block-heading\"><strong>Mensajero de la paz<\/strong><\/h3>\n\n\n\n<p>El homenajeado, se seleccionar\u00e1 de acuerdo con las siguientes bases:<\/p>\n\n\n\n<ul class=\"wp-block-list\">\n<li><strong>De los Participantes: <\/strong>Podr\u00e1n participar todas las personas en condici\u00f3n de\u00a0 discapacidad que a criterio de organizaciones e instituciones vinculadas a la tem\u00e1tica de discapacidad, merezcan ser distinguidas y reconocidas por sus aportes en la promoci\u00f3n y defensa de los derechos de las personas con discapacidad,\u00a0cuya labor sea notable por su contribuci\u00f3n en los programas y pol\u00edticas de educaci\u00f3n, deportes, cultura, salud, desarrollo de las organizaciones representativas\u00a0 de las\u00a0 personas con discapacidad, rehabilitaci\u00f3n y equiparaci\u00f3n de derechos de este colectivo.<\/li>\n<\/ul>\n\n\n\n<ul class=\"wp-block-list\">\n<li><strong>De los Postulantes:<\/strong> Podr\u00e1n postular candidatos las organizaciones de personas con\u00a0 discapacidad de todo el territorio nacional, instituciones p\u00fablicas y privadas\u00a0 prestadoras de servicios a la poblaci\u00f3n con discapacidad\u00a0e instituciones de derechos humanos.<\/li>\n<\/ul>\n\n\n\n<ul class=\"wp-block-list\">\n<li><strong>De la Forma de Postulaci\u00f3n:<\/strong> Se har\u00e1 por escrito en nota dirigida a la Direcci\u00f3n General del\u00a0Consejo Nacional para la Atenci\u00f3n de las Personas con Discapacidad, acompa\u00f1ando a la nota, la hoja de vida\u00a0 completa de la persona postulada, la que debe estar\u00a0 contenida en hojas tama\u00f1o carta y escritas a rengl\u00f3n abierto. En la carta de propuesta, debe indicarse con claridad los motivos por los cuales se postula a los candidatos.<\/li>\n<\/ul>\n\n\n\n<ul class=\"wp-block-list\">\n<li><strong>Fecha de recepci\u00f3n de las propuestas:<\/strong> Las propuestas de candidatos se estar\u00e1n recibiendo a m\u00e1s tardar el <strong>04 de noviembre de 2024<\/strong> en las instalaciones del CONADI,\u00a0 en horario de 8:00 a 16:00, en forma personal o al correo electr\u00f3nico: <a href=\"mailto:participacionciudadana.conadi@gmail.com\">participacionciudadana.conadi@gmail.com<\/a>.<\/li>\n<\/ul>\n\n\n\n<ul class=\"wp-block-list\">\n<li><strong>De las Personas Seleccionadas:<\/strong> Se seleccionar\u00e1 una persona para ser declarada como Mensajero de la Paz. La persona elegida ser\u00e1 notificada inmediatamente, a fin que cuenten con el tiempo suficiente para prepararse\u00a0 y participar en el acto que\u00a0 ser\u00e1 dado en su honor.<\/li>\n<\/ul>\n\n\n\n<ul class=\"wp-block-list\">\n<li><strong>De los Criterios de Selecci\u00f3n:<\/strong> \n<ul class=\"wp-block-list\">\n<li>No se establece l\u00edmite de edad para ser declarado como Mensajero (a) de la paz<\/li>\n\n\n\n<li>La persona, deber\u00e1 ser propuesta por una organizaci\u00f3n o instituci\u00f3n p\u00fablica o privada vinculada a la tem\u00e1tica de discapacidad en el territorio nacional o entidades afines.<\/li>\n\n\n\n<li>La persona propuesta, deber\u00e1 presentar evidencias de 2 a\u00f1os o m\u00e1s de la\u00a0 labor a las pol\u00edticas y programas de educaci\u00f3n, deporte, cultura, salud, rehabilitaci\u00f3n, equiparaci\u00f3n y defensa\u00a0 de derechos de las personas con discapacidad,\u00a0 desarrollo de las organizaciones representativas\u00a0 de personas con discapacidad y sus familias y\/o si los tuviere, m\u00e9ritos acad\u00e9micos o reconocimiento (diplomas, t\u00edtulos, distinciones honorificas, \u00a0estudios, investigaciones) de su buen trabajo en la promoci\u00f3n de los derechos de las personas con discapacidad.<\/li>\n\n\n\n<li>Ser personas de reconocida honorabilidad.<\/li>\n<\/ul>\n<\/li>\n<\/ul>\n\n\n\n<ul class=\"wp-block-list\">\n<li><strong>Selecci\u00f3n del candidato:<\/strong><\/li>\n<\/ul>\n\n\n\n<p>La Direcci\u00f3n T\u00e9cnica, realizar\u00e1 la revisi\u00f3n de los expedientes elaborar\u00e1 un dictamen por cada postulaci\u00f3n y los remitir\u00e1 a Direcci\u00f3n General.<\/p>\n\n\n\n<p>&nbsp;Direcci\u00f3n General, lo har\u00e1 llegar a la Junta Directiva quien realizar\u00e1 la calificaci\u00f3n de los mismos y elegir\u00e1 al ganador.&nbsp; La Direcci\u00f3n General notificar\u00e1 al ganador, a trav\u00e9s de Comunicaci\u00f3n Social del CONADI, instancia que coordinar\u00e1 la difusi\u00f3n del nombre del ganador a trav\u00e9s de los distintos medios de comunicaci\u00f3n que el CONADI tiene a su alcance.<\/p>\n\n\n\n<p>De no existir m\u00e1s de 2 personas postuladas, la Junta Directiva declarar\u00e1 desierto el concurso as\u00ed mismo en el caso que ninguno de los postulantes cumpla con el perfil previsto, la Junta Directiva podr\u00e1 designar a las persona a homenajear.<\/p>\n\n\n\n<ul class=\"wp-block-list\">\n<li><strong>De la\u00a0 Premiaci\u00f3n<\/strong>: La persona que sea homenajeada como Mensajero de la Paz, participar\u00e1 en el acto conmemorativo del 03 de diciembre.<\/li>\n<\/ul>\n\n\n\n<p>El CONADI otorgar\u00e1 al ganador de Mensajero de la Paz una plaqueta de reconocimiento,\u00a0el CONADI realizar\u00e1 difusi\u00f3n del nombre del ganador\u00a0 a trav\u00e9s de los distintos medios de comunicaci\u00f3n que el CONADI tiene a su alcance.<\/p>\n\n\n\n<figure class=\"wp-block-gallery has-nested-images columns-default is-cropped wp-block-gallery-2 is-layout-flex wp-block-gallery-is-layout-flex\">\n<figure class=\"wp-block-image size-large\"><img loading=\"lazy\" decoding=\"async\" width=\"819\" height=\"1024\" data-id=\"16296\" src=\"https:\/\/conadi.gob.gt\/web\/wp-content\/uploads\/2024\/11\/mensajero-2024-04-819x1024.jpg\" alt=\"\" class=\"wp-image-16296\" srcset=\"https:\/\/conadi.gob.gt\/web\/wp-content\/uploads\/2024\/11\/mensajero-2024-04-819x1024.jpg 819w, https:\/\/conadi.gob.gt\/web\/wp-content\/uploads\/2024\/11\/mensajero-2024-04-240x300.jpg 240w, https:\/\/conadi.gob.gt\/web\/wp-content\/uploads\/2024\/11\/mensajero-2024-04-768x960.jpg 768w, https:\/\/conadi.gob.gt\/web\/wp-content\/uploads\/2024\/11\/mensajero-2024-04-1229x1536.jpg 1229w, https:\/\/conadi.gob.gt\/web\/wp-content\/uploads\/2024\/11\/mensajero-2024-04-1638x2048.jpg 1638w, https:\/\/conadi.gob.gt\/web\/wp-content\/uploads\/2024\/11\/mensajero-2024-04-2000x2500.jpg 2000w, https:\/\/conadi.gob.gt\/web\/wp-content\/uploads\/2024\/11\/mensajero-2024-04-scaled.jpg 2048w\" sizes=\"auto, (max-width: 819px) 100vw, 819px\" \/><\/figure>\n\n\n\n<figure class=\"wp-block-image size-large\"><img loading=\"lazy\" decoding=\"async\" width=\"819\" height=\"1024\" data-id=\"16294\" src=\"https:\/\/conadi.gob.gt\/web\/wp-content\/uploads\/2024\/11\/mensajero-2024-05-819x1024.jpg\" alt=\"\" class=\"wp-image-16294\" srcset=\"https:\/\/conadi.gob.gt\/web\/wp-content\/uploads\/2024\/11\/mensajero-2024-05-819x1024.jpg 819w, https:\/\/conadi.gob.gt\/web\/wp-content\/uploads\/2024\/11\/mensajero-2024-05-240x300.jpg 240w, https:\/\/conadi.gob.gt\/web\/wp-content\/uploads\/2024\/11\/mensajero-2024-05-768x960.jpg 768w, https:\/\/conadi.gob.gt\/web\/wp-content\/uploads\/2024\/11\/mensajero-2024-05-1229x1536.jpg 1229w, https:\/\/conadi.gob.gt\/web\/wp-content\/uploads\/2024\/11\/mensajero-2024-05-1638x2048.jpg 1638w, https:\/\/conadi.gob.gt\/web\/wp-content\/uploads\/2024\/11\/mensajero-2024-05-2000x2500.jpg 2000w, https:\/\/conadi.gob.gt\/web\/wp-content\/uploads\/2024\/11\/mensajero-2024-05-scaled.jpg 2048w\" sizes=\"auto, (max-width: 819px) 100vw, 819px\" \/><\/figure>\n\n\n\n<figure class=\"wp-block-image size-large\"><img loading=\"lazy\" decoding=\"async\" width=\"819\" height=\"1024\" data-id=\"16298\" src=\"https:\/\/conadi.gob.gt\/web\/wp-content\/uploads\/2024\/11\/mensajero-2024-06-819x1024.jpg\" alt=\"\" class=\"wp-image-16298\" srcset=\"https:\/\/conadi.gob.gt\/web\/wp-content\/uploads\/2024\/11\/mensajero-2024-06-819x1024.jpg 819w, https:\/\/conadi.gob.gt\/web\/wp-content\/uploads\/2024\/11\/mensajero-2024-06-240x300.jpg 240w, https:\/\/conadi.gob.gt\/web\/wp-content\/uploads\/2024\/11\/mensajero-2024-06-768x960.jpg 768w, https:\/\/conadi.gob.gt\/web\/wp-content\/uploads\/2024\/11\/mensajero-2024-06-1229x1536.jpg 1229w, https:\/\/conadi.gob.gt\/web\/wp-content\/uploads\/2024\/11\/mensajero-2024-06-1638x2048.jpg 1638w, https:\/\/conadi.gob.gt\/web\/wp-content\/uploads\/2024\/11\/mensajero-2024-06-2000x2500.jpg 2000w, https:\/\/conadi.gob.gt\/web\/wp-content\/uploads\/2024\/11\/mensajero-2024-06-scaled.jpg 2048w\" sizes=\"auto, (max-width: 819px) 100vw, 819px\" \/><\/figure>\n\n\n\n<figure class=\"wp-block-image size-large\"><img loading=\"lazy\" decoding=\"async\" width=\"819\" height=\"1024\" data-id=\"16297\" src=\"https:\/\/conadi.gob.gt\/web\/wp-content\/uploads\/2024\/11\/mensajero-2024-07-819x1024.jpg\" alt=\"\" class=\"wp-image-16297\" srcset=\"https:\/\/conadi.gob.gt\/web\/wp-content\/uploads\/2024\/11\/mensajero-2024-07-819x1024.jpg 819w, https:\/\/conadi.gob.gt\/web\/wp-content\/uploads\/2024\/11\/mensajero-2024-07-240x300.jpg 240w, https:\/\/conadi.gob.gt\/web\/wp-content\/uploads\/2024\/11\/mensajero-2024-07-768x960.jpg 768w, https:\/\/conadi.gob.gt\/web\/wp-content\/uploads\/2024\/11\/mensajero-2024-07-1229x1536.jpg 1229w, https:\/\/conadi.gob.gt\/web\/wp-content\/uploads\/2024\/11\/mensajero-2024-07-1638x2048.jpg 1638w, https:\/\/conadi.gob.gt\/web\/wp-content\/uploads\/2024\/11\/mensajero-2024-07-2000x2500.jpg 2000w, https:\/\/conadi.gob.gt\/web\/wp-content\/uploads\/2024\/11\/mensajero-2024-07-scaled.jpg 2048w\" sizes=\"auto, (max-width: 819px) 100vw, 819px\" \/><\/figure>\n\n\n\n<figure class=\"wp-block-image size-large\"><img loading=\"lazy\" decoding=\"async\" width=\"819\" height=\"1024\" data-id=\"16295\" src=\"https:\/\/conadi.gob.gt\/web\/wp-content\/uploads\/2024\/11\/mensajero-2024-08-819x1024.jpg\" alt=\"\" class=\"wp-image-16295\" srcset=\"https:\/\/conadi.gob.gt\/web\/wp-content\/uploads\/2024\/11\/mensajero-2024-08-819x1024.jpg 819w, https:\/\/conadi.gob.gt\/web\/wp-content\/uploads\/2024\/11\/mensajero-2024-08-240x300.jpg 240w, https:\/\/conadi.gob.gt\/web\/wp-content\/uploads\/2024\/11\/mensajero-2024-08-768x960.jpg 768w, https:\/\/conadi.gob.gt\/web\/wp-content\/uploads\/2024\/11\/mensajero-2024-08-1229x1536.jpg 1229w, https:\/\/conadi.gob.gt\/web\/wp-content\/uploads\/2024\/11\/mensajero-2024-08-1638x2048.jpg 1638w, https:\/\/conadi.gob.gt\/web\/wp-content\/uploads\/2024\/11\/mensajero-2024-08-2000x2500.jpg 2000w, https:\/\/conadi.gob.gt\/web\/wp-content\/uploads\/2024\/11\/mensajero-2024-08-scaled.jpg 2048w\" sizes=\"auto, (max-width: 819px) 100vw, 819px\" \/><\/figure>\n<\/figure>\n\n\n\n<div class=\"wp-block-file\"><a id=\"wp-block-file--media-223af7bc-fcb7-4ccc-8577-693947e37bb7\" href=\"https:\/\/conadi.gob.gt\/web\/wp-content\/uploads\/2024\/11\/Bases-de-Postulacion-Mensajero-de-la-Paz-actualizado-1.docx\">Bases-de-Postulacion-Mensajero-de-la-Paz-actualizado-1<\/a><a href=\"https:\/\/conadi.gob.gt\/web\/wp-content\/uploads\/2024\/11\/Bases-de-Postulacion-Mensajero-de-la-Paz-actualizado-1.docx\" class=\"wp-block-file__button wp-element-button\" download aria-describedby=\"wp-block-file--media-223af7bc-fcb7-4ccc-8577-693947e37bb7\">Descarga<\/a><\/div>\n\n\n\n<div class=\"wp-block-file\"><a id=\"wp-block-file--media-0d11e413-768b-4174-912a-ee98c5ae0c5e\" href=\"https:\/\/conadi.gob.gt\/web\/wp-content\/uploads\/2024\/11\/CONVOCATORIA-MENSAJERO-DE-LA-PAZ-2024-2.docx\">CONVOCATORIA-MENSAJERO-DE-LA-PAZ-2024-2<\/a><a href=\"https:\/\/conadi.gob.gt\/web\/wp-content\/uploads\/2024\/11\/CONVOCATORIA-MENSAJERO-DE-LA-PAZ-2024-2.docx\" class=\"wp-block-file__button wp-element-button\" download aria-describedby=\"wp-block-file--media-0d11e413-768b-4174-912a-ee98c5ae0c5e\">Descarga<\/a><\/div>\n<div class=\"pvc_clear\"><\/div><p id=\"pvc_stats_16281\" class=\"pvc_stats all  \" data-element-id=\"16281\" style=\"\"><i class=\"pvc-stats-icon medium\" aria-hidden=\"true\"><svg aria-hidden=\"true\" focusable=\"false\" data-prefix=\"far\" data-icon=\"chart-bar\" role=\"img\" xmlns=\"http:\/\/www.w3.org\/2000\/svg\" viewBox=\"0 0 512 512\" class=\"svg-inline--fa fa-chart-bar fa-w-16 fa-2x\"><path fill=\"currentColor\" d=\"M396.8 352h22.4c6.4 0 12.8-6.4 12.8-12.8V108.8c0-6.4-6.4-12.8-12.8-12.8h-22.4c-6.4 0-12.8 6.4-12.8 12.8v230.4c0 6.4 6.4 12.8 12.8 12.8zm-192 0h22.4c6.4 0 12.8-6.4 12.8-12.8V140.8c0-6.4-6.4-12.8-12.8-12.8h-22.4c-6.4 0-12.8 6.4-12.8 12.8v198.4c0 6.4 6.4 12.8 12.8 12.8zm96 0h22.4c6.4 0 12.8-6.4 12.8-12.8V204.8c0-6.4-6.4-12.8-12.8-12.8h-22.4c-6.4 0-12.8 6.4-12.8 12.8v134.4c0 6.4 6.4 12.8 12.8 12.8zM496 400H48V80c0-8.84-7.16-16-16-16H16C7.16 64 0 71.16 0 80v336c0 17.67 14.33 32 32 32h464c8.84 0 16-7.16 16-16v-16c0-8.84-7.16-16-16-16zm-387.2-48h22.4c6.4 0 12.8-6.4 12.8-12.8v-70.4c0-6.4-6.4-12.8-12.8-12.8h-22.4c-6.4 0-12.8 6.4-12.8 12.8v70.4c0 6.4 6.4 12.8 12.8 12.8z\" class=\"\"><\/path><\/svg><\/i> <img loading=\"lazy\" decoding=\"async\" width=\"16\" height=\"16\" alt=\"Loading\" src=\"https:\/\/conadi.gob.gt\/web\/wp-content\/plugins\/page-views-count\/ajax-loader-2x.gif\" border=0 \/><\/p><div class=\"pvc_clear\"><\/div>","protected":false},"excerpt":{"rendered":"<p>CONVOCATORIA A POSTULAR CANDIDATOS A: MENSAJERO DE LA PAZ 2024, EN CONMEMORACI\u00d3N DEL D\u00cdA INTERNACIONAL DE LAS PERSONAS CON DISCAPACIDAD El Consejo Nacional para la Atenci\u00f3n de las Personas con Discapacidad (CONADI), convoca a las organizaciones de personas con discapacidad de todo el territorio nacional, instituciones p\u00fablicas y privadas, prestadoras de servicios a la poblaci\u00f3n &hellip; <\/p>\n<p class=\"link-more\"><a href=\"https:\/\/conadi.gob.gt\/web\/mensajero-de-la-paz\/\" class=\"more-link\">Leer m\u00e1s<span class=\"screen-reader-text\"> \u00abMensajero de la Paz 2024\u00bb<\/span><\/a><\/p>\n<div class=\"pvc_clear\"><\/div>\n<p id=\"pvc_stats_16281\" class=\"pvc_stats all  \" data-element-id=\"16281\" style=\"\"><i class=\"pvc-stats-icon medium\" aria-hidden=\"true\"><svg aria-hidden=\"true\" focusable=\"false\" data-prefix=\"far\" data-icon=\"chart-bar\" role=\"img\" xmlns=\"http:\/\/www.w3.org\/2000\/svg\" viewBox=\"0 0 512 512\" class=\"svg-inline--fa fa-chart-bar fa-w-16 fa-2x\"><path fill=\"currentColor\" d=\"M396.8 352h22.4c6.4 0 12.8-6.4 12.8-12.8V108.8c0-6.4-6.4-12.8-12.8-12.8h-22.4c-6.4 0-12.8 6.4-12.8 12.8v230.4c0 6.4 6.4 12.8 12.8 12.8zm-192 0h22.4c6.4 0 12.8-6.4 12.8-12.8V140.8c0-6.4-6.4-12.8-12.8-12.8h-22.4c-6.4 0-12.8 6.4-12.8 12.8v198.4c0 6.4 6.4 12.8 12.8 12.8zm96 0h22.4c6.4 0 12.8-6.4 12.8-12.8V204.8c0-6.4-6.4-12.8-12.8-12.8h-22.4c-6.4 0-12.8 6.4-12.8 12.8v134.4c0 6.4 6.4 12.8 12.8 12.8zM496 400H48V80c0-8.84-7.16-16-16-16H16C7.16 64 0 71.16 0 80v336c0 17.67 14.33 32 32 32h464c8.84 0 16-7.16 16-16v-16c0-8.84-7.16-16-16-16zm-387.2-48h22.4c6.4 0 12.8-6.4 12.8-12.8v-70.4c0-6.4-6.4-12.8-12.8-12.8h-22.4c-6.4 0-12.8 6.4-12.8 12.8v70.4c0 6.4 6.4 12.8 12.8 12.8z\" class=\"\"><\/path><\/svg><\/i> <img loading=\"lazy\" decoding=\"async\" width=\"16\" height=\"16\" alt=\"Loading\" src=\"https:\/\/conadi.gob.gt\/web\/wp-content\/plugins\/page-views-count\/ajax-loader-2x.gif\" border=0 \/><\/p>\n<div class=\"pvc_clear\"><\/div>\n","protected":false},"author":41,"featured_media":0,"parent":0,"menu_order":0,"comment_status":"closed","ping_status":"closed","template":"","meta":{"inspiro_hide_title":false,"footnotes":""},"class_list":["post-16281","page","type-page","status-publish","hentry"],"_links":{"self":[{"href":"https:\/\/conadi.gob.gt\/web\/wp-json\/wp\/v2\/pages\/16281","targetHints":{"allow":["GET"]}}],"collection":[{"href":"https:\/\/conadi.gob.gt\/web\/wp-json\/wp\/v2\/pages"}],"about":[{"href":"https:\/\/conadi.gob.gt\/web\/wp-json\/wp\/v2\/types\/page"}],"author":[{"embeddable":true,"href":"https:\/\/conadi.gob.gt\/web\/wp-json\/wp\/v2\/users\/41"}],"replies":[{"embeddable":true,"href":"https:\/\/conadi.gob.gt\/web\/wp-json\/wp\/v2\/comments?post=16281"}],"version-history":[{"count":3,"href":"https:\/\/conadi.gob.gt\/web\/wp-json\/wp\/v2\/pages\/16281\/revisions"}],"predecessor-version":[{"id":16306,"href":"https:\/\/conadi.gob.gt\/web\/wp-json\/wp\/v2\/pages\/16281\/revisions\/16306"}],"wp:attachment":[{"href":"https:\/\/conadi.gob.gt\/web\/wp-json\/wp\/v2\/media?parent=16281"}],"curies":[{"name":"wp","href":"https:\/\/api.w.org\/{rel}","templated":true}]}}