{"id":4,"date":"2015-05-20T17:40:47","date_gmt":"2015-05-20T17:40:47","guid":{"rendered":"http:\/\/conadi.gob.gt\/web\/?page_id=4"},"modified":"2026-03-27T19:03:27","modified_gmt":"2026-03-27T19:03:27","slug":"home-page","status":"publish","type":"page","link":"https:\/\/conadi.gob.gt\/web\/","title":{"rendered":"CONADI GUATEMALA"},"content":{"rendered":"<div class=\"carousel-slider-outer carousel-slider-outer-post-carousel carousel-slider-outer-10015\" style=\"--carousel-slider-nav-color:#1e73be;--carousel-slider-active-nav-color:#00d1b2;--carousel-slider-arrow-size:48px;--carousel-slider-bullet-size:10px\">\n<div id=\"&#039;id-10015\" class=\"carousel-slider carousel-slider-10015 arrows-visibility-always dots-visibility-always arrows-outside dots-center dots-square owl-carousel\" data-slide-type=\"post-carousel\" data-owl-settings='{\"nav\":true,\"dots\":true,\"slideBy\":1,\"stagePadding\":0,\"margin\":10,\"loop\":true,\"lazyLoad\":true,\"autoplay\":true,\"autoplayTimeout\":5000,\"autoplaySpeed\":500,\"autoplayHoverPause\":false,\"autoWidth\":false,\"responsive\":{\"300\":{\"items\":1},\"576\":{\"items\":2},\"768\":{\"items\":2},\"1024\":{\"items\":3},\"1280\":{\"items\":4},\"1536\":{\"items\":5}}}'>\n<div class=\"carousel-slider__post\">\n\t<div class=\"carousel-slider__post-content\">\n\t\t<div class=\"carousel-slider__post-header\">\n\t\t\t<a class=\"carousel-slider__post-image\" href=\"https:\/\/conadi.gob.gt\/web\/presentan-resultados-del-proyecto-alimentaccion\/\" style=\"background-image: url(https:\/\/conadi.gob.gt\/web\/wp-content\/uploads\/2026\/04\/IMG_9027-scaled-950x320.jpg)\"><\/a>\t\t\t<a class=\"carousel-slider__post-title\" href=\"https:\/\/conadi.gob.gt\/web\/presentan-resultados-del-proyecto-alimentaccion\/\">\n\t\t\t\t<h2>PRESENTAN RESULTADOS DEL PROYECTO ALIMENTACCI\u00d3N<\/h2>\n\t\t\t<\/a>\n\t\t<\/div>\n\t\t<div class=\"carousel-slider__post-excerpt\">\n\t\t\tDespu\u00e9s de 36 meses de trabajo sostenido, el Proyecto AlimentAcci\u00f3n dio por cerradas sus actividades. Durante una presentaci\u00f3n realizada en ...\t\t<\/div>\n\t\t<footer class=\"carousel-slider__post-meta\">\n\t\t\t<div class=\"carousel-slider__post-publication-meta\">\n\t\t\t\t<div class=\"carousel-slider__post-details-info\">\n\t\t\t\t\t<div class=\"carousel-slider__post-author\">\n\t\t\t\t\t\t<a class=\"carousel-slider__post-author-link\"\n\t\t\t\t\t\t   href=\"https:\/\/conadi.gob.gt\/web\/author\/tecnicoredes\/\">\n\t\t\t\t\t\t\tComunicaci\u00f3n Social\t\t\t\t\t\t<\/a>\n\t\t\t\t\t<\/div>\n\t\t\t\t\t<time class=\"carousel-slider__post-publication-date\"\n\t\t\t\t\t\t  datetime=\"2026-04-21T15:52:53+00:00\">\n\t\t\t\t\t\tAbr 21, 2026\t\t\t\t\t<\/time>\n\t\t\t\t<\/div>\n\t\t\t<\/div>\n\t\t\t\t\t\t\t<div class=\"carousel-slider__post-category\">\n\t\t\t\t\t<a class=\"carousel-slider__post-category-link\"\n\t\t\t\t\t   href=\"https:\/\/conadi.gob.gt\/web\/category\/noticias\/\">\n\t\t\t\t\t\tNoticias\t\t\t\t\t<\/a>\n\t\t\t\t<\/div>\n\t\t\t\t\t<\/footer>\n\t<\/div>\n<\/div>\n<div class=\"carousel-slider__post\">\n\t<div class=\"carousel-slider__post-content\">\n\t\t<div class=\"carousel-slider__post-header\">\n\t\t\t<a class=\"carousel-slider__post-image\" href=\"https:\/\/conadi.gob.gt\/web\/inician-los-registros-municipales-de-personas-con-discapacidad\/\" style=\"background-image: url(https:\/\/conadi.gob.gt\/web\/wp-content\/uploads\/2026\/04\/WhatsApp-Image-2026-04-21-at-09.29.57-950x320.jpeg)\"><\/a>\t\t\t<a class=\"carousel-slider__post-title\" href=\"https:\/\/conadi.gob.gt\/web\/inician-los-registros-municipales-de-personas-con-discapacidad\/\">\n\t\t\t\t<h2>INICIAN LOS REGISTROS MUNICIPALES DE PERSONAS CON DISCAPACIDAD<\/h2>\n\t\t\t<\/a>\n\t\t<\/div>\n\t\t<div class=\"carousel-slider__post-excerpt\">\n\t\t\tLa alianza institucional para fortalecer los registros municipales de personas con discapacidad ha iniciado en los municipios de Pueblo Nuevo ...\t\t<\/div>\n\t\t<footer class=\"carousel-slider__post-meta\">\n\t\t\t<div class=\"carousel-slider__post-publication-meta\">\n\t\t\t\t<div class=\"carousel-slider__post-details-info\">\n\t\t\t\t\t<div class=\"carousel-slider__post-author\">\n\t\t\t\t\t\t<a class=\"carousel-slider__post-author-link\"\n\t\t\t\t\t\t   href=\"https:\/\/conadi.gob.gt\/web\/author\/tecnicoredes\/\">\n\t\t\t\t\t\t\tComunicaci\u00f3n Social\t\t\t\t\t\t<\/a>\n\t\t\t\t\t<\/div>\n\t\t\t\t\t<time class=\"carousel-slider__post-publication-date\"\n\t\t\t\t\t\t  datetime=\"2026-04-21T15:38:10+00:00\">\n\t\t\t\t\t\tAbr 21, 2026\t\t\t\t\t<\/time>\n\t\t\t\t<\/div>\n\t\t\t<\/div>\n\t\t\t\t\t\t\t<div class=\"carousel-slider__post-category\">\n\t\t\t\t\t<a class=\"carousel-slider__post-category-link\"\n\t\t\t\t\t   href=\"https:\/\/conadi.gob.gt\/web\/category\/noticias\/\">\n\t\t\t\t\t\tNoticias\t\t\t\t\t<\/a>\n\t\t\t\t<\/div>\n\t\t\t\t\t<\/footer>\n\t<\/div>\n<\/div>\n<div class=\"carousel-slider__post\">\n\t<div class=\"carousel-slider__post-content\">\n\t\t<div class=\"carousel-slider__post-header\">\n\t\t\t<a class=\"carousel-slider__post-image\" href=\"https:\/\/conadi.gob.gt\/web\/conadi-reconoce-a-lideresas\/\" style=\"background-image: url(https:\/\/conadi.gob.gt\/web\/wp-content\/uploads\/2026\/03\/IMG_8532-950x320.jpg)\"><\/a>\t\t\t<a class=\"carousel-slider__post-title\" href=\"https:\/\/conadi.gob.gt\/web\/conadi-reconoce-a-lideresas\/\">\n\t\t\t\t<h2>CONADI RECONOCE A LIDERESAS<\/h2>\n\t\t\t<\/a>\n\t\t<\/div>\n\t\t<div class=\"carousel-slider__post-excerpt\">\n\t\t\tEn el marco de la conmemoraci\u00f3n del D\u00eda Internacional de la Mujer, el CONADI, reafirm\u00f3 su compromiso con la igualdad, ...\t\t<\/div>\n\t\t<footer class=\"carousel-slider__post-meta\">\n\t\t\t<div class=\"carousel-slider__post-publication-meta\">\n\t\t\t\t<div class=\"carousel-slider__post-details-info\">\n\t\t\t\t\t<div class=\"carousel-slider__post-author\">\n\t\t\t\t\t\t<a class=\"carousel-slider__post-author-link\"\n\t\t\t\t\t\t   href=\"https:\/\/conadi.gob.gt\/web\/author\/tecnicoredes\/\">\n\t\t\t\t\t\t\tComunicaci\u00f3n Social\t\t\t\t\t\t<\/a>\n\t\t\t\t\t<\/div>\n\t\t\t\t\t<time class=\"carousel-slider__post-publication-date\"\n\t\t\t\t\t\t  datetime=\"2026-03-20T22:51:21+00:00\">\n\t\t\t\t\t\tMar 20, 2026\t\t\t\t\t<\/time>\n\t\t\t\t<\/div>\n\t\t\t<\/div>\n\t\t\t\t\t\t\t<div class=\"carousel-slider__post-category\">\n\t\t\t\t\t<a class=\"carousel-slider__post-category-link\"\n\t\t\t\t\t   href=\"https:\/\/conadi.gob.gt\/web\/category\/noticias\/\">\n\t\t\t\t\t\tNoticias\t\t\t\t\t<\/a>\n\t\t\t\t<\/div>\n\t\t\t\t\t<\/footer>\n\t<\/div>\n<\/div>\n<div class=\"carousel-slider__post\">\n\t<div class=\"carousel-slider__post-content\">\n\t\t<div class=\"carousel-slider__post-header\">\n\t\t\t<a class=\"carousel-slider__post-image\" href=\"https:\/\/conadi.gob.gt\/web\/conadi-impulsa-restructuracion-de-codedis-2026\/\" style=\"background-image: url(https:\/\/conadi.gob.gt\/web\/wp-content\/uploads\/2026\/03\/DSC_0369-950x320.jpg)\"><\/a>\t\t\t<a class=\"carousel-slider__post-title\" href=\"https:\/\/conadi.gob.gt\/web\/conadi-impulsa-restructuracion-de-codedis-2026\/\">\n\t\t\t\t<h2>CONADI Impulsa Restructuraci\u00f3n de CODEDIS 2026<\/h2>\n\t\t\t<\/a>\n\t\t<\/div>\n\t\t<div class=\"carousel-slider__post-excerpt\">\n\t\t\tDel 2 al 5 de marzo el CONADI llevo acabo la coordinaci\u00f3n de Asamblea de Comisiones Departamentales de Discapacidad (CODEDIS), ...\t\t<\/div>\n\t\t<footer class=\"carousel-slider__post-meta\">\n\t\t\t<div class=\"carousel-slider__post-publication-meta\">\n\t\t\t\t<div class=\"carousel-slider__post-details-info\">\n\t\t\t\t\t<div class=\"carousel-slider__post-author\">\n\t\t\t\t\t\t<a class=\"carousel-slider__post-author-link\"\n\t\t\t\t\t\t   href=\"https:\/\/conadi.gob.gt\/web\/author\/comuprensatec\/\">\n\t\t\t\t\t\t\tComunicaci\u00f3n Social\t\t\t\t\t\t<\/a>\n\t\t\t\t\t<\/div>\n\t\t\t\t\t<time class=\"carousel-slider__post-publication-date\"\n\t\t\t\t\t\t  datetime=\"2026-03-11T21:56:55+00:00\">\n\t\t\t\t\t\tMar 11, 2026\t\t\t\t\t<\/time>\n\t\t\t\t<\/div>\n\t\t\t<\/div>\n\t\t\t\t\t\t\t<div class=\"carousel-slider__post-category\">\n\t\t\t\t\t<a class=\"carousel-slider__post-category-link\"\n\t\t\t\t\t   href=\"https:\/\/conadi.gob.gt\/web\/category\/noticias\/\">\n\t\t\t\t\t\tNoticias\t\t\t\t\t<\/a>\n\t\t\t\t<\/div>\n\t\t\t\t\t<\/footer>\n\t<\/div>\n<\/div>\n<div class=\"carousel-slider__post\">\n\t<div class=\"carousel-slider__post-content\">\n\t\t<div class=\"carousel-slider__post-header\">\n\t\t\t<a class=\"carousel-slider__post-image\" href=\"https:\/\/conadi.gob.gt\/web\/jornada-de-trabajo-junto-a-organizaciones\/\" style=\"background-image: url(https:\/\/conadi.gob.gt\/web\/wp-content\/uploads\/2026\/02\/05-950x320.jpg)\"><\/a>\t\t\t<a class=\"carousel-slider__post-title\" href=\"https:\/\/conadi.gob.gt\/web\/jornada-de-trabajo-junto-a-organizaciones\/\">\n\t\t\t\t<h2>Jornada de Trabajo Junto a Organizaciones<\/h2>\n\t\t\t<\/a>\n\t\t<\/div>\n\t\t<div class=\"carousel-slider__post-excerpt\">\n\t\t\tEn el departamento de Quetzaltenango se desarroll\u00f3 una jornada de trabajo junto a organizaciones de y para personas con discapacidad, ...\t\t<\/div>\n\t\t<footer class=\"carousel-slider__post-meta\">\n\t\t\t<div class=\"carousel-slider__post-publication-meta\">\n\t\t\t\t<div class=\"carousel-slider__post-details-info\">\n\t\t\t\t\t<div class=\"carousel-slider__post-author\">\n\t\t\t\t\t\t<a class=\"carousel-slider__post-author-link\"\n\t\t\t\t\t\t   href=\"https:\/\/conadi.gob.gt\/web\/author\/comuprensatec\/\">\n\t\t\t\t\t\t\tComunicaci\u00f3n Social\t\t\t\t\t\t<\/a>\n\t\t\t\t\t<\/div>\n\t\t\t\t\t<time class=\"carousel-slider__post-publication-date\"\n\t\t\t\t\t\t  datetime=\"2026-02-26T16:38:00+00:00\">\n\t\t\t\t\t\tFeb 26, 2026\t\t\t\t\t<\/time>\n\t\t\t\t<\/div>\n\t\t\t<\/div>\n\t\t\t\t\t\t\t<div class=\"carousel-slider__post-category\">\n\t\t\t\t\t<a class=\"carousel-slider__post-category-link\"\n\t\t\t\t\t   href=\"https:\/\/conadi.gob.gt\/web\/category\/noticias\/\">\n\t\t\t\t\t\tNoticias\t\t\t\t\t<\/a>\n\t\t\t\t<\/div>\n\t\t\t\t\t<\/footer>\n\t<\/div>\n<\/div>\n<div class=\"carousel-slider__post\">\n\t<div class=\"carousel-slider__post-content\">\n\t\t<div class=\"carousel-slider__post-header\">\n\t\t\t<a class=\"carousel-slider__post-image\" href=\"https:\/\/conadi.gob.gt\/web\/xix-consejo-intergubernamental-del-programa-iberoamericano-sobre-los-derechos-de-las-personas-con-discapacidad\/\" style=\"background-image: url(https:\/\/conadi.gob.gt\/web\/wp-content\/uploads\/2026\/02\/WhatsApp-Image-2026-02-24-at-10.44.23-AM-950x320.jpeg)\"><\/a>\t\t\t<a class=\"carousel-slider__post-title\" href=\"https:\/\/conadi.gob.gt\/web\/xix-consejo-intergubernamental-del-programa-iberoamericano-sobre-los-derechos-de-las-personas-con-discapacidad\/\">\n\t\t\t\t<h2>XIX Consejo Intergubernamental del Programa Iberoamericano sobre los Derechos de las Personas con Discapacidad<\/h2>\n\t\t\t<\/a>\n\t\t<\/div>\n\t\t<div class=\"carousel-slider__post-excerpt\">\n\t\t\tEl Consejo Nacional para la Atenci\u00f3n de las Personas con Discapacidad (CONADI) particip\u00f3 en el XIX Consejo Intergubernamental del Programa ...\t\t<\/div>\n\t\t<footer class=\"carousel-slider__post-meta\">\n\t\t\t<div class=\"carousel-slider__post-publication-meta\">\n\t\t\t\t<div class=\"carousel-slider__post-details-info\">\n\t\t\t\t\t<div class=\"carousel-slider__post-author\">\n\t\t\t\t\t\t<a class=\"carousel-slider__post-author-link\"\n\t\t\t\t\t\t   href=\"https:\/\/conadi.gob.gt\/web\/author\/comuprensatec\/\">\n\t\t\t\t\t\t\tComunicaci\u00f3n Social\t\t\t\t\t\t<\/a>\n\t\t\t\t\t<\/div>\n\t\t\t\t\t<time class=\"carousel-slider__post-publication-date\"\n\t\t\t\t\t\t  datetime=\"2026-02-24T17:46:43+00:00\">\n\t\t\t\t\t\tFeb 24, 2026\t\t\t\t\t<\/time>\n\t\t\t\t<\/div>\n\t\t\t<\/div>\n\t\t\t\t\t\t\t<div class=\"carousel-slider__post-category\">\n\t\t\t\t\t<a class=\"carousel-slider__post-category-link\"\n\t\t\t\t\t   href=\"https:\/\/conadi.gob.gt\/web\/category\/noticias\/\">\n\t\t\t\t\t\tNoticias\t\t\t\t\t<\/a>\n\t\t\t\t<\/div>\n\t\t\t\t\t<\/footer>\n\t<\/div>\n<\/div>\n<\/div><!-- .carousel-slider-10015 -->\n<\/div><!-- .carousel-slider-outer-10015 -->\n\n\n\n\n<div class=\"wp-block-columns is-layout-flex wp-container-core-columns-is-layout-28f84493 wp-block-columns-is-layout-flex\">\n<div class=\"wp-block-column is-layout-flow wp-block-column-is-layout-flow\">\n<figure class=\"wp-block-image size-full is-resized\"><a href=\"https:\/\/conadi.gob.gt\/web\/gobierno-abierto\/\" target=\"_blank\" rel=\" noreferrer noopener\"><img loading=\"lazy\" decoding=\"async\" width=\"768\" height=\"853\" src=\"https:\/\/conadi.gob.gt\/web\/wp-content\/uploads\/2026\/03\/LOGO-HD-JPG-Gobierno-abierto-768x853-1.jpg\" alt=\"\" class=\"wp-image-20307\" style=\"aspect-ratio:0.9003691321911129;width:227px;height:auto\" srcset=\"https:\/\/conadi.gob.gt\/web\/wp-content\/uploads\/2026\/03\/LOGO-HD-JPG-Gobierno-abierto-768x853-1.jpg 768w, https:\/\/conadi.gob.gt\/web\/wp-content\/uploads\/2026\/03\/LOGO-HD-JPG-Gobierno-abierto-768x853-1-270x300.jpg 270w\" sizes=\"auto, (max-width: 768px) 100vw, 768px\" \/><\/a><\/figure>\n<\/div>\n\n\n\n<div class=\"wp-block-column is-layout-flow wp-block-column-is-layout-flow\">\n<figure class=\"wp-block-image size-large\"><a href=\"https:\/\/conadi.gob.gt\/web\/politica\/\" target=\"_blank\" rel=\" noreferrer noopener\"><img loading=\"lazy\" decoding=\"async\" width=\"1024\" height=\"576\" src=\"https:\/\/conadi.gob.gt\/web\/wp-content\/uploads\/2026\/03\/Presentacion1-1-1024x576.jpg\" alt=\"\" class=\"wp-image-20312\" srcset=\"https:\/\/conadi.gob.gt\/web\/wp-content\/uploads\/2026\/03\/Presentacion1-1-1024x576.jpg 1024w, https:\/\/conadi.gob.gt\/web\/wp-content\/uploads\/2026\/03\/Presentacion1-1-300x169.jpg 300w, https:\/\/conadi.gob.gt\/web\/wp-content\/uploads\/2026\/03\/Presentacion1-1-768x432.jpg 768w, https:\/\/conadi.gob.gt\/web\/wp-content\/uploads\/2026\/03\/Presentacion1-1.jpg 1280w\" sizes=\"auto, (max-width: 1024px) 100vw, 1024px\" \/><\/a><\/figure>\n<\/div>\n<\/div>\n\n\n\n<figure class=\"wp-block-embed is-type-video is-provider-youtube wp-block-embed-youtube wp-embed-aspect-16-9 wp-has-aspect-ratio\"><div class=\"wp-block-embed__wrapper\">\n<iframe loading=\"lazy\" title=\"HIMNO NACIONAL DE GUATEMALA EN LENSEGUA\" width=\"950\" height=\"534\" src=\"https:\/\/www.youtube.com\/embed\/ePfF4Gkg_VY?feature=oembed\" frameborder=\"0\" allow=\"accelerometer; autoplay; clipboard-write; encrypted-media; gyroscope; picture-in-picture; web-share\" referrerpolicy=\"strict-origin-when-cross-origin\" allowfullscreen><\/iframe>\n<\/div><\/figure>\n\n\n\n<figure class=\"wp-block-table\"><table class=\"has-white-color has-pale-cyan-blue-background-color has-text-color has-background\"><tbody><tr><td class=\"has-text-align-center\" data-align=\"center\"><a href=\"https:\/\/open.spotify.com\/show\/2GTD2hSrM5u7RQNGsmNKuT\" target=\"_blank\" rel=\"noreferrer noopener\"><img loading=\"lazy\" decoding=\"async\" width=\"150\" height=\"150\" class=\"wp-image-10195\" style=\"width: 150px;\" src=\"https:\/\/conadi.gob.gt\/web\/wp-content\/uploads\/2022\/01\/Cintillo-Web-CONADI-Radio-02.jpg\" alt=\"\" srcset=\"https:\/\/conadi.gob.gt\/web\/wp-content\/uploads\/2022\/01\/Cintillo-Web-CONADI-Radio-02.jpg 1000w, https:\/\/conadi.gob.gt\/web\/wp-content\/uploads\/2022\/01\/Cintillo-Web-CONADI-Radio-02-300x300.jpg 300w, https:\/\/conadi.gob.gt\/web\/wp-content\/uploads\/2022\/01\/Cintillo-Web-CONADI-Radio-02-150x150.jpg 150w, https:\/\/conadi.gob.gt\/web\/wp-content\/uploads\/2022\/01\/Cintillo-Web-CONADI-Radio-02-768x768.jpg 768w\" sizes=\"auto, (max-width: 150px) 100vw, 150px\" \/><\/a><\/td><td class=\"has-text-align-center\" data-align=\"center\"><a href=\"https:\/\/conadi.gob.gt\/web\/boletines-informativos\/\" target=\"_blank\" rel=\"noreferrer noopener\"><img loading=\"lazy\" decoding=\"async\" width=\"150\" height=\"150\" class=\"wp-image-10196\" style=\"width: 150px;\" src=\"https:\/\/conadi.gob.gt\/web\/wp-content\/uploads\/2022\/01\/Cintillo-Web-Boletines-02.jpg\" alt=\"\" srcset=\"https:\/\/conadi.gob.gt\/web\/wp-content\/uploads\/2022\/01\/Cintillo-Web-Boletines-02.jpg 1000w, https:\/\/conadi.gob.gt\/web\/wp-content\/uploads\/2022\/01\/Cintillo-Web-Boletines-02-300x300.jpg 300w, https:\/\/conadi.gob.gt\/web\/wp-content\/uploads\/2022\/01\/Cintillo-Web-Boletines-02-150x150.jpg 150w, https:\/\/conadi.gob.gt\/web\/wp-content\/uploads\/2022\/01\/Cintillo-Web-Boletines-02-768x768.jpg 768w\" sizes=\"auto, (max-width: 150px) 100vw, 150px\" \/><\/a><\/td><td class=\"has-text-align-center\" data-align=\"center\"><a href=\"https:\/\/conadi.gob.gt\/web\/guatemala-para-todos\/\" target=\"_blank\" rel=\"noreferrer noopener\"><img loading=\"lazy\" decoding=\"async\" width=\"150\" height=\"150\" class=\"wp-image-10197\" style=\"width: 150px;\" src=\"https:\/\/conadi.gob.gt\/web\/wp-content\/uploads\/2022\/01\/Cintillo-Web-Postcast-02.jpg\" alt=\"\" srcset=\"https:\/\/conadi.gob.gt\/web\/wp-content\/uploads\/2022\/01\/Cintillo-Web-Postcast-02.jpg 1000w, https:\/\/conadi.gob.gt\/web\/wp-content\/uploads\/2022\/01\/Cintillo-Web-Postcast-02-300x300.jpg 300w, https:\/\/conadi.gob.gt\/web\/wp-content\/uploads\/2022\/01\/Cintillo-Web-Postcast-02-150x150.jpg 150w, https:\/\/conadi.gob.gt\/web\/wp-content\/uploads\/2022\/01\/Cintillo-Web-Postcast-02-768x768.jpg 768w\" sizes=\"auto, (max-width: 150px) 100vw, 150px\" \/><\/a><\/td><td class=\"has-text-align-center\" data-align=\"center\"><a href=\"https:\/\/conadi.gob.gt\/web\/otras-descargas\/\" data-type=\"link\" data-id=\"https:\/\/conadi.gob.gt\/web\/otras-descargas\/\"><img loading=\"lazy\" decoding=\"async\" width=\"150\" height=\"150\" class=\"wp-image-10198\" style=\"width: 150px;\" src=\"https:\/\/conadi.gob.gt\/web\/wp-content\/uploads\/2022\/01\/Cintillo-Web-Rehabil-02.jpg\" alt=\"\" srcset=\"https:\/\/conadi.gob.gt\/web\/wp-content\/uploads\/2022\/01\/Cintillo-Web-Rehabil-02.jpg 1000w, https:\/\/conadi.gob.gt\/web\/wp-content\/uploads\/2022\/01\/Cintillo-Web-Rehabil-02-300x300.jpg 300w, https:\/\/conadi.gob.gt\/web\/wp-content\/uploads\/2022\/01\/Cintillo-Web-Rehabil-02-150x150.jpg 150w, https:\/\/conadi.gob.gt\/web\/wp-content\/uploads\/2022\/01\/Cintillo-Web-Rehabil-02-768x768.jpg 768w\" sizes=\"auto, (max-width: 150px) 100vw, 150px\" \/><\/a><\/td><\/tr><\/tbody><\/table><\/figure>\n\n\n\n<audio src=\"bienvenidaweb.mp3\" autoplay=\"\"> <\/audio>\n\n\n\n<p><\/p>\n<div class=\"pvc_clear\"><\/div><p id=\"pvc_stats_4\" class=\"pvc_stats all  \" data-element-id=\"4\" style=\"\"><i class=\"pvc-stats-icon medium\" aria-hidden=\"true\"><svg aria-hidden=\"true\" focusable=\"false\" data-prefix=\"far\" data-icon=\"chart-bar\" role=\"img\" xmlns=\"http:\/\/www.w3.org\/2000\/svg\" viewBox=\"0 0 512 512\" class=\"svg-inline--fa fa-chart-bar fa-w-16 fa-2x\"><path fill=\"currentColor\" d=\"M396.8 352h22.4c6.4 0 12.8-6.4 12.8-12.8V108.8c0-6.4-6.4-12.8-12.8-12.8h-22.4c-6.4 0-12.8 6.4-12.8 12.8v230.4c0 6.4 6.4 12.8 12.8 12.8zm-192 0h22.4c6.4 0 12.8-6.4 12.8-12.8V140.8c0-6.4-6.4-12.8-12.8-12.8h-22.4c-6.4 0-12.8 6.4-12.8 12.8v198.4c0 6.4 6.4 12.8 12.8 12.8zm96 0h22.4c6.4 0 12.8-6.4 12.8-12.8V204.8c0-6.4-6.4-12.8-12.8-12.8h-22.4c-6.4 0-12.8 6.4-12.8 12.8v134.4c0 6.4 6.4 12.8 12.8 12.8zM496 400H48V80c0-8.84-7.16-16-16-16H16C7.16 64 0 71.16 0 80v336c0 17.67 14.33 32 32 32h464c8.84 0 16-7.16 16-16v-16c0-8.84-7.16-16-16-16zm-387.2-48h22.4c6.4 0 12.8-6.4 12.8-12.8v-70.4c0-6.4-6.4-12.8-12.8-12.8h-22.4c-6.4 0-12.8 6.4-12.8 12.8v70.4c0 6.4 6.4 12.8 12.8 12.8z\" class=\"\"><\/path><\/svg><\/i> <img loading=\"lazy\" decoding=\"async\" width=\"16\" height=\"16\" alt=\"Loading\" src=\"https:\/\/conadi.gob.gt\/web\/wp-content\/plugins\/page-views-count\/ajax-loader-2x.gif\" border=0 \/><\/p><div class=\"pvc_clear\"><\/div>","protected":false},"excerpt":{"rendered":"<div class=\"pvc_clear\"><\/div>\n<p id=\"pvc_stats_4\" class=\"pvc_stats all  \" data-element-id=\"4\" style=\"\"><i class=\"pvc-stats-icon medium\" aria-hidden=\"true\"><svg aria-hidden=\"true\" focusable=\"false\" data-prefix=\"far\" data-icon=\"chart-bar\" role=\"img\" xmlns=\"http:\/\/www.w3.org\/2000\/svg\" viewBox=\"0 0 512 512\" class=\"svg-inline--fa fa-chart-bar fa-w-16 fa-2x\"><path fill=\"currentColor\" d=\"M396.8 352h22.4c6.4 0 12.8-6.4 12.8-12.8V108.8c0-6.4-6.4-12.8-12.8-12.8h-22.4c-6.4 0-12.8 6.4-12.8 12.8v230.4c0 6.4 6.4 12.8 12.8 12.8zm-192 0h22.4c6.4 0 12.8-6.4 12.8-12.8V140.8c0-6.4-6.4-12.8-12.8-12.8h-22.4c-6.4 0-12.8 6.4-12.8 12.8v198.4c0 6.4 6.4 12.8 12.8 12.8zm96 0h22.4c6.4 0 12.8-6.4 12.8-12.8V204.8c0-6.4-6.4-12.8-12.8-12.8h-22.4c-6.4 0-12.8 6.4-12.8 12.8v134.4c0 6.4 6.4 12.8 12.8 12.8zM496 400H48V80c0-8.84-7.16-16-16-16H16C7.16 64 0 71.16 0 80v336c0 17.67 14.33 32 32 32h464c8.84 0 16-7.16 16-16v-16c0-8.84-7.16-16-16-16zm-387.2-48h22.4c6.4 0 12.8-6.4 12.8-12.8v-70.4c0-6.4-6.4-12.8-12.8-12.8h-22.4c-6.4 0-12.8 6.4-12.8 12.8v70.4c0 6.4 6.4 12.8 12.8 12.8z\" class=\"\"><\/path><\/svg><\/i> <img loading=\"lazy\" decoding=\"async\" width=\"16\" height=\"16\" alt=\"Loading\" src=\"https:\/\/conadi.gob.gt\/web\/wp-content\/plugins\/page-views-count\/ajax-loader-2x.gif\" border=0 \/><\/p>\n<div class=\"pvc_clear\"><\/div>\n","protected":false},"author":12,"featured_media":0,"parent":0,"menu_order":0,"comment_status":"closed","ping_status":"closed","template":"","meta":{"inspiro_hide_title":false,"footnotes":""},"class_list":["post-4","page","type-page","status-publish","hentry"],"_links":{"self":[{"href":"https:\/\/conadi.gob.gt\/web\/wp-json\/wp\/v2\/pages\/4","targetHints":{"allow":["GET"]}}],"collection":[{"href":"https:\/\/conadi.gob.gt\/web\/wp-json\/wp\/v2\/pages"}],"about":[{"href":"https:\/\/conadi.gob.gt\/web\/wp-json\/wp\/v2\/types\/page"}],"author":[{"embeddable":true,"href":"https:\/\/conadi.gob.gt\/web\/wp-json\/wp\/v2\/users\/12"}],"replies":[{"embeddable":true,"href":"https:\/\/conadi.gob.gt\/web\/wp-json\/wp\/v2\/comments?post=4"}],"version-history":[{"count":421,"href":"https:\/\/conadi.gob.gt\/web\/wp-json\/wp\/v2\/pages\/4\/revisions"}],"predecessor-version":[{"id":20313,"href":"https:\/\/conadi.gob.gt\/web\/wp-json\/wp\/v2\/pages\/4\/revisions\/20313"}],"wp:attachment":[{"href":"https:\/\/conadi.gob.gt\/web\/wp-json\/wp\/v2\/media?parent=4"}],"curies":[{"name":"wp","href":"https:\/\/api.w.org\/{rel}","templated":true}]}}