{"id":4058,"date":"2015-08-03T23:34:02","date_gmt":"2015-08-03T23:34:02","guid":{"rendered":"http:\/\/conadi.gob.gt\/web\/?page_id=4058"},"modified":"2026-04-29T15:05:29","modified_gmt":"2026-04-29T15:05:29","slug":"guatemala-para-todos","status":"publish","type":"page","link":"https:\/\/conadi.gob.gt\/web\/guatemala-para-todos\/","title":{"rendered":"Guatemala para todos"},"content":{"rendered":"\n<figure class=\"wp-block-image alignwide size-full\"><img loading=\"lazy\" decoding=\"async\" width=\"756\" height=\"221\" src=\"https:\/\/conadi.gob.gt\/web\/wp-content\/uploads\/2025\/02\/GUATEMALA-PARA-TODOS.png\" alt=\"\" class=\"wp-image-16993\" srcset=\"https:\/\/conadi.gob.gt\/web\/wp-content\/uploads\/2025\/02\/GUATEMALA-PARA-TODOS.png 756w, https:\/\/conadi.gob.gt\/web\/wp-content\/uploads\/2025\/02\/GUATEMALA-PARA-TODOS-300x88.png 300w\" sizes=\"auto, (max-width: 756px) 100vw, 756px\" \/><\/figure>\n\n\n\n<h2 class=\"wp-block-heading has-text-align-center\"><strong>PROGRAMAS DE RADIO A\u00d1O 202<\/strong>6<\/h2>\n\n\n\n<figure class=\"wp-block-table\"><table class=\"has-fixed-layout\"><tbody><tr><td><strong>FEBRERO<\/strong><\/td><td><a href=\"https:\/\/conadi.gob.gt\/web\/wp-content\/uploads\/2026\/02\/ProgramaGTparaTodos-5-Febrero-2026.mp3\"><strong>Salud Mental como pilar del bienestar integral<\/strong><\/a><\/td><td><a href=\"https:\/\/conadi.gob.gt\/web\/wp-content\/uploads\/2026\/02\/PROGRAMAGTPARATODOS-12-FEB-2026.mp3\"><strong>Un compromiso con la educaci\u00f3n: Bolsas de Estudio del CONADI<\/strong><\/a><\/td><td><a href=\"https:\/\/conadi.gob.gt\/web\/wp-content\/uploads\/2026\/02\/PROGRAMAGTPARATODOS-19-FEBRERO2026.mp3\"><strong>Conociendo Nuestras Organizaciones AMOR DOWN&nbsp;Guatemala<\/strong><\/a><\/td><td><strong><a href=\"https:\/\/conadi.gob.gt\/web\/wp-content\/uploads\/2026\/03\/PROGRAMA-GTPARA-TODOS-26-FEBRERO-2026.mp3\">Salud Auditiva y&nbsp;Tecnolog\u00eda: El&nbsp;Implante Coclear<\/a><\/strong><\/td><td><\/td><\/tr><tr><td><strong>MARZO<\/strong><\/td><td><strong><a href=\"https:\/\/conadi.gob.gt\/web\/wp-content\/uploads\/2026\/03\/CONADI-NOTICIAS-RADIO-5-MARZO-2026.mp3\">Mujer: Experiencias de Vida y Resiliencia<\/a><\/strong><\/td><td><a href=\"https:\/\/conadi.gob.gt\/web\/wp-content\/uploads\/2026\/03\/GUATEMALA-PARA-TODOS-12-MARZO-2026.mp3\"><strong>Hacia una Pol\u00edtica P\u00fablica en Discapacidad: Avances y Desaf\u00edos<\/strong><\/a><\/td><td><strong><a href=\"https:\/\/conadi.gob.gt\/web\/wp-content\/uploads\/2026\/03\/PROGRAMAGTPARATODOS-19-MARZO-2026.mp3\">S\u00edndrome de Down:&nbsp;<br \/>Hacia una Vida Plena con Derechos<\/a><\/strong><\/td><td><strong><a href=\"https:\/\/conadi.gob.gt\/web\/wp-content\/uploads\/2026\/03\/PROGRAMA-GT-PARA-TODOS-26-DE-MARZO-2026.mp3\">Temporada de calor: medidas clave para tu bienestar<\/a><\/strong><\/td><td><\/td><\/tr><tr><td><strong>ABRIL<\/strong><\/td><td><a href=\"https:\/\/conadi.gob.gt\/web\/wp-content\/uploads\/2026\/04\/PROGRAMA-GT-PARATODOS-9-ABRIL-2026.mp3\"><strong>Hablemos de Rehabilitaci\u00f3n: Fortaleciendo la Salud Integral<\/strong><\/a><\/td><td><strong><a href=\"https:\/\/conadi.gob.gt\/web\/wp-content\/uploads\/2026\/04\/PROGRAMA-16-DE-ABRIL-2026.mp3\">Conozcamos Nuestras Organizaciones: ASCATED<\/a><\/strong><\/td><td><strong><a href=\"https:\/\/conadi.gob.gt\/web\/wp-content\/uploads\/2026\/04\/PROGRAMA-GUATEMALA-PARA-TODOS-23-ABRIL-2026-2.mp3\">Rehabilitaci\u00f3n Oncol\u00f3gica: Un Derecho que Cambia Vidas.<\/a><\/strong><\/td><td><\/td><td><\/td><\/tr><tr><td><strong>MAYO<\/strong><\/td><td><\/td><td><\/td><td><\/td><td><\/td><td><\/td><\/tr><tr><td><strong>JUNIO<\/strong><\/td><td><\/td><td><\/td><td><\/td><td><\/td><td><\/td><\/tr><tr><td><strong>JULIO<\/strong><\/td><td><\/td><td><\/td><td><\/td><td><\/td><td><\/td><\/tr><tr><td><strong>AGOSTO<\/strong><\/td><td><\/td><td><\/td><td><\/td><td><\/td><td><\/td><\/tr><tr><td><strong>SEPTIEMBRE<\/strong><\/td><td><\/td><td><\/td><td><\/td><td><\/td><td><\/td><\/tr><tr><td><strong>OCTUBRE<\/strong><\/td><td><\/td><td><\/td><td><\/td><td><\/td><td><\/td><\/tr><tr><td><strong>NOVIEMBRE<\/strong><\/td><td><\/td><td><\/td><td><\/td><td><\/td><td><\/td><\/tr><tr><td><strong>DICIEMBRE<\/strong><\/td><td><\/td><td><\/td><td><\/td><td><\/td><td><\/td><\/tr><\/tbody><\/table><\/figure>\n\n\n\n<p class=\"has-text-align-center\"><strong>PROGRAMAS DE RADIO A\u00d1O 2025<\/strong><\/p>\n\n\n\n<figure class=\"wp-block-table\"><table class=\"has-fixed-layout\"><tbody><tr><td><strong>ENERO<\/strong><\/td><td class=\"has-text-align-left\" data-align=\"left\"><strong><a href=\"https:\/\/conadi.gob.gt\/web\/wp-content\/uploads\/2025\/02\/PROGRAMA-GT-PARA-TODOS-2-ENERO-25.mp3\" data-type=\"link\" data-id=\"https:\/\/conadi.gob.gt\/web\/wp-content\/uploads\/2025\/02\/PROGRAMA-GT-PARA-TODOS-2-ENERO-25.mp3\">\u201cPrograma recopilatorio CONADI 2024\u201d<\/a><\/strong><\/td><td><strong><a href=\"https:\/\/conadi.gob.gt\/web\/wp-content\/uploads\/2025\/02\/PROGRAMA-9-ENERO-2025.mp3\" data-type=\"link\" data-id=\"https:\/\/conadi.gob.gt\/web\/wp-content\/uploads\/2025\/02\/PROGRAMA-9-ENERO-2025.mp3\">\u201cPrograma recopilatorio CONADI 2024 &#8211; Parte II\u201d<\/a><\/strong><\/td><td><\/td><td><\/td><td><\/td><\/tr><tr><td><strong>FEBRERO<\/strong><\/td><td class=\"has-text-align-left\" data-align=\"left\"><strong><a href=\"https:\/\/conadi.gob.gt\/web\/wp-content\/uploads\/2025\/02\/PROGRAMA-GTPARATODOS-6-FEBRERO-2025.mp3\" data-type=\"link\" data-id=\"https:\/\/conadi.gob.gt\/web\/wp-content\/uploads\/2025\/02\/PROGRAMA-GTPARATODOS-6-FEBRERO-2025.mp3\">\u201cDIGEESP: Por el Derecho a una Educaci\u00f3n Inclusiva\u201d<\/a><\/strong><\/td><td><strong><a href=\"https:\/\/conadi.gob.gt\/web\/wp-content\/uploads\/2025\/02\/PROGRAMA-GT-TODOS-13-FEBRERO-2025.mp3\" data-type=\"link\" data-id=\"https:\/\/conadi.gob.gt\/web\/wp-content\/uploads\/2025\/02\/PROGRAMA-GT-TODOS-13-FEBRERO-2025.mp3\">\u201cDIGEESP:&nbsp;Programas Educativos para Estudiantes con Discapacidad\u201d<\/a><\/strong><\/td><td><a href=\"https:\/\/conadi.gob.gt\/web\/wp-content\/uploads\/2025\/02\/PROGRAMA-GT-PARA-TODOS-20-FEBRERO-2025.mp3\" data-type=\"link\" data-id=\"https:\/\/conadi.gob.gt\/web\/wp-content\/uploads\/2025\/02\/PROGRAMA-GT-PARA-TODOS-20-FEBRERO-2025.mp3\"><strong>\u201cDIGEESP: Programas de Educaci\u00f3n para Personas con Discapacidad y la Familia\u201d<\/strong><\/a><\/td><td><a href=\"https:\/\/conadi.gob.gt\/web\/wp-content\/uploads\/2025\/02\/PROGRAMA-GT-PARA-TODOS-27-FEBRERO-2025.mp3\" data-type=\"link\" data-id=\"https:\/\/conadi.gob.gt\/web\/wp-content\/uploads\/2025\/02\/PROGRAMA-GT-PARA-TODOS-27-FEBRERO-2025.mp3\"><strong>\u201cMINTRAB &#8211; La Inclusi\u00f3n Laboral como Pilar del Desarrollo Social en Guatemala\u201d<\/strong><\/a><\/td><td><\/td><\/tr><tr><td><strong>MARZO<\/strong><\/td><td class=\"has-text-align-left\" data-align=\"left\"><a href=\"https:\/\/conadi.gob.gt\/web\/wp-content\/uploads\/2025\/03\/PROGRAMA-GT-PARA-TODOS-6-MARZO-2025.mp3\"><\/a><strong><a href=\"https:\/\/conadi.gob.gt\/web\/wp-content\/uploads\/2025\/03\/PROGRAMA-GT-PARA-TODOS-6-MARZO-2025.mp3\" data-type=\"link\" data-id=\"https:\/\/conadi.gob.gt\/web\/wp-content\/uploads\/2025\/03\/PROGRAMA-GT-PARA-TODOS-6-MARZO-2025.mp3\"><strong>\u201c<\/strong>8 DE MARZO D\u00cdA INTERNACIONAL DE LA MUJER:  Mujeres en toda su Diversidad: Derechos, Igualdad y Empoderamiento para todas<strong>\u201c<\/strong><\/a><\/strong><\/td><td><strong><a href=\"https:\/\/conadi.gob.gt\/web\/wp-content\/uploads\/2025\/03\/PROGRAMA-GT-PARA-TODOS-13-MARZO-2025.mp3\"><\/a><a href=\"https:\/\/conadi.gob.gt\/web\/wp-content\/uploads\/2025\/03\/PROGRAMA-GT-PARA-TODOS-13-MARZO-2025.mp3\" data-type=\"link\" data-id=\"https:\/\/conadi.gob.gt\/web\/wp-content\/uploads\/2025\/03\/PROGRAMA-GT-PARA-TODOS-13-MARZO-2025.mp3\"><strong>\u201c<\/strong>Elecciones de Junta Directiva CONADI 2025-2027<strong>\u201c<\/strong><\/a><\/strong><\/td><td><strong><a href=\"https:\/\/conadi.gob.gt\/web\/wp-content\/uploads\/2025\/03\/Programa-GT-para-Todos-20-2025.mp3\" data-type=\"link\" data-id=\"https:\/\/conadi.gob.gt\/web\/wp-content\/uploads\/2025\/03\/Programa-GT-para-Todos-20-2025.mp3\"><strong>\u201c<\/strong>Conducir con Sentido por una Movilidad Segura para Todos<strong><\/strong><strong>\u201c<\/strong><\/a><\/strong><\/td><td><strong><\/strong><strong><\/strong><strong><a href=\"https:\/\/conadi.gob.gt\/web\/wp-content\/uploads\/2025\/03\/PROGRAMA-GT-PARA-TODOS-27-MARZO-2025.mp3\" data-type=\"link\" data-id=\"https:\/\/conadi.gob.gt\/web\/wp-content\/uploads\/2025\/03\/PROGRAMA-GT-PARA-TODOS-27-MARZO-2025.mp3\">\u201cConociendo sobre la Brigada Cubana y Operaci\u00f3n Milagro<strong><\/strong><strong>\u201c<\/strong><\/a><\/strong><\/td><td><\/td><\/tr><tr><td><strong>ABRIL<\/strong><\/td><td class=\"has-text-align-left\" data-align=\"left\"><strong><\/strong><strong><\/strong><strong><a href=\"https:\/\/conadi.gob.gt\/web\/wp-content\/uploads\/2025\/04\/PROGRAMA-3-DE-ABRIL-2025.mp3\" data-type=\"link\" data-id=\"https:\/\/conadi.gob.gt\/web\/wp-content\/uploads\/2025\/04\/PROGRAMA-3-DE-ABRIL-2025.mp3\">\u201cD\u00eda Internacional de Concientizaci\u00f3n sobre el Autismo (TEA)<strong><\/strong><strong>\u201c<\/strong><\/a><\/strong><\/td><td><strong><a href=\"https:\/\/conadi.gob.gt\/web\/wp-content\/uploads\/2025\/04\/PROGRAMA-GUATEMALA-PARA-TODOS-10-ABRIL-2025.mp3\" data-type=\"link\" data-id=\"https:\/\/conadi.gob.gt\/web\/wp-content\/uploads\/2025\/04\/PROGRAMA-GUATEMALA-PARA-TODOS-10-ABRIL-2025.mp3\"><strong>\u201c<\/strong>Conociendo sobre el SINAPRESE: Prevenci\u00f3n y Resguardo en la Semana Mayor<strong><\/strong><strong>\u201c<\/strong><\/a><\/strong><\/td><td><strong><\/strong><strong><\/strong><strong><\/strong><strong><a href=\"https:\/\/conadi.gob.gt\/web\/wp-content\/uploads\/2025\/04\/PROGRAMA-17-DE-ABRIL-2025.mp3\" data-type=\"link\" data-id=\"https:\/\/conadi.gob.gt\/web\/wp-content\/uploads\/2025\/04\/PROGRAMA-17-DE-ABRIL-2025.mp3\">\u201cUn Panorama a la Prevenci\u00f3n y Gesti\u00f3n de Riesgos<strong><\/strong><strong>\u201c<\/strong><\/a><\/strong><\/td><td><strong><a href=\"https:\/\/conadi.gob.gt\/web\/wp-content\/uploads\/2025\/04\/PROGRAMA-GT-PARA-TODOS-24-ABRIL-2025.mp3\" data-type=\"link\" data-id=\"https:\/\/conadi.gob.gt\/web\/wp-content\/uploads\/2025\/04\/PROGRAMA-GT-PARA-TODOS-24-ABRIL-2025.mp3\">\u201c<strong>Sensibilizar para Transformar\u201c<\/strong><\/a><\/strong><\/td><td><\/td><\/tr><tr><td><strong>MAYO<\/strong><\/td><td class=\"has-text-align-left\" data-align=\"left\"><strong><\/strong><strong><a href=\"https:\/\/conadi.gob.gt\/web\/wp-content\/uploads\/2025\/04\/PROGRAMA-GT-PARA-TODOS-1-MAYO-2025.mp3\" data-type=\"link\" data-id=\"https:\/\/conadi.gob.gt\/web\/wp-content\/uploads\/2025\/04\/PROGRAMA-GT-PARA-TODOS-1-MAYO-2025.mp3\">\u201c<strong>Experiencias de Inclusi\u00f3n Laboral\u201c<\/strong><\/a><\/strong><\/td><td><strong><a href=\"https:\/\/conadi.gob.gt\/web\/wp-content\/uploads\/2025\/05\/PROGRAMA-GT-PARA-TODOS-8-MAYO-2025.mp3\" data-type=\"link\" data-id=\"https:\/\/conadi.gob.gt\/web\/wp-content\/uploads\/2025\/05\/PROGRAMA-GT-PARA-TODOS-8-MAYO-2025.mp3\">\u201c<strong>Conociendo sobre el S\u00edndrome de Asperger\u201c<\/strong><\/a><\/strong><\/td><td><a href=\"https:\/\/conadi.gob.gt\/web\/wp-content\/uploads\/2025\/05\/PROGRAMA-GT-PARA-TODOS-15-MAYO-2025.mp3\" data-type=\"link\" data-id=\"https:\/\/conadi.gob.gt\/web\/wp-content\/uploads\/2025\/05\/PROGRAMA-GT-PARA-TODOS-8-MAYO-2025.mp3\"><strong>\u201cInclusi\u00f3n Social de Personas con S\u00edndrome de Asperger\u201c<\/strong><\/a><\/td><td><strong><a href=\"https:\/\/conadi.gob.gt\/web\/wp-content\/uploads\/2025\/05\/PROGRAMA-GT-PARTA-TODOS-22-MAYO-2025.mp3\" data-type=\"link\" data-id=\"https:\/\/conadi.gob.gt\/web\/wp-content\/uploads\/2025\/05\/PROGRAMA-GT-PARTA-TODOS-22-MAYO-2025.mp3\">\u201c<strong>Fomentando la Autonom\u00eda &nbsp;Mediante el Deporte<\/strong>\u201c<\/a><\/strong><\/td><td><strong><a href=\"https:\/\/conadi.gob.gt\/web\/wp-content\/uploads\/2025\/05\/PROGRAMA-GT-PARA-TODOS-29-MAYO-2025.mp3\" data-type=\"link\" data-id=\"https:\/\/conadi.gob.gt\/web\/wp-content\/uploads\/2025\/05\/PROGRAMA-GT-PARA-TODOS-29-MAYO-2025.mp3\">\u201c<strong>CONADI 28 A\u00d1OS EN GUATEMALA<\/strong>\u201c<\/a><\/strong><\/td><\/tr><tr><td><strong>JUNIO<\/strong><\/td><td class=\"has-text-align-left\" data-align=\"left\"><strong><a href=\"https:\/\/conadi.gob.gt\/web\/wp-content\/uploads\/2025\/06\/PROGRAMA-GT-PARA-TODOS-5-JUNIO-2025.mp3\" data-type=\"link\" data-id=\"https:\/\/conadi.gob.gt\/web\/wp-content\/uploads\/2025\/06\/PROGRAMA-GT-PARA-TODOS-5-JUNIO-2025.mp3\">\u201c<strong>Disciplinas Deportivas para la Inclusi\u00f3n<\/strong>\u201c<\/a><\/strong><\/td><td><a href=\"https:\/\/conadi.gob.gt\/web\/wp-content\/uploads\/2025\/06\/PROGRAMA-GT-PARA-TODOS-12-JUNIO-25.mp3\" data-type=\"link\" data-id=\"https:\/\/conadi.gob.gt\/web\/wp-content\/uploads\/2025\/06\/PROGRAMA-GT-PARA-TODOS-12-JUNIO-25.mp3\"><strong>\u201c<\/strong><strong>Volvamos al parque: Fomentando un estilo de vida saludable<\/strong>\u201c<\/a><\/td><td><a href=\"https:\/\/conadi.gob.gt\/web\/wp-content\/uploads\/2025\/06\/PROGRAMA-GT-PARA-TODOS-19-JUNIO-2025.mp3\" data-type=\"link\" data-id=\"https:\/\/conadi.gob.gt\/web\/wp-content\/uploads\/2025\/06\/PROGRAMA-GT-PARA-TODOS-19-JUNIO-2025.mp3\"><strong>\u201cPADI: Tecnolog\u00eda para la Inclusi\u00f3n<\/strong>\u201c<\/a><\/td><td><br \/><strong><a href=\"https:\/\/conadi.gob.gt\/web\/wp-content\/uploads\/2025\/06\/PROGRAMA-GT-PARA-TODOS-26-JUNIO-2025.mp3\">\u201cBases para una educaci\u00f3n inclusiva\u00bb<\/a><\/strong><\/td><td><\/td><\/tr><tr><td><strong>JULIO<\/strong><\/td><td class=\"has-text-align-left\" data-align=\"left\"><strong><a href=\"https:\/\/conadi.gob.gt\/web\/wp-content\/uploads\/2025\/07\/PROGRAMA-GT-PARA-TODOS-3-JULIO-2025.mp3\">\u201cEducando a profesionales especializados en apoyo a personas con discapacidad\u201d<\/a><\/strong><\/td><td><strong><a href=\"https:\/\/conadi.gob.gt\/web\/wp-content\/uploads\/2025\/07\/PROGRAMA-GT-PARA-TODOS-10-JULIO-2025.mp3\" data-type=\"link\" data-id=\"https:\/\/conadi.gob.gt\/web\/wp-content\/uploads\/2025\/07\/PROGRAMA-GT-PARA-TODOS-10-JULIO-2025.mp3\">\u201cInclusi\u00f3n, seguridad y protecci\u00f3n en la gesti\u00f3n del riesgo\u201d<\/a><\/strong><\/td><td><strong><a href=\"https:\/\/conadi.gob.gt\/web\/wp-content\/uploads\/2025\/07\/PROGRAMA-GT-PARA-TODOS-17-DE-JULIO-2025.mp3\">\u201cFutsal Down: Promoviendo la Diversidad en el \u00c1mbito &nbsp;Deportivo\u201d<\/a><\/strong><\/td><td><a href=\"https:\/\/conadi.gob.gt\/web\/wp-content\/uploads\/2025\/07\/PROGRAMA-GT-PARA-TODOS-24-julio-2025.mp3\"><\/a><a href=\"https:\/\/conadi.gob.gt\/web\/wp-content\/uploads\/2025\/07\/PROGRAMA-GT-PARA-TODOS-24-julio-2025.mp3\"><strong>\u201cDesarrollo de competencias docentes inclusivas\u201d<\/strong><\/a><\/td><td><\/td><\/tr><tr><td><strong>AGOSTO<\/strong><\/td><td class=\"has-text-align-left\" data-align=\"left\"><strong><\/strong><strong><a href=\"https:\/\/conadi.gob.gt\/web\/wp-content\/uploads\/2025\/08\/Guatemala-para-todos-31-julio-2025.mp3\">\u201cPromoviendo una Salud Visual Neonatal\u201d<\/a><\/strong><\/td><td><strong><a href=\"https:\/\/conadi.gob.gt\/web\/wp-content\/uploads\/2025\/08\/PROGRAMA-GT-PARA-TODOS-7-AGOSTO-2025.mp3\">\u201c<strong>Derechos de los Pueblos Ind\u00edgenas y Discapacidad<\/strong>\u201d<\/a><\/strong><\/td><td><strong><a href=\"https:\/\/conadi.gob.gt\/web\/wp-content\/uploads\/2025\/08\/GUATEMALA-PARA-TODOS-14-AGOSTO-2025.mp3\" data-type=\"link\" data-id=\"https:\/\/conadi.gob.gt\/web\/wp-content\/uploads\/2025\/08\/GUATEMALA-PARA-TODOS-14-AGOSTO-2025.mp3\">\u201c<strong>Conversemos de Becas Por Nuestro Futuro<\/strong>\u201d<\/a><\/strong><\/td><td><strong><\/strong><strong><a href=\"https:\/\/conadi.gob.gt\/web\/wp-content\/uploads\/2025\/08\/PROGRAMA-GT-PARA-TODOS-21-AGOSTO-2025-.mp3\" data-type=\"link\" data-id=\"https:\/\/conadi.gob.gt\/web\/wp-content\/uploads\/2025\/08\/PROGRAMA-GT-PARA-TODOS-21-AGOSTO-2025-.mp3\">\u201c<strong>Perspectivas Generales Sobre el Dengue<\/strong>\u201d<\/a><\/strong><\/td><td><strong><a href=\"https:\/\/conadi.gob.gt\/web\/wp-content\/uploads\/2025\/08\/PROGRAMA-GT-PARA-TODOS-28-AGOSTO-2025.mp3\" data-type=\"link\" data-id=\"https:\/\/conadi.gob.gt\/web\/wp-content\/uploads\/2025\/08\/PROGRAMA-GT-PARA-TODOS-28-AGOSTO-2025.mp3\"><strong>\u201c<\/strong>Un Llamado a la Accesibilidad Universal<strong>\u201c<\/strong><\/a><\/strong><\/td><\/tr><tr><td><strong>SEPTIEMBRE<\/strong><\/td><td class=\"has-text-align-left\" data-align=\"left\"><strong><a href=\"https:\/\/conadi.gob.gt\/web\/wp-content\/uploads\/2025\/09\/PROGRAMA-GT-PARA-TODOS-4-SEP-2025.mp3\" data-type=\"link\" data-id=\"https:\/\/conadi.gob.gt\/web\/wp-content\/uploads\/2025\/09\/PROGRAMA-GT-PARA-TODOS-4-SEP-2025.mp3\"><strong>\u201c<\/strong>Derechos Humanos y Pueblos Originarios<strong>\u201c<\/strong><\/a><\/strong><\/td><td><strong><a href=\"https:\/\/conadi.gob.gt\/web\/wp-content\/uploads\/2025\/09\/PROGRAMA-GUATEMALA-PARA-TODOS-11-SEP-2025.mp3\">CAIPD, una instituci\u00f3n comprometida con la discapacidad<\/a><\/strong><\/td><td><a href=\"https:\/\/conadi.gob.gt\/web\/wp-content\/uploads\/2025\/09\/PROGRAMA-GT-PARA-TODOS-18-SEP-2025.mp3\"><strong>Una Asociaci\u00f3n comprometida con el&nbsp;Alzheimer<\/strong><\/a><\/td><td><strong><a href=\"https:\/\/conadi.gob.gt\/web\/wp-content\/uploads\/2025\/09\/PROGRAMA-GT-PARA-TODOS-25-SEP-2025.mp3\">LENSEGUA: Un hito para la identidad de la comunidad sorda de Guatemala<\/a><\/strong><\/td><td><\/td><\/tr><tr><td><strong>OCTUBRE<\/strong><\/td><td class=\"has-text-align-left\" data-align=\"left\"><a href=\"https:\/\/conadi.gob.gt\/web\/wp-content\/uploads\/2025\/10\/PROGRAMA-GT-PARA-TODOS-02-OCT-2025.mp3\" target=\"_blank\" rel=\"noreferrer noopener\"><strong>Int\u00e9rprete de Lengua de Se\u00f1as, una Experiencia de Vida<\/strong><\/a><\/td><td><strong><a href=\"https:\/\/conadi.gob.gt\/web\/wp-content\/uploads\/2025\/10\/PROGRAMA-GT-PARA-TODOS-9-OCT-2025.mp3\">Salud Ocular: Cuidarnos Tambi\u00e9n es Incluirnos<\/a><\/strong><\/td><td><a href=\"https:\/\/conadi.gob.gt\/web\/wp-content\/uploads\/2025\/10\/PROGRAMA-GT-PARA-TODOS-16-OCTUBRE-2025.mp3\"><strong>Por el Derecho a la Movilidad e Independencia<\/strong><\/a><\/td><td><a href=\"https:\/\/conadi.gob.gt\/web\/wp-content\/uploads\/2025\/10\/PROGRAMA-GT-PARA-TODOS-23-OCTUBRE-2025.mp3\"><strong>Polio y Postpolio: Por una Inclusi\u00f3n que nos Incluya<\/strong><\/a><\/td><td><a href=\"https:\/\/conadi.gob.gt\/web\/wp-content\/uploads\/2025\/10\/GUATEMALA-PARA-TODOS-30-OCTUBRE-2025.mp3\"><strong>Por el Derecho a Participar<\/strong><\/a><\/td><\/tr><tr><td><strong>NOVIEMBRE<\/strong><\/td><td class=\"has-text-align-left\" data-align=\"left\"><strong><a href=\"https:\/\/conadi.gob.gt\/web\/wp-content\/uploads\/2025\/11\/PROGRAMA-GT-PARA-TODOS-6-NOV-2025.mp3\">Nuevas Representaciones de Discapacidad a Nivel Departamental<\/a><\/strong><\/td><td><strong><a href=\"https:\/\/conadi.gob.gt\/web\/wp-content\/uploads\/2025\/11\/PROGRAMA-GT-PARA-TODOS-13-NOV-2025.mp3\">Una Alianza Interinstitucional por la Juventud<\/a><\/strong><\/td><td><strong><a href=\"https:\/\/conadi.gob.gt\/web\/wp-content\/uploads\/2025\/11\/PROGRAMA-GT-20-NOV-2025.mp3\">Armonizar Pol\u00edticas para Incluir a Todos y Todas<\/a><\/strong><\/td><td><a href=\"https:\/\/conadi.gob.gt\/web\/wp-content\/uploads\/2025\/12\/PROGRAMA-GT-PARA-TODOS-27-NOV.mp3\"><strong>Conocer para prevenir la violencia contra la mujer<\/strong><\/a><\/td><td><\/td><\/tr><tr><td><strong>DICIEMBRE<\/strong><\/td><td class=\"has-text-align-left\" data-align=\"left\"><strong><a href=\"https:\/\/conadi.gob.gt\/web\/wp-content\/uploads\/2025\/12\/PROGRAMA-GT-PARA-TODOS-4-DIC-2025.mp3\">Memoria, Derechos e Inclusi\u00f3n: 3 de Diciembre en Guatemala<\/a><\/strong><\/td><td><a href=\"https:\/\/conadi.gob.gt\/web\/wp-content\/uploads\/2025\/12\/PROGRAMA-GT-PARA-TODOS-11-DICIEMBRE-2026.mp3\"><strong>Unidos por una pol\u00edtica de discapacidad integral y actualizada<\/strong><\/a><\/td><td><strong><a href=\"https:\/\/conadi.gob.gt\/web\/wp-content\/uploads\/2025\/12\/PROGRAMA-GT-PARA-TODOS-18-DIC-2025.mp3\">Celebremos con responsabilidad:&nbsp;Prevenci\u00f3n ante todo<\/a><\/strong><\/td><td><\/td><td><\/td><\/tr><\/tbody><\/table><\/figure>\n\n\n\n<p class=\"has-text-align-center\"><strong>PROGRAMAS DE RADIO A\u00d1O 2024<\/strong><\/p>\n\n\n\n<figure class=\"wp-block-table\"><table class=\"has-fixed-layout\"><tbody><tr><td><strong>ENERO<\/strong><\/td><td><strong><a href=\"https:\/\/conadi.gob.gt\/web\/wp-content\/uploads\/2023\/12\/PROGRAMA-4-ENERO-2024-NUTRICION-PCD-1.mp3\" data-type=\"URL\" data-id=\"https:\/\/conadi.gob.gt\/web\/wp-content\/uploads\/2023\/12\/PROGRAMA-4-ENERO-2024-NUTRICION-PCD-1.mp3\">\u00abConsejos nutricionales para personas con discapacidad\u00bb.<\/a><\/strong><\/td><td><a href=\"https:\/\/conadi.gob.gt\/web\/wp-content\/uploads\/2023\/12\/PROGRAMA-11-ENERO-2024-MUJERES-CD-EMPRENDIMIENTO.mp3\" data-type=\"URL\" data-id=\"https:\/\/conadi.gob.gt\/web\/wp-content\/uploads\/2023\/12\/PROGRAMA-11-ENERO-2024-MUJERES-CD-EMPRENDIMIENTO.mp3\"><strong>\u00abLas mujeres con discapacidad tambi\u00e9n son emprendedoras<\/strong>\u00ab<\/a><\/td><td><strong><a href=\"https:\/\/conadi.gob.gt\/web\/wp-content\/uploads\/2024\/01\/PROGRAMA-GTTODOS-18-ENERO-2024-Futbol-Down.mp3\" data-type=\"URL\" data-id=\"https:\/\/conadi.gob.gt\/web\/wp-content\/uploads\/2024\/01\/PROGRAMA-GTTODOS-18-ENERO-2024-Futbol-Down.mp3\">\u00abEL F\u00daTBOL,&nbsp;Un Deporte que Promueve la Inclusi\u00f3n de los J\u00f3venes con S\u00edndrome de Down\u00bb<\/a><\/strong><\/td><td><strong><a href=\"https:\/\/conadi.gob.gt\/web\/wp-content\/uploads\/2024\/01\/PROGRAMA-25-ENERO-2024-LENSEGUA.mp3\" data-type=\"URL\" data-id=\"https:\/\/conadi.gob.gt\/web\/wp-content\/uploads\/2024\/01\/PROGRAMA-25-ENERO-2024-LENSEGUA.mp3\">\u201cSe cumplen 4&nbsp;a\u00f1os de la entrada en vigencia de la LENSEGUA\u201d<\/a><\/strong><\/td><td><\/td><\/tr><tr><td>FEBRERO<\/td><td><strong><a href=\"https:\/\/conadi.gob.gt\/web\/wp-content\/uploads\/2024\/02\/PROGRAMA-GUATEMALA-PARA-TODOS-1-FEB-2024.mp3\" data-type=\"URL\" data-id=\"https:\/\/conadi.gob.gt\/web\/wp-content\/uploads\/2024\/02\/PROGRAMA-GUATEMALA-PARA-TODOS-1-FEB-2024.mp3\">\u00abConociendo sobre la Pol\u00edtica Migratoria de Guatemala\u201d<\/a><\/strong><\/td><td><a href=\"https:\/\/conadi.gob.gt\/web\/wp-content\/uploads\/2024\/02\/PROGRAMA-GUATEMALA-PARA-TODOS-8-FEBRERO-2024.mp3\" data-type=\"URL\" data-id=\"https:\/\/conadi.gob.gt\/web\/wp-content\/uploads\/2024\/02\/PROGRAMA-GUATEMALA-PARA-TODOS-8-FEBRERO-2024.mp3\"><strong>\u201cNuestras Organizaciones: ASELAE una asociaci\u00f3n en atenci\u00f3n a personas con discapacidad en Joyabaj\u201d<\/strong><\/a><\/td><td><strong><a href=\"https:\/\/conadi.gob.gt\/web\/wp-content\/uploads\/2024\/02\/PROGRAMA-GT-PARA-TODOS-15-FEBRERO-2024.mp3\" data-type=\"URL\" data-id=\"https:\/\/conadi.gob.gt\/web\/wp-content\/uploads\/2024\/02\/PROGRAMA-GT-PARA-TODOS-15-FEBRERO-2024.mp3\">\u201cEl Guillain Barr\u00e9, un s\u00edndrome neurol\u00f3gico que causa discapacidad\u201d<\/a><\/strong><\/td><td><a href=\"https:\/\/conadi.gob.gt\/web\/wp-content\/uploads\/2024\/02\/PROGRAMA-GUATEMALA-PARTA-TODOS-22-FEBRERO-2024.mp3\" data-type=\"URL\" data-id=\"https:\/\/conadi.gob.gt\/web\/wp-content\/uploads\/2024\/02\/PROGRAMA-GUATEMALA-PARTA-TODOS-22-FEBRERO-2024.mp3\"><strong>\u00abPreviniendo la p\u00e9rdida de la audici\u00f3n\u00bb&nbsp;un programa en el marco del D\u00eda Mundial de la Audici\u00f3n.<\/strong><\/a><\/td><td><strong><a href=\"https:\/\/conadi.gob.gt\/web\/wp-content\/uploads\/2024\/02\/PROGRAMA-CERTIFICACION-28-FE2024.mp3\" data-type=\"URL\" data-id=\"https:\/\/conadi.gob.gt\/web\/wp-content\/uploads\/2024\/02\/PROGRAMA-CERTIFICACION-28-FE2024.mp3\">\u201cHablemos sobre &nbsp;el proceso de la Ley de Certificaci\u00f3n de la Discapacidad\u00bb<\/a><\/strong><\/td><\/tr><tr><td>MARZO<\/td><td><strong><a href=\"https:\/\/conadi.gob.gt\/web\/wp-content\/uploads\/2024\/03\/GUATEMALA-PARA-TODOS-7-MARZO-2024.mp3\" data-type=\"URL\" data-id=\"https:\/\/conadi.gob.gt\/web\/wp-content\/uploads\/2024\/03\/GUATEMALA-PARA-TODOS-7-MARZO-2024.mp3\">\u201cLas mujeres con discapacidad y el derecho a una vida plena\u201d<\/a><\/strong><\/td><td><a href=\"https:\/\/conadi.gob.gt\/web\/wp-content\/uploads\/2024\/03\/PROGRAMA-GUATEMALA-PARA-TODOS-14-MARZO-2024.mp3\" data-type=\"URL\" data-id=\"https:\/\/conadi.gob.gt\/web\/wp-content\/uploads\/2024\/03\/PROGRAMA-GUATEMALA-PARA-TODOS-14-MARZO-2024.mp3\"><strong>&nbsp;\u00abLa Desnutrici\u00f3n un riesgo latente en la salud de la ni\u00f1ez\u00bb<\/strong><\/a><\/td><td><strong><a href=\"https:\/\/conadi.gob.gt\/web\/wp-content\/uploads\/2024\/03\/Programa-GT-Todos-21-Marzo-2024.mp3\" data-type=\"URL\" data-id=\"https:\/\/conadi.gob.gt\/web\/wp-content\/uploads\/2024\/03\/Programa-GT-Todos-21-Marzo-2024.mp3\">\u00abSemana Santa Accesible: Cuidado y Conciencia para Todos\u00bb.<\/a><\/strong><\/td><td><a href=\"https:\/\/conadi.gob.gt\/web\/wp-content\/uploads\/2024\/04\/PROGRAMA-GTPARATODOS-28-MARZO-2024.mp3\" data-type=\"URL\" data-id=\"https:\/\/conadi.gob.gt\/web\/wp-content\/uploads\/2024\/04\/PROGRAMA-GTPARATODOS-28-MARZO-2024.mp3\">\u00ab<strong>Inclusi\u00f3n y respeto hacia las personas con Trastorno del  Espectro Autista (TEA)<\/strong>\u00ab<\/a><\/td><td><\/td><\/tr><tr><td>ABRIL<\/td><td><a href=\"https:\/\/conadi.gob.gt\/web\/wp-content\/uploads\/2024\/04\/PROGRAMA-GT-PARA-TODOS-5-ABRIL-2024.mp3\" data-type=\"URL\" data-id=\"https:\/\/conadi.gob.gt\/web\/wp-content\/uploads\/2024\/04\/PROGRAMA-GT-PARA-TODOS-5-ABRIL-2024.mp3\">\u00ab<strong>La importancia de generar programas de capacitaci\u00f3n en la tem\u00e1tica de discapacidad\u00bb<\/strong>&nbsp;<\/a><\/td><td><a href=\"https:\/\/conadi.gob.gt\/web\/wp-content\/uploads\/2024\/04\/Programa-GT-para-Todos-11-abril-2024.mp3\" data-type=\"URL\" data-id=\"https:\/\/conadi.gob.gt\/web\/wp-content\/uploads\/2024\/04\/Programa-GT-para-Todos-11-abril-2024.mp3\">\u00ab<strong>Protej\u00e1monos del calor extremo, riesgos y recomendaciones<\/strong>\u00ab<\/a><\/td><td><a href=\"https:\/\/conadi.gob.gt\/web\/wp-content\/uploads\/2024\/04\/PROGRAMA-GTPARATODOS-18-ABRIL-2024.mp3\" data-type=\"URL\" data-id=\"https:\/\/conadi.gob.gt\/web\/wp-content\/uploads\/2024\/04\/PROGRAMA-GTPARATODOS-18-ABRIL-2024.mp3\">\u00ab<strong>Por una Cultura Laboral Segura y Saludable\u00bb<\/strong><\/a><\/td><td><a href=\"https:\/\/conadi.gob.gt\/web\/wp-content\/uploads\/2024\/04\/PROGRAMA-GTPARA-TODOS-25-ABRIL-2024.mp3\" data-type=\"URL\" data-id=\"https:\/\/conadi.gob.gt\/web\/wp-content\/uploads\/2024\/04\/PROGRAMA-GTPARA-TODOS-25-ABRIL-2024.mp3\"><strong>\u00abPriorizando la vacunaci\u00f3n para personas con discapacidad\u00bb<\/strong><\/a><\/td><td><\/td><\/tr><tr><td>MAYO<\/td><td><strong><a href=\"https:\/\/conadi.gob.gt\/web\/wp-content\/uploads\/2024\/05\/PROGRAMA-GTPARA-TODOS-2-MAYO-2024.mp3\" data-type=\"URL\" data-id=\"https:\/\/conadi.gob.gt\/web\/wp-content\/uploads\/2024\/05\/PROGRAMA-GTPARA-TODOS-2-MAYO-2024.mp3\">CONOCIENDO NUESTRAS ORGANIZACIONES : ASOCIACI\u00d3N DE MUJERES CON DISCAPACIDAD \u00abVIDA PLENA\u00bb<\/a><\/strong><\/td><td><strong><a href=\"https:\/\/conadi.gob.gt\/web\/wp-content\/uploads\/2024\/05\/PROGRAMA-GUATEMALA-PARA-TODOS-9-MAYO-2024.mp3\" data-type=\"link\" data-id=\"https:\/\/conadi.gob.gt\/web\/wp-content\/uploads\/2024\/05\/PROGRAMA-GUATEMALA-PARA-TODOS-9-MAYO-2024.mp3\">CONDUCIR CON SENTIDO, POR UNA MOVILIDAD SEGURA PARA TODOS<\/a><\/strong><\/td><td><a href=\"https:\/\/conadi.gob.gt\/web\/wp-content\/uploads\/2024\/05\/PROGRAMA-GT-PARA-TODOS-16-MAYO-2024.mp3\" data-type=\"link\" data-id=\"https:\/\/conadi.gob.gt\/web\/wp-content\/uploads\/2024\/05\/PROGRAMA-GT-PARA-TODOS-16-MAYO-2024.mp3\"><strong>\u00abACCESIBILIDAD DIGITAL REDUCIENDO LA BRECHA TECNOL\u00d3GICA PARA PERSONAS CON DISCAPACIDAD\u00bb<\/strong><\/a><\/td><td><strong><a href=\"https:\/\/conadi.gob.gt\/web\/wp-content\/uploads\/2024\/05\/PROGRAMA-GT-PARA-TODOS-23-MAYO-2024.mp3\" data-type=\"link\" data-id=\"https:\/\/conadi.gob.gt\/web\/wp-content\/uploads\/2024\/05\/PROGRAMA-GT-PARA-TODOS-23-MAYO-2024.mp3\">\u00ab27 A\u00f1os de Inclusi\u00f3n: El Camino del CONADI en Guatemala\u00bb.<\/a><\/strong><\/td><td><a href=\"https:\/\/conadi.gob.gt\/web\/wp-content\/uploads\/2024\/06\/PROGRAMA-GTPARATODOS-30-MAYO-2024.mp3\" data-type=\"link\" data-id=\"https:\/\/conadi.gob.gt\/web\/wp-content\/uploads\/2024\/06\/PROGRAMA-GTPARATODOS-30-MAYO-2024.mp3\"><strong>CONADI 27 A\u00f1os CONSTRUYENDO UNA SOCIEDAD INCLUSIVA\u00bb.<\/strong><\/a><\/td><\/tr><tr><td>JUNIO<\/td><td><a href=\"https:\/\/conadi.gob.gt\/web\/wp-content\/uploads\/2024\/06\/GUATEMALA-PARA-TODOS-6-JUNIO-2024.mp3\" data-type=\"link\" data-id=\"https:\/\/conadi.gob.gt\/web\/wp-content\/uploads\/2024\/06\/GUATEMALA-PARA-TODOS-6-JUNIO-2024.mp3\">\u201c<strong>CONOCIENDO NUESTRAS ORGANIZACIONES ASOFUT\u00bb<\/strong><\/a><\/td><td><strong><a href=\"https:\/\/conadi.gob.gt\/web\/wp-content\/uploads\/2024\/06\/Programa-Guatemala-para-Todos-13-junio-2024.mp3\" data-type=\"link\" data-id=\"https:\/\/conadi.gob.gt\/web\/wp-content\/uploads\/2024\/06\/Programa-Guatemala-para-Todos-13-junio-2024.mp3\">\u00abConozcamos la Mesa&nbsp;T\u00e9cnica de Atenci\u00f3n de Personas&nbsp;con Discapacidad en la GEDS\u00bb<\/a><\/strong><\/td><td><strong><a href=\"https:\/\/conadi.gob.gt\/web\/wp-content\/uploads\/2024\/06\/Programa-Guatemala-para-Todos-20-junio-2025.mp3\" data-type=\"link\" data-id=\"https:\/\/conadi.gob.gt\/web\/wp-content\/uploads\/2024\/06\/Programa-Guatemala-para-Todos-20-junio-2025.mp3\">\u00abLa DIGEESP fomentando una Educaci\u00f3n Inclusiva\u00bb PARTE I<\/a><\/strong><\/td><td><strong><a href=\"https:\/\/conadi.gob.gt\/web\/wp-content\/uploads\/2024\/06\/PROGRAMA-GT-PARATODOS-27-JUNIO-2024.mp3\" data-type=\"link\" data-id=\"https:\/\/conadi.gob.gt\/web\/wp-content\/uploads\/2024\/06\/PROGRAMA-GT-PARATODOS-27-JUNIO-2024.mp3\">\u00abLa DIGEESP fomentando una Educaci\u00f3n Inclusiva\u00bb PARTE II<\/a><\/strong><\/td><td><\/td><\/tr><tr><td>JULIO<\/td><td><a href=\"https:\/\/conadi.gob.gt\/web\/wp-content\/uploads\/2024\/07\/Programa-GT-para-todos-4-de-julio-2024.mp3\" data-type=\"link\" data-id=\"https:\/\/conadi.gob.gt\/web\/wp-content\/uploads\/2024\/07\/Programa-GT-para-todos-4-de-julio-2024.mp3\"><strong>\u00abConociendo Nuestras Organizaciones: Asociaci\u00f3n Civil Ay\u00fadame a Escuchar (ACAE)\u00bb<\/strong><\/a><\/td><td><a href=\"https:\/\/conadi.gob.gt\/web\/wp-content\/uploads\/2024\/07\/PROGRAMA-GT-PARA-TODOS-18-JULIO-2024.mp3\" data-type=\"link\" data-id=\"https:\/\/conadi.gob.gt\/web\/wp-content\/uploads\/2024\/07\/PROGRAMA-GT-PARA-TODOS-18-JULIO-2024.mp3\">&nbsp;<strong>\u00abLa Inclusi\u00f3n, un reto para todos\u00bb<\/strong><\/a><\/td><td><strong><a href=\"https:\/\/conadi.gob.gt\/web\/wp-content\/uploads\/2024\/07\/PROGRAMA-GT-PARA-TODOS-25-JULIO-2024.mp3\" data-type=\"link\" data-id=\"https:\/\/conadi.gob.gt\/web\/wp-content\/uploads\/2024\/07\/PROGRAMA-GT-PARA-TODOS-25-JULIO-2024.mp3\">\u00abPor una Salud Visual Integral para Todos\u00bb<\/a><\/strong><\/td><td><\/td><td><\/td><\/tr><tr><td>AGOSTO<\/td><td><strong><a href=\"https:\/\/conadi.gob.gt\/web\/wp-content\/uploads\/2024\/08\/PROGRAMA-GT-PARA-TODOS-1-AGOSTO-2024.mp3\" data-type=\"link\" data-id=\"https:\/\/conadi.gob.gt\/web\/wp-content\/uploads\/2024\/08\/PROGRAMA-GT-PARA-TODOS-1-AGOSTO-2024.mp3\">\u00abTrata de Personas, Un Enfoque Inclusivo hacia la Discapacidad\u00bb<\/a><\/strong><\/td><td><strong><a href=\"https:\/\/conadi.gob.gt\/web\/wp-content\/uploads\/2024\/08\/PROGRAMA-GT-PARA-TODOS-8-AGOSTO-2024.mp3\" data-type=\"link\" data-id=\"https:\/\/conadi.gob.gt\/web\/wp-content\/uploads\/2024\/08\/PROGRAMA-GT-PARA-TODOS-8-AGOSTO-2024.mp3\">\u201cRetinopat\u00eda del prematuro: La importancia del tamiz visual neonatal\u201d<\/a><\/strong><\/td><td><a href=\"https:\/\/conadi.gob.gt\/web\/wp-content\/uploads\/2024\/08\/PROGRAMA-GT-PARA-TODOS-15-AGOSTO-2024.mp3\" data-type=\"link\" data-id=\"https:\/\/conadi.gob.gt\/web\/wp-content\/uploads\/2024\/08\/PROGRAMA-GT-PARA-TODOS-15-AGOSTO-2024.mp3\"><strong>\u00abLa b\u00fasqueda de oportunidades para j\u00f3venes con discapacidad\u00bb<\/strong><\/a><\/td><td><a href=\"https:\/\/conadi.gob.gt\/web\/wp-content\/uploads\/2024\/08\/PROGRAMA-GT-PARA-TODOS-22-AGOSTO-2024.mp3\" data-type=\"link\" data-id=\"https:\/\/conadi.gob.gt\/web\/wp-content\/uploads\/2024\/08\/PROGRAMA-GT-PARA-TODOS-22-AGOSTO-2024.mp3\"><strong>\u201cConociendo Nuestras Organizaciones Senderos de Ma\u00edz Solol\u00e1 Guatemala\u201d<\/strong><\/a><\/td><td><a href=\"https:\/\/conadi.gob.gt\/web\/wp-content\/uploads\/2024\/08\/PROGRAMA-GT-PARA-TODOS-29-AGOSTO-2025.mp3\" data-type=\"link\" data-id=\"https:\/\/conadi.gob.gt\/web\/wp-content\/uploads\/2024\/08\/PROGRAMA-GT-PARA-TODOS-29-AGOSTO-2025.mp3\"><strong>Dengue Informaci\u00f3n B\u00e1sica<\/strong><\/a><\/td><\/tr><tr><td>SEPTIEMBRE<\/td><td><strong><a href=\"https:\/\/conadi.gob.gt\/web\/wp-content\/uploads\/2024\/09\/PROGRAMA-GUATEMALA-PARA-TODOS-5-SEPTIEMBRE-2024.mp3\"><strong>\u201c<\/strong>Guatemala Frente al Dengue: Medidas de Prevenci\u00f3n<strong>\u201d<\/strong><\/a><\/strong><\/td><td><a href=\"https:\/\/conadi.gob.gt\/web\/wp-content\/uploads\/2024\/09\/PROGRAMA-GT-PARA-TODOS-12-SEP-2024.mp3\"><\/a><strong><a href=\"https:\/\/conadi.gob.gt\/web\/wp-content\/uploads\/2024\/09\/PROGRAMA-GUATEMALA-PARA-TODOS-5-SEPTIEMBRE-2024.mp3\"><\/a><\/strong><a href=\"https:\/\/conadi.gob.gt\/web\/wp-content\/uploads\/2024\/09\/PROGRAMA-GT-PARA-TODOS-12-SEP-2024.mp3\"><strong>\u201cIdentidad Cultural y Pertenencia un V\u00ednculo Profundo\u201d<\/strong><\/a><\/td><td><strong><a href=\"https:\/\/conadi.gob.gt\/web\/wp-content\/uploads\/2024\/09\/PROGRAMA-GUATEMALA-PARA-TODOS-19-SEPTIEMBRE-2024.mp3\"><\/a><a href=\"https:\/\/conadi.gob.gt\/web\/wp-content\/uploads\/2024\/09\/PROGRAMA-GUATEMALA-PARA-TODOS-5-SEPTIEMBRE-2024.mp3\"><\/a><\/strong><a href=\"https:\/\/conadi.gob.gt\/web\/wp-content\/uploads\/2024\/09\/PROGRAMA-GUATEMALA-PARA-TODOS-19-SEPTIEMBRE-2024.mp3\"><strong>\u201cCODEDES, Construyendo Comunidad para las Personas con Discapacidad\u201d<\/strong><\/a><\/td><td><strong><a href=\"https:\/\/conadi.gob.gt\/web\/wp-content\/uploads\/2024\/10\/PROGRAMA-GT-PARA-TODOS-26-SEP-2024.mp3\"><strong><\/strong><\/a><\/strong><strong><a href=\"https:\/\/conadi.gob.gt\/web\/wp-content\/uploads\/2024\/09\/PROGRAMA-GUATEMALA-PARA-TODOS-5-SEPTIEMBRE-2024.mp3\"><\/a><\/strong><strong><a href=\"https:\/\/conadi.gob.gt\/web\/wp-content\/uploads\/2024\/10\/PROGRAMA-GT-PARA-TODOS-26-SEP-2024.mp3\"><strong>\u201c<\/strong>La Importancia de la Mujer en el Desarrollo Social\u201d<\/a><\/strong><\/td><td><\/td><\/tr><tr><td>OCTUBRE<\/td><td><strong><a href=\"https:\/\/conadi.gob.gt\/web\/wp-content\/uploads\/2024\/09\/PROGRAMA-GUATEMALA-PARA-TODOS-5-SEPTIEMBRE-2024.mp3\"><\/a><a href=\"https:\/\/conadi.gob.gt\/web\/wp-content\/uploads\/2024\/10\/PROGRAMA-GT-PARA-TODOS-3-OCT-2024.mp3\"><strong>\u201c<\/strong>D\u00eda Mundial de la Visi\u00f3n -AMA TUS OJOS-\u201d<\/a><\/strong><\/td><td><strong><a href=\"https:\/\/conadi.gob.gt\/web\/wp-content\/uploads\/2024\/10\/PROGRAMA-GT-PARA-TODOS-10-OCT-2024.mp3\"><strong>\u201c<\/strong>La importancia de Cuidar Nuestros Ojos\u201d<\/a><\/strong><\/td><td><strong><a href=\"https:\/\/conadi.gob.gt\/web\/wp-content\/uploads\/2024\/10\/PROGRAMA-GT-PARA-TODOS-17-OCT-2024.mp3\"><strong>\u201c<\/strong>D\u00eda Internacional del Bast\u00f3n Blanco\u201d<\/a><\/strong><\/td><td><a href=\"https:\/\/conadi.gob.gt\/web\/wp-content\/uploads\/2024\/10\/GUATEMALA-PARA-TODOS-24-OCT-2024.mp3\" data-type=\"link\" data-id=\"https:\/\/conadi.gob.gt\/web\/wp-content\/uploads\/2024\/10\/GUATEMALA-PARA-TODOS-24-OCT-2024.mp3\"><strong>\u201cD\u00eda Mundial de las Personas de Talla Baja\u201d<\/strong><\/a><\/td><td><a href=\"https:\/\/conadi.gob.gt\/web\/wp-content\/uploads\/2024\/11\/PROGRAMA-GT-PARA-TODOS-31-OCT-24.mp3\" data-type=\"link\" data-id=\"https:\/\/conadi.gob.gt\/web\/wp-content\/uploads\/2024\/11\/PROGRAMA-GT-PARA-TODOS-31-OCT-24.mp3\"><\/a><strong><a href=\"https:\/\/conadi.gob.gt\/web\/wp-content\/uploads\/2024\/10\/GUATEMALA-PARA-TODOS-24-OCT-2024.mp3\"><\/a><a href=\"https:\/\/conadi.gob.gt\/web\/wp-content\/uploads\/2024\/11\/PROGRAMA-GT-PARA-TODOS-31-OCT-24.mp3\" data-type=\"link\" data-id=\"https:\/\/conadi.gob.gt\/web\/wp-content\/uploads\/2024\/11\/PROGRAMA-GT-PARA-TODOS-31-OCT-24.mp3\">\u201cPol\u00edticas P\u00fablicas en Guatemala\u201d<\/a><\/strong><\/td><\/tr><tr><td>NOVIEMBRE<\/td><td><strong><a href=\"https:\/\/conadi.gob.gt\/web\/wp-content\/uploads\/2024\/11\/PROGRAMA-GT-PARA-TODO-7-NOV.mp3\">\u201cPol\u00edticas P\u00fablicas para Garantizar el Cumplimiento de Derechos\u201d<\/a><\/strong><\/td><td><strong><a href=\"https:\/\/conadi.gob.gt\/web\/wp-content\/uploads\/2024\/11\/PROGRAMA-GT-PARA-TODOS-14-NOV-204.mp3\">\u201cPromovamos la NO Violencia Contra la Mujer\u201d<\/a><\/strong><\/td><td><strong><a href=\"https:\/\/conadi.gob.gt\/web\/wp-content\/uploads\/2024\/11\/PROGRAMA-GT-PARA-TODOS-21-NOV-2024.mp3\" data-type=\"link\" data-id=\"https:\/\/conadi.gob.gt\/web\/wp-content\/uploads\/2024\/11\/PROGRAMA-GT-PARA-TODOS-21-NOV-2024.mp3\">\u201c<strong>La Interseccionalidad en la Lucha de la Violencia Contra la Mujer con y sin Discapacidad<\/strong>\u201d<\/a><\/strong><\/td><td><strong><a href=\"https:\/\/conadi.gob.gt\/web\/wp-content\/uploads\/2024\/11\/PROGRAMA-GT-TODOS-28-NOV-2024.mp3\">\u201cLa accesibilidad universal: un camino hacia la movilidad para todos\u201d<\/a><\/strong><\/td><td><\/td><\/tr><tr><td>DICIEMBRE<\/td><td><strong><a href=\"https:\/\/conadi.gob.gt\/web\/wp-content\/uploads\/2024\/12\/PROGRAMA-GT-PARA-TODOS-5-DIC-2024.mp3\" data-type=\"link\" data-id=\"https:\/\/conadi.gob.gt\/web\/wp-content\/uploads\/2024\/12\/PROGRAMA-GT-PARA-TODOS-5-DIC-2024.mp3\">\u201cConociendo Nuestras Organizaciones: Asociaci\u00f3n Guatemaltecos Enlazando Manos Amigas -GEMA-\u201d<\/a><\/strong><\/td><td><strong><a href=\"https:\/\/conadi.gob.gt\/web\/wp-content\/uploads\/2024\/12\/PROGRAMA-GT-PARA-TODOS-12-DIC-2024.mp3\" data-type=\"link\" data-id=\"https:\/\/conadi.gob.gt\/web\/wp-content\/uploads\/2024\/12\/PROGRAMA-GT-PARA-TODOS-12-DIC-2024.mp3\">\u201c<strong>Gu\u00eda para emergencia y respuesta inmediata en estas fiestas de fin de a\u00f1o<\/strong>\u201d<\/a><\/strong><\/td><td><strong><a href=\"https:\/\/conadi.gob.gt\/web\/wp-content\/uploads\/2024\/12\/PROGRAMA-GT-PARA-TODOS-19-DIC-2024.mp3\" data-type=\"link\" data-id=\"https:\/\/conadi.gob.gt\/web\/wp-content\/uploads\/2024\/12\/PROGRAMA-GT-PARA-TODOS-19-DIC-2024.mp3\">\u201cPrevenci\u00f3n para el &nbsp;Bienestar en estas Fiestas &nbsp;de Fin de A\u00f1o\u201d<\/a><\/strong><\/td><td><strong><a href=\"https:\/\/conadi.gob.gt\/web\/wp-content\/uploads\/2025\/02\/PROGRAMA-GT-PARA-TODOS-26-DIC-2024.mp3\" data-type=\"link\" data-id=\"https:\/\/conadi.gob.gt\/web\/wp-content\/uploads\/2025\/02\/PROGRAMA-GT-PARA-TODOS-26-DIC-2024.mp3\">\u201cPrevenci\u00f3n para el &nbsp;Bienestar en estas Fiestas &nbsp;de Fin de A\u00f1o&nbsp;&#8211; Parte 2\u201d<\/a><\/strong><\/td><td><\/td><\/tr><\/tbody><\/table><\/figure>\n\n\n\n<p class=\"has-text-align-center\"><strong>PROGRAMAS DE RADIO A\u00d1O 2023<\/strong><\/p>\n\n\n\n<figure class=\"wp-block-table\"><table class=\"has-fixed-layout\"><tbody><tr><td><strong>ENERO<\/strong><\/td><td><a href=\"https:\/\/drive.google.com\/file\/d\/1ODSMuZLG5t4iL8ykt_g6J-UpRVwtZTZ9\/view?usp=sharing\" data-type=\"URL\" data-id=\"https:\/\/drive.google.com\/file\/d\/1ODSMuZLG5t4iL8ykt_g6J-UpRVwtZTZ9\/view?usp=sharing\">\u00abUn d\u00eda dedicado al sistema de lecto escritura braille\u00bb<\/a><\/td><td><a href=\"https:\/\/drive.google.com\/file\/d\/1LmPhwu_Y_H2Ai7N2tAiZgmO9sRyxvCNZ\/view?usp=sharing\" data-type=\"URL\" data-id=\"https:\/\/drive.google.com\/file\/d\/1LmPhwu_Y_H2Ai7N2tAiZgmO9sRyxvCNZ\/view?usp=sharing\">\u00abPlanes y Proyectos de la nueva junta directiva del CONADI\u00bb<\/a><\/td><td><a href=\"https:\/\/drive.google.com\/file\/d\/1U7S4Mmo8daRcyZ5Au51XoWQ0Y5iQXiNV\/view?usp=sharing\" data-type=\"URL\" data-id=\"https:\/\/drive.google.com\/file\/d\/1U7S4Mmo8daRcyZ5Au51XoWQ0Y5iQXiNV\/view?usp=sharing\">El Futbol,&nbsp; una pr\u00e1ctica recreativa de rehabilitaci\u00f3n y derechos al deporte<\/a><\/td><td><a href=\"https:\/\/drive.google.com\/file\/d\/1Y-lUvvQngb7DvdiMs1wUFBUH0Qdlnm5Z\/view?usp=sharing\" data-type=\"URL\" data-id=\"https:\/\/drive.google.com\/file\/d\/1Y-lUvvQngb7DvdiMs1wUFBUH0Qdlnm5Z\/view?usp=sharing\">Un Proceso Electoral Inclusivo<\/a><\/td><td><\/td><\/tr><tr><td><strong>FEBRERO<\/strong><\/td><td><a href=\"https:\/\/drive.google.com\/file\/d\/1j3R-Tjp5sv37ZxiQ59oACm5mtGB-TBNQ\/view?usp=sharing\" data-type=\"URL\" data-id=\"https:\/\/drive.google.com\/file\/d\/1j3R-Tjp5sv37ZxiQ59oACm5mtGB-TBNQ\/view?usp=sharing\">\u00abAvances en la inclusi\u00f3n de las personas con discapacidad en los planes de gesti\u00f3n Integral de riesgo ante desastres\u00bb<\/a><\/td><td><a href=\"https:\/\/drive.google.com\/file\/d\/1jygNmOwrKdWCUIpRvQ0DUtfLz3uLQzAo\/view?usp=sharing\" data-type=\"URL\" data-id=\"https:\/\/drive.google.com\/file\/d\/1jygNmOwrKdWCUIpRvQ0DUtfLz3uLQzAo\/view?usp=sharing\">\u00abAcceso a la Justicia en Igualdad de Condiciones\u00bb<\/a><\/td><td><a href=\"https:\/\/drive.google.com\/file\/d\/145_qjAEve_7kXvljzO6iNbl3x_87mnDi\/view?usp=sharing\" data-type=\"URL\" data-id=\"https:\/\/drive.google.com\/file\/d\/145_qjAEve_7kXvljzO6iNbl3x_87mnDi\/view?usp=sharing\">\u00abS\u00edndrome&nbsp;de Asperger, una discapacidad social\u00bb<\/a><\/td><td><a href=\"https:\/\/drive.google.com\/file\/d\/1tpZedWX16Ivo_DNUuiiBfFk7DbzebARJ\/view?usp=sharing\" data-type=\"URL\" data-id=\"https:\/\/drive.google.com\/file\/d\/1tpZedWX16Ivo_DNUuiiBfFk7DbzebARJ\/view?usp=sharing\">\u00abTamizaje neonatal para la prevenci\u00f3n de enfermedades raras\u00bb<\/a><\/td><td><\/td><\/tr><tr><td><strong>MARZO<\/strong><\/td><td><a href=\"https:\/\/drive.google.com\/file\/d\/1NSAnekmtofwyjvPfNc9GbwZ7MmDZd5PY\/view?usp=sharing\" data-type=\"URL\" data-id=\"https:\/\/drive.google.com\/file\/d\/1NSAnekmtofwyjvPfNc9GbwZ7MmDZd5PY\/view?usp=sharing\">\u00abFortalecimiento de Acciones de Cooperaci\u00f3n para el Desarrollo de las Personas con Discapacidad\u00bb<\/a><\/td><td><a href=\"https:\/\/drive.google.com\/file\/d\/1Si0hAZ1RKUuP0-B3Nh8M9XoEiw6KRNnm\/view?usp=sharing\" data-type=\"URL\" data-id=\"https:\/\/drive.google.com\/file\/d\/1Si0hAZ1RKUuP0-B3Nh8M9XoEiw6KRNnm\/view?usp=sharing\">\u00abPromoviendo la igualdad y la Equidad\u00bb<\/a><\/td><td><br \/><a href=\"https:\/\/drive.google.com\/file\/d\/1IoCtjleJW1xDrub_OoUHHRMKpwbPfIP2\/view?usp=sharing\" data-type=\"URL\" data-id=\"https:\/\/drive.google.com\/file\/d\/1IoCtjleJW1xDrub_OoUHHRMKpwbPfIP2\/view?usp=sharing\">\u00abUna Instituci\u00f3n Mensajera de Paz\u00bb<\/a><\/td><td><a href=\"https:\/\/drive.google.com\/file\/d\/1kKBKoeRt7TxZEmyTWvJ6L171umetUutQ\/view?usp=sharing\" data-type=\"URL\" data-id=\"https:\/\/drive.google.com\/file\/d\/1kKBKoeRt7TxZEmyTWvJ6L171umetUutQ\/view?usp=sharing\">\u00abDesaf\u00edos Sociales para la Inclusi\u00f3n de las Personas con S\u00edndrome de Down\u00bb<\/a><\/td><td><a href=\"https:\/\/drive.google.com\/file\/d\/1Ber0-WMt0E4PIE8nXfUA0BJH1L2odduZ\/view?usp=sharing\" data-type=\"URL\" data-id=\"https:\/\/drive.google.com\/file\/d\/1Ber0-WMt0E4PIE8nXfUA0BJH1L2odduZ\/view?usp=sharing\">\u00abEsfuerzos para erradicar la discriminaci\u00f3n racial y por discapacidad\u00bb<\/a><\/td><\/tr><tr><td><strong>ABRIL<\/strong><\/td><td><a href=\"https:\/\/drive.google.com\/file\/d\/1SG5X7U0MF4I8gIVmQIW7c2aLtuoqRyDG\/view?usp=sharing\" data-type=\"URL\" data-id=\"https:\/\/drive.google.com\/file\/d\/1SG5X7U0MF4I8gIVmQIW7c2aLtuoqRyDG\/view?usp=sharing\">\u00abUn proyecto que transforma vidas Hope to Walk Guatemala\u00bb<\/a><\/td><td><a href=\"https:\/\/conadi.gob.gt\/web\/wp-content\/uploads\/2023\/04\/PROGRAMA-GUATEMALA-PARA-TODOS-LAS-MUJERES-CON-DISCAPACIDAD-Y-SU-PARTICIPACION-POLITICA.mp3\" data-type=\"URL\" data-id=\"https:\/\/conadi.gob.gt\/web\/wp-content\/uploads\/2023\/04\/PROGRAMA-GUATEMALA-PARA-TODOS-LAS-MUJERES-CON-DISCAPACIDAD-Y-SU-PARTICIPACION-POLITICA.mp3\">\u00abLas Mujeres con Discapacidad y su Participaci\u00f3n en la Vida Pol\u00edtica y P\u00fablica\u00bb<\/a><\/td><td><a href=\"https:\/\/conadi.gob.gt\/web\/wp-content\/uploads\/2023\/04\/PROGRAMA-GT-PARATODOS-PATOLOGIAS-NEURODEGENERATIVAS.mp3\" data-type=\"URL\" data-id=\"https:\/\/conadi.gob.gt\/web\/wp-content\/uploads\/2023\/04\/PROGRAMA-GT-PARATODOS-PATOLOGIAS-NEURODEGENERATIVAS.mp3\">\u00abPatolog\u00eda Neurodegenerativa. Una condici\u00f3n generadora de Discapacidad\u00bb<\/a><\/td><td><a href=\"https:\/\/conadi.gob.gt\/web\/wp-content\/uploads\/2023\/04\/PROGRAMA-GUATEMALA-PARA-TODOS-Fortalecimiento-en-la-formacion-de-competencias-inclusivas_.-28-ABRIL-2023.mp3\" data-type=\"URL\" data-id=\"https:\/\/conadi.gob.gt\/web\/wp-content\/uploads\/2023\/04\/PROGRAMA-GUATEMALA-PARA-TODOS-Fortalecimiento-en-la-formacion-de-competencias-inclusivas_.-28-ABRIL-2023.mp3\">\u201cFortalecimiento en la formaci\u00f3n de competencias inclusivas\u00bb<\/a><\/td><td><\/td><\/tr><tr><td><strong>MAYO<\/strong><\/td><td><a href=\"https:\/\/conadi.gob.gt\/web\/wp-content\/uploads\/2023\/05\/Programa-Guatemala-para-todos-Por-una-elecciones-inclusivas-y-democraticas-_.mp3\" data-type=\"URL\" data-id=\"https:\/\/conadi.gob.gt\/web\/wp-content\/uploads\/2023\/05\/Programa-Guatemala-para-todos-Por-una-elecciones-inclusivas-y-democraticas-_.mp3\">\u201cPor una elecciones inclusivas y democr\u00e1ticas\u00bb.<\/a><\/td><td><a href=\"https:\/\/conadi.gob.gt\/web\/wp-content\/uploads\/2023\/05\/11-05-2023-GUATEMALA-PARA-TODOS-Avances-en-la-Inclusion-Laboral-de-las-Personas-con-Discapacidad.-.mp3\" data-type=\"URL\" data-id=\"https:\/\/conadi.gob.gt\/web\/wp-content\/uploads\/2023\/05\/11-05-2023-GUATEMALA-PARA-TODOS-Avances-en-la-Inclusion-Laboral-de-las-Personas-con-Discapacidad.-.mp3\">\u201cAvances en la Inclusi\u00f3n Laboral de las Personas con Discapacidad\u201d.&nbsp;<\/a><\/td><td><a href=\"https:\/\/conadi.gob.gt\/web\/wp-content\/uploads\/2023\/05\/18-05-2023-GUATEMALA-PARA-TODOS.mp3\" data-type=\"URL\" data-id=\"https:\/\/conadi.gob.gt\/web\/wp-content\/uploads\/2023\/05\/18-05-2023-GUATEMALA-PARA-TODOS.mp3\">\u00abConociendo sobre el cumplimiento de los derechos de la ni\u00f1ez y<br \/>adolescencia\u00bb<\/a><\/td><td><a href=\"https:\/\/conadi.gob.gt\/web\/wp-content\/uploads\/2023\/05\/PROGRAMA-GUATEMALA-PARA-TODOS-25-MAYO-26-ANOS-CONADI.mp3\" data-type=\"URL\" data-id=\"https:\/\/conadi.gob.gt\/web\/wp-content\/uploads\/2023\/05\/PROGRAMA-GUATEMALA-PARA-TODOS-25-MAYO-26-ANOS-CONADI.mp3\">\u00abCONADI, 26 a\u00f1os de impulsar la inclusi\u00f3n en Guatemala\u00bb<\/a><\/td><td><\/td><\/tr><tr><td><strong>JUNIO<\/strong><\/td><td><a href=\"https:\/\/conadi.gob.gt\/web\/wp-content\/uploads\/2023\/06\/01-06-2023-GUATEMALA-PARA-TODOS.mp3\" data-type=\"URL\" data-id=\"https:\/\/conadi.gob.gt\/web\/wp-content\/uploads\/2023\/06\/01-06-2023-GUATEMALA-PARA-TODOS.mp3\">\u00abEsclerosis&nbsp;<\/a><br \/><a href=\"https:\/\/conadi.gob.gt\/web\/wp-content\/uploads\/2023\/06\/01-06-2023-GUATEMALA-PARA-TODOS.mp3\" data-type=\"URL\" data-id=\"https:\/\/conadi.gob.gt\/web\/wp-content\/uploads\/2023\/06\/01-06-2023-GUATEMALA-PARA-TODOS.mp3\">M\u00faltiple, una discapacidad invisible.\u00bb<\/a><\/td><td><a href=\"https:\/\/conadi.gob.gt\/web\/wp-content\/uploads\/2023\/10\/08-06-2023-GUATEMALA-PARA-TODOS.mp3\" data-type=\"URL\" data-id=\"https:\/\/conadi.gob.gt\/web\/wp-content\/uploads\/2023\/10\/08-06-2023-GUATEMALA-PARA-TODOS.mp3\">\u00abConociendo sobre el Programa Iberoamericano de Discapacidad PID\u00bb<\/a><\/td><td><a href=\"https:\/\/conadi.gob.gt\/web\/wp-content\/uploads\/2023\/06\/16-06-2023-GUATEMALA-PARA-TODOS-FINAL.mp3\" data-type=\"URL\" data-id=\"https:\/\/conadi.gob.gt\/web\/wp-content\/uploads\/2023\/06\/16-06-2023-GUATEMALA-PARA-TODOS-FINAL.mp3\">\u00abProgramas Deportivos para Personas con Discapacidad\u00bb<\/a><\/td><td><a href=\"https:\/\/conadi.gob.gt\/web\/wp-content\/uploads\/2023\/06\/22-06-2023-GUATEMALA-PARA-TODOS-final.mp3\" data-type=\"URL\" data-id=\"https:\/\/conadi.gob.gt\/web\/wp-content\/uploads\/2023\/06\/22-06-2023-GUATEMALA-PARA-TODOS-final.mp3\">\u00abPor un Pet\u00e9n Inclusivo\u00bb<\/a><\/td><td><a href=\"https:\/\/conadi.gob.gt\/web\/wp-content\/uploads\/2023\/06\/29-06-2023-PROGRAMA-GUATEMALA-PARA-TODOS-29-JUNIO-2023-Repasemos-sobre-terminologia-de-discapacidad-en-el-marco-_del-dia-del-maestro_..mp3\" data-type=\"URL\" data-id=\"https:\/\/conadi.gob.gt\/web\/wp-content\/uploads\/2023\/06\/29-06-2023-PROGRAMA-GUATEMALA-PARA-TODOS-29-JUNIO-2023-Repasemos-sobre-terminologia-de-discapacidad-en-el-marco-_del-dia-del-maestro_..mp3\">\u00abRepasemos sobre terminolog\u00eda de discapacidad\u00bb<\/a><br \/><br \/><\/td><\/tr><tr><td><strong>JULIO<\/strong><\/td><td><a href=\"https:\/\/conadi.gob.gt\/web\/wp-content\/uploads\/2023\/07\/PROGRAMA-GUATEMALA-PARA-TODOS-7-JULIO-FINAL.mp3\" data-type=\"URL\" data-id=\"https:\/\/conadi.gob.gt\/web\/wp-content\/uploads\/2023\/07\/PROGRAMA-GUATEMALA-PARA-TODOS-7-JULIO-FINAL.mp3\">\u00abGuerreros de Pet\u00e9n. Promotores del Baloncesto Adaptado\u00bb<\/a><\/td><td><a href=\"https:\/\/conadi.gob.gt\/web\/wp-content\/uploads\/2023\/07\/13-07-2023-GUATEMALA-PARA-TODOS.mp3\" data-type=\"URL\" data-id=\"https:\/\/conadi.gob.gt\/web\/wp-content\/uploads\/2023\/07\/13-07-2023-GUATEMALA-PARA-TODOS.mp3\">\u00abLa Promoci\u00f3n de una Cultura de Paz en Guatemala\u00bb<\/a><\/td><td><a href=\"https:\/\/conadi.gob.gt\/web\/wp-content\/uploads\/2023\/07\/PROGRAMA-GUATEMALA-PARA-TODOS-20-JULIO-2023.mp3\" data-type=\"URL\" data-id=\"https:\/\/conadi.gob.gt\/web\/wp-content\/uploads\/2023\/07\/PROGRAMA-GUATEMALA-PARA-TODOS-20-JULIO-2023.mp3\">\u00abLlegar a todas las v\u00edctimas de la trata, sin dejar a nadie atr\u00e1s\u00bb<\/a><\/td><td><a href=\"https:\/\/conadi.gob.gt\/web\/wp-content\/uploads\/2023\/07\/27-07-2023-GUATEMALA-PARA-TODOS.mp3\" data-type=\"URL\" data-id=\"https:\/\/conadi.gob.gt\/web\/wp-content\/uploads\/2023\/07\/27-07-2023-GUATEMALA-PARA-TODOS.mp3\">\u00abEmprendimientos de Personas con Discapacidad, para un Desarrollo de Pa\u00eds\u00bb <\/a><\/td><td><\/td><\/tr><tr><td><strong>AGOSTO<\/strong><\/td><td><a href=\"https:\/\/conadi.gob.gt\/web\/wp-content\/uploads\/2023\/08\/08-03-2023-guatemala-para-todos.mp3\" data-type=\"URL\" data-id=\"https:\/\/conadi.gob.gt\/web\/wp-content\/uploads\/2023\/08\/08-03-2023-guatemala-para-todos.mp3\">\u00abLas Redes Sociales como medios alternativos para la toma de conciencia en la tem\u00e1tica de discapacidad\u00bb<\/a><\/td><td><a href=\"https:\/\/conadi.gob.gt\/web\/wp-content\/uploads\/2023\/08\/10-08-2023-GUATEMALA-PARA-TODOS.mp3\" data-type=\"URL\" data-id=\"https:\/\/conadi.gob.gt\/web\/wp-content\/uploads\/2023\/08\/10-08-2023-GUATEMALA-PARA-TODOS.mp3\">Juventud con discapacidad como miembros importantes en la sociedad, para una inclusi\u00f3n y diversidad en Guatemala.<\/a><\/td><td><a href=\"https:\/\/conadi.gob.gt\/web\/wp-content\/uploads\/2023\/08\/PROGRAMA-GUATEMALA-PARA-TODOS-17-AGOSTO-FINAL.mp3\" data-type=\"URL\" data-id=\"https:\/\/conadi.gob.gt\/web\/wp-content\/uploads\/2023\/08\/PROGRAMA-GUATEMALA-PARA-TODOS-17-AGOSTO-FINAL.mp3\">Arte dram\u00e1tico inclusivo<\/a><\/td><td><a href=\"https:\/\/conadi.gob.gt\/web\/wp-content\/uploads\/2023\/08\/24-08-2023-GUATEMALA-PARA-TODOS.mp3\" data-type=\"URL\" data-id=\"https:\/\/conadi.gob.gt\/web\/wp-content\/uploads\/2023\/08\/24-08-2023-GUATEMALA-PARA-TODOS.mp3\">\u00abLa tem\u00e1tica de discapacidad es incluida en los&nbsp;Objetivos de Desarrollo Sostenible\u00bb<\/a><\/td><td><a href=\"https:\/\/conadi.gob.gt\/web\/wp-content\/uploads\/2023\/08\/31-08-2023-GUATEMALA-PARA-TODOS-final.mp3\" data-type=\"URL\" data-id=\"https:\/\/conadi.gob.gt\/web\/wp-content\/uploads\/2023\/08\/31-08-2023-GUATEMALA-PARA-TODOS-final.mp3\">\u00abUn &nbsp;periodismo que promueve la inclusi\u00f3n\u00bb<\/a><\/td><\/tr><tr><td><strong>SEPTIEMBRE<\/strong><\/td><td><a href=\"https:\/\/conadi.gob.gt\/web\/wp-content\/uploads\/2023\/09\/07-09-2023-GUATEMALA-PARA-TODOS.mp3\" data-type=\"URL\" data-id=\"https:\/\/conadi.gob.gt\/web\/wp-content\/uploads\/2023\/09\/07-09-2023-GUATEMALA-PARA-TODOS.mp3\">\u00abAlfabetizaci\u00f3n y discapacidad\u00bb<\/a><\/td><td><a href=\"https:\/\/conadi.gob.gt\/web\/wp-content\/uploads\/2023\/09\/14-09-2023-GUATEMALA-PARA-TODOS-final.mp3\" data-type=\"URL\" data-id=\"https:\/\/conadi.gob.gt\/web\/wp-content\/uploads\/2023\/09\/14-09-2023-GUATEMALA-PARA-TODOS-final.mp3\">\u00abImportancia de contar una buena salud ocular desde &nbsp;la infancia&nbsp;\u00ab<\/a><\/td><td><a href=\"https:\/\/conadi.gob.gt\/web\/wp-content\/uploads\/2023\/09\/21-09-2023-GUATEMALA-PARA-TODOS-FINAL.mp3\" data-type=\"URL\" data-id=\"https:\/\/conadi.gob.gt\/web\/wp-content\/uploads\/2023\/09\/21-09-2023-GUATEMALA-PARA-TODOS-FINAL.mp3\">\u201cLengua de Se\u00f1as, mi identidad\u201d.<\/a><\/td><td><a href=\"https:\/\/conadi.gob.gt\/web\/wp-content\/uploads\/2023\/09\/28092023GUATEMALAPARATODOS.mp3\" data-type=\"URL\" data-id=\"https:\/\/conadi.gob.gt\/web\/wp-content\/uploads\/2023\/09\/28092023GUATEMALAPARATODOS.mp3\">\u00abImportancia de contar con una buena salud ocular en el trabajo\u00bb.<\/a><\/td><td><\/td><\/tr><tr><td><strong>OCTUBRE<\/strong><\/td><td><a href=\"https:\/\/conadi.gob.gt\/web\/wp-content\/uploads\/2023\/10\/05-10-2023-GUATEMALA-PARA-TODOS.mp3\" data-type=\"URL\" data-id=\"https:\/\/conadi.gob.gt\/web\/wp-content\/uploads\/2023\/10\/05-10-2023-GUATEMALA-PARA-TODOS.mp3\">\u00abLas personas con par\u00e1lisis cerebral tambi\u00e9n tienen derechos\u00bb.<\/a><\/td><td><a href=\"https:\/\/conadi.gob.gt\/web\/wp-content\/uploads\/2023\/10\/12-10-2023-GUATEMALA-PARA-TODOS.mp3\" data-type=\"URL\" data-id=\"https:\/\/conadi.gob.gt\/web\/wp-content\/uploads\/2023\/10\/12-10-2023-GUATEMALA-PARA-TODOS.mp3\">\u00abEl bast\u00f3n blanco mi independencia, confianza e inclusi\u00f3n\u00bb<\/a><\/td><td><a href=\"https:\/\/conadi.gob.gt\/web\/wp-content\/uploads\/2023\/10\/19-10-2023-GUATEMALA-PARA-TODOS-1.mp3\" data-type=\"URL\" data-id=\"https:\/\/conadi.gob.gt\/web\/wp-content\/uploads\/2023\/10\/19-10-2023-GUATEMALA-PARA-TODOS-1.mp3\">\u00abDerecho al Acceso a la Informaci\u00f3n P\u00fablica\u00bb<\/a><\/td><td><a href=\"https:\/\/conadi.gob.gt\/web\/wp-content\/uploads\/2023\/10\/26-10-2023-guatemala-para-todos.mp3\" data-type=\"URL\" data-id=\"https:\/\/conadi.gob.gt\/web\/wp-content\/uploads\/2023\/10\/26-10-2023-guatemala-para-todos.mp3\">\u00abLa vida independiente de las personas con discapacidad\u00bb<\/a><\/td><td><\/td><\/tr><tr><td><strong>NOVIEMBRE<\/strong><\/td><td><a href=\"https:\/\/conadi.gob.gt\/web\/wp-content\/uploads\/2023\/11\/02-11-2023-GUATEMALA-PARA-TODOS-FINAL.mp3\" data-type=\"URL\" data-id=\"https:\/\/conadi.gob.gt\/web\/wp-content\/uploads\/2023\/11\/02-11-2023-GUATEMALA-PARA-TODOS-FINAL.mp3\">\u00abLa participaci\u00f3n ciudadana, un desaf\u00edo para las personas con discapacidad\u00bb<\/a><\/td><td><a href=\"https:\/\/conadi.gob.gt\/web\/wp-content\/uploads\/2023\/11\/GUATEMALA-PARA-TODOS-9-NOVIEMBRE-2023-FINAL.mp3\" data-type=\"URL\" data-id=\"https:\/\/conadi.gob.gt\/web\/wp-content\/uploads\/2023\/11\/GUATEMALA-PARA-TODOS-9-NOVIEMBRE-2023-FINAL.mp3\">\u00abLa discapacidad y la diabetes, un llamado a la prevenci\u00f3n\u00bb<\/a><\/td><td><a href=\"https:\/\/conadi.gob.gt\/web\/wp-content\/uploads\/2023\/11\/CONADI-PROGRAMA-16-NOVIEMBRE-2023-FINAL.mp3\" data-type=\"URL\" data-id=\"https:\/\/conadi.gob.gt\/web\/wp-content\/uploads\/2023\/11\/CONADI-PROGRAMA-16-NOVIEMBRE-2023-FINAL.mp3\">\u00abLa&nbsp;salud bucal, es importante para todas y todos\u00bb<\/a><\/td><td>\u00ab<a href=\"https:\/\/conadi.gob.gt\/web\/wp-content\/uploads\/2023\/11\/23-11-2023-GUATEMALA-PARA-TODOS.mp3\" data-type=\"URL\" data-id=\"https:\/\/conadi.gob.gt\/web\/wp-content\/uploads\/2023\/11\/23-11-2023-GUATEMALA-PARA-TODOS.mp3\">La visibilidad estad\u00edstica garantiza la plena inclusi\u00f3n de las personas con discapacidad<\/a>\u00ab<\/td><td><a href=\"https:\/\/conadi.gob.gt\/web\/wp-content\/uploads\/2023\/11\/PROGRAMAGUATEMALA-PARA-TODOS-30-NOVI-2023-FINAL.mp3\" data-type=\"URL\" data-id=\"https:\/\/conadi.gob.gt\/web\/wp-content\/uploads\/2023\/11\/PROGRAMAGUATEMALA-PARA-TODOS-30-NOVI-2023-FINAL.mp3\">\u00abLas personas con discapacidad pueden romper estereotipos\u00bb<\/a><\/td><\/tr><tr><td><strong>DICIEMBRE<\/strong><\/td><td><a href=\"https:\/\/conadi.gob.gt\/web\/wp-content\/uploads\/2023\/12\/07-12-2023-GUATEMALA-PARA-TODOS-2.mp3\" data-type=\"URL\" data-id=\"https:\/\/conadi.gob.gt\/web\/wp-content\/uploads\/2023\/12\/07-12-2023-GUATEMALA-PARA-TODOS-2.mp3\">\u00abReconocimiento a los deportistas con discapacidad\u00bb<\/a><\/td><td><a href=\"https:\/\/conadi.gob.gt\/web\/wp-content\/uploads\/2023\/12\/PROGRAMA-GUATEMALA-PARA-TODOS-14-DIC-2023.mp3\" data-type=\"URL\" data-id=\"https:\/\/conadi.gob.gt\/web\/wp-content\/uploads\/2023\/12\/PROGRAMA-GUATEMALA-PARA-TODOS-14-DIC-2023.mp3\">\u00abPrograma de Bolsas de Estudio del CONADI\u00bb<\/a><\/td><td><a href=\"https:\/\/conadi.gob.gt\/web\/wp-content\/uploads\/2023\/12\/PROGRAMA-GUATEMALA-PARA-TODOS-21-DIC-2023.mp3\" data-type=\"URL\" data-id=\"https:\/\/conadi.gob.gt\/web\/wp-content\/uploads\/2023\/12\/PROGRAMA-GUATEMALA-PARA-TODOS-21-DIC-2023.mp3\">\u00abPor unas fiestas de fin de a\u00f1o inclusivas\u00bb<\/a><\/td><td><a href=\"https:\/\/conadi.gob.gt\/web\/wp-content\/uploads\/2023\/12\/PROGRAMA-GUATEMALA-PARA-TODOS-28-DIC-2023.mp3\" data-type=\"URL\" data-id=\"https:\/\/conadi.gob.gt\/web\/wp-content\/uploads\/2023\/12\/PROGRAMA-GUATEMALA-PARA-TODOS-28-DIC-2023.mp3\">\u00abBalance de fin de a\u00f1o, avances y retos en la inclusi\u00f3n con discapacidad\u00bb.<\/a><\/td><td><\/td><\/tr><\/tbody><\/table><\/figure>\n\n\n\n<p class=\"has-text-align-center\"><strong>PROGRAMAS DE RADIO A\u00d1O 2022<\/strong><\/p>\n\n\n\n<div class=\"wp-block-group is-layout-flow wp-block-group-is-layout-flow\">\n<div class=\"wp-block-columns are-vertically-aligned-top is-layout-flex wp-container-core-columns-is-layout-28f84493 wp-block-columns-is-layout-flex\">\n<div class=\"wp-block-column is-vertically-aligned-top is-layout-flow wp-block-column-is-layout-flow\">\n<figure class=\"wp-block-table aligncenter is-style-regular\"><table class=\"has-fixed-layout\"><tbody><tr><td class=\"has-text-align-center\" data-align=\"center\"><strong>ENERO<\/strong><\/td><td><em><a href=\"https:\/\/drive.google.com\/file\/d\/1daZ1ohZaFG6XDQmBhaSZIsUSYju4--Hm\/view?usp=sharing\">Retos para el a\u00f1o 2022<\/a><\/em><\/td><td><em><a href=\"https:\/\/drive.google.com\/file\/d\/16GaOOhDl-X44G9ZoAuOGxuqbv3lQJDjo\/view?usp=sharing\">La Representaci\u00f3n de Guatemala en la RIADIS<\/a><\/em><\/td><td><a href=\"https:\/\/drive.google.com\/file\/d\/11z5y1T2q2UJF2BqB859Ih-QFoWSswLqB\/view?usp=sharing\" target=\"_blank\" rel=\"noreferrer noopener\">Conozcamos el Programa <br \/>Becas de Estudio del CONADI<\/a>                                                 <\/td><td><a href=\"https:\/\/drive.google.com\/file\/d\/1L5nMEcee8_CoYAltzC-wONgvVgvHoXPb\/view?usp=sharing\">Ense\u00f1anza y Aprendizaje de la Lengua de Se\u00f1as de Guatemala <\/a>                                            <\/td><td><\/td><\/tr><tr><td class=\"has-text-align-center\" data-align=\"center\"><strong>FEBRERO<\/strong><\/td><td><a href=\"https:\/\/drive.google.com\/file\/d\/17ilke7TYzssoTuPEh2C5C8SLoP2DgN5S\/view?usp=sharing\">Asociaci\u00f3n de Ciegos Unidos para el Desarrollo 14 a\u00f1os de labor<\/a><\/td><td><a href=\"https:\/\/drive.google.com\/file\/d\/1GwDSkp1bvXtqKmrM7bksbuSvr_pKrHUi\/view?usp=sharing\" data-type=\"URL\" data-id=\"https:\/\/drive.google.com\/file\/d\/1GwDSkp1bvXtqKmrM7bksbuSvr_pKrHUi\/view?usp=sharing\">Siniestralidad y Discapacidad \u00abUn seguro obligatorio para el Transporte P\u00fablico\u00bb<\/a><\/td><td><br \/><a href=\"https:\/\/drive.google.com\/file\/d\/1JNU6oBrlalqmgxMD65Bws7oZfLfePA4n\/view?usp=sharing\" data-type=\"URL\" data-id=\"https:\/\/drive.google.com\/file\/d\/1JNU6oBrlalqmgxMD65Bws7oZfLfePA4n\/view?usp=sharing\">El Diagn\u00f3stico oportuno del S\u00edndrome de Asperger.<\/a><\/td><td><a href=\"https:\/\/drive.google.com\/file\/d\/1CMEz0TMzlamgGC6u2z3VH8jsPiHgLyN5\/view?usp=sharing\">La comisi\u00f3n de Asuntos de Discapacidad y su agenda parlamentaria<\/a><\/td><td><\/td><\/tr><tr><td class=\"has-text-align-center\" data-align=\"center\"><strong>MARZO<\/strong><\/td><td><a href=\"https:\/\/drive.google.com\/file\/d\/14wcd7aJQU4rXrxUcKgHv-HZV1tNqrZnY\/view?usp=sharing\">Enfermedades Raras generadoras de Discapacidad<\/a><\/td><td><a href=\"https:\/\/drive.google.com\/file\/d\/1GMeUvDJfvz_Rm5JJ1jKtJWrim_1_uff7\/view?usp=sharing\">La importancia de la prevenci\u00f3n para evitar la ceguera a causa del Glaucoma<\/a><\/td><td><a href=\"https:\/\/drive.google.com\/file\/d\/1HQzBEiXLLU9kw0fZoqmqNkZMQcK1zIBx\/view?usp=sharing\" data-type=\"URL\" data-id=\"https:\/\/drive.google.com\/file\/d\/1HQzBEiXLLU9kw0fZoqmqNkZMQcK1zIBx\/view?usp=sharing\">San Marcos la Laguna y su Direcci\u00f3n de Atenci\u00f3n a las personas con Discapacidad<\/a><\/td><td><a href=\"https:\/\/drive.google.com\/file\/d\/1q79KGeS_O4hERFySlXh7n6fDFvSfupa5\/view?usp=sharing\" data-type=\"URL\" data-id=\"https:\/\/drive.google.com\/file\/d\/1q79KGeS_O4hERFySlXh7n6fDFvSfupa5\/view?usp=sharing\">\u00abLa Rehabilitaci\u00f3n Integral, un Derecho Fundamental\u00bb, con motivo del d\u00eda marco\u00bb.<\/a><\/td><td><\/td><\/tr><tr><td class=\"has-text-align-center\" data-align=\"center\"><strong>ABRIL<\/strong><\/td><td><br \/><a href=\"https:\/\/drive.google.com\/file\/d\/1gdowTWNLsc1HZuzzzQdVZnhccc87tdPA\/view?usp=sharing\" data-type=\"URL\" data-id=\"https:\/\/drive.google.com\/file\/d\/1gdowTWNLsc1HZuzzzQdVZnhccc87tdPA\/view?usp=sharing\">Barreras y Desaf\u00edos que presenta una Persona con Autismo<\/a><\/td><td><a href=\"https:\/\/drive.google.com\/file\/d\/1D3VzG7uRP0b7mVy8uFg_FlZDKiFcTGDi\/view?usp=sharing\" data-type=\"URL\" data-id=\"https:\/\/drive.google.com\/file\/d\/1D3VzG7uRP0b7mVy8uFg_FlZDKiFcTGDi\/view?usp=sharing\">\u00abLa Reactivaci\u00f3n de la Mesa Tem\u00e1tica de Discapacidad\u00bb.&nbsp;<\/a><\/td><td><a href=\"https:\/\/drive.google.com\/file\/d\/1PyOmzObRU5KPq0CTsM-i2ODN7MuPXqf6\/view?usp=sharing\" data-type=\"URL\" data-id=\"https:\/\/drive.google.com\/file\/d\/1PyOmzObRU5KPq0CTsM-i2ODN7MuPXqf6\/view?usp=sharing\">&nbsp;\u00abReflexiones de Semana Santa\u00bb<\/a><\/td><td><a href=\"https:\/\/drive.google.com\/file\/d\/1aQu97FZl6cz06xS7vcR3QVM9fK7bH_ci\/view?usp=sharing\" data-type=\"URL\" data-id=\"https:\/\/drive.google.com\/file\/d\/1aQu97FZl6cz06xS7vcR3QVM9fK7bH_ci\/view?usp=sharing\">\u00abEl Registro de Personas con Discapacidad de San Jer\u00f3nimo Baja Verapaz, para la inclusi\u00f3n en programas integrales\u00bb.<\/a><\/td><td><a href=\"https:\/\/drive.google.com\/file\/d\/1s1XMWmQsl-3Q9V__LoH9_5Gj7S8yo2ap\/view?usp=sharing\" data-type=\"URL\" data-id=\"https:\/\/drive.google.com\/file\/d\/1s1XMWmQsl-3Q9V__LoH9_5Gj7S8yo2ap\/view?usp=sharing\">Avances en la Alfabetizaci\u00f3n        de las Personas con Discapacidad <\/a>                                     <\/td><\/tr><tr><td class=\"has-text-align-center\" data-align=\"center\"><strong>MAYO<\/strong><\/td><td><a href=\"https:\/\/drive.google.com\/file\/d\/1pkR9clnZwfOnvE9Gz7wPKIxU-rPZu8CM\/view?usp=sharing\" data-type=\"URL\" data-id=\"https:\/\/drive.google.com\/file\/d\/1pkR9clnZwfOnvE9Gz7wPKIxU-rPZu8CM\/view?usp=sharing\">Avances de Municipalidades en la implementaci\u00f3n de medidas de accesibilidad.&nbsp;<\/a><\/td><td><a href=\"https:\/\/drive.google.com\/file\/d\/1r5A7iUkB23cBN4TqRqTewNyam8VtGizZ\/view?usp=sharing\" data-type=\"URL\" data-id=\"https:\/\/drive.google.com\/file\/d\/1r5A7iUkB23cBN4TqRqTewNyam8VtGizZ\/view?usp=sharing\">Interculturalidad y la discapacidad<\/a><\/td><td><a href=\"https:\/\/drive.google.com\/file\/d\/15t8umwZgxjJxfLdzu1H_ELxiybM8Kbqa\/view?usp=sharing\" data-type=\"URL\" data-id=\"https:\/\/drive.google.com\/file\/d\/15t8umwZgxjJxfLdzu1H_ELxiybM8Kbqa\/view?usp=sharing\">\u00abLa cooperaci\u00f3n Internacional y su importancia en el cumplimiento de Derechos\u00bb<\/a><\/td><td><a href=\"https:\/\/drive.google.com\/file\/d\/11krVuncvVyQzae9RmUGEOv6m6498WZCM\/view?usp=sharing\" data-type=\"URL\" data-id=\"https:\/\/drive.google.com\/file\/d\/11krVuncvVyQzae9RmUGEOv6m6498WZCM\/view?usp=sharing\">\u00ab25 a\u00f1os del CONADI, con motivo del aniversario de la instituci\u00f3n\u00bb<\/a><\/td><td><\/td><\/tr><tr><td class=\"has-text-align-center\" data-align=\"center\"><strong>JUNIO<\/strong><\/td><td><a href=\"https:\/\/drive.google.com\/file\/d\/1m5bW1RwEdHyXl_waKqVZR6mCagyZ4XPo\/view?usp=sharing\" data-type=\"URL\" data-id=\"https:\/\/drive.google.com\/file\/d\/1m5bW1RwEdHyXl_waKqVZR6mCagyZ4XPo\/view?usp=sharing\">La Esclerosis M\u00faltiple en su d\u00eda marco<\/a><\/td><td><a href=\"https:\/\/drive.google.com\/file\/d\/1whIPX0HxxUZhfRV26mOqvPGek6WdTU6_\/view?usp=sharing\" data-type=\"URL\" data-id=\"https:\/\/drive.google.com\/file\/d\/1whIPX0HxxUZhfRV26mOqvPGek6WdTU6_\/view?usp=sharing\">El proceso del segundo examen de pa\u00eds respecto al cumplimiento de los derechos de las personas con discapacidad.<\/a><\/td><td><a href=\"https:\/\/drive.google.com\/file\/d\/1USsuQobQW109nChhESROiqE5go-HFcUg\/view?usp=sharing\" data-type=\"URL\" data-id=\"https:\/\/drive.google.com\/file\/d\/1USsuQobQW109nChhESROiqE5go-HFcUg\/view?usp=sharing\">\u00abLanzamiento T\u00e9cnico del Centro de Atenci\u00f3n Integral para Personas con Discapacidad\u00bb en San Jer\u00f3nimo Baja Verapaz.<\/a><\/td><td><a href=\"https:\/\/drive.google.com\/file\/d\/1Kgm1V0sc_mn7lieL23FPz7flCc11v5uN\/view?usp=sharing\" data-type=\"URL\" data-id=\"https:\/\/drive.google.com\/file\/d\/1Kgm1V0sc_mn7lieL23FPz7flCc11v5uN\/view?usp=sharing\">\u00abConozcamos m\u00e1s sobre el Memorando entre World Vision y CONADI\u00bb<\/a><\/td><td><a href=\"https:\/\/drive.google.com\/file\/d\/1J2l_GozauKolflWGuR7UmVlYVVTRzFg3\/view?usp=sharing\" data-type=\"URL\" data-id=\"https:\/\/drive.google.com\/file\/d\/1J2l_GozauKolflWGuR7UmVlYVVTRzFg3\/view?usp=sharing\">\u00abLas Personas con Discapacidad y su aporte en la prevenci\u00f3n durante la temporada de lluvias\u00bb<\/a><\/td><\/tr><tr><td class=\"has-text-align-center\" data-align=\"center\"><strong>JULIO<\/strong><\/td><td><a href=\"https:\/\/drive.google.com\/file\/d\/1waLUIIXMW_N2v-lM0z4a2WN_XSSWiBkd\/view?usp=sharing\" data-type=\"URL\" data-id=\"https:\/\/drive.google.com\/file\/d\/1waLUIIXMW_N2v-lM0z4a2WN_XSSWiBkd\/view?usp=sharing\">\u00abReformas a la Legislaci\u00f3n Nacional para la Implementaci\u00f3n del Tratado de Marrakech\u00bb<\/a><\/td><td><a href=\"https:\/\/drive.google.com\/file\/d\/1p4NDl3IawE1n9756eXb6ZoplWC-FLi0q\/view?usp=sharing\" data-type=\"URL\" data-id=\"https:\/\/drive.google.com\/file\/d\/1p4NDl3IawE1n9756eXb6ZoplWC-FLi0q\/view?usp=sharing\">\u00abInclusi\u00f3n al Deporte e informaci\u00f3n accesible para personas con discapacidad, en el marco de la suscripci\u00f3n de carta de entendimiento entre el CONADI y Cronistas Deportivos Guatemaltecos\u00bb<\/a><\/td><td><a href=\"https:\/\/drive.google.com\/file\/d\/12JzWLgSNzDwnKgt4zj3_wu6DVvo5OyE1\/view?usp=sharing\" data-type=\"URL\" data-id=\"https:\/\/drive.google.com\/file\/d\/12JzWLgSNzDwnKgt4zj3_wu6DVvo5OyE1\/view?usp=sharing\">\u00abLos Ajustes Razonables para la Inclusi\u00f3n Laboral de las Personas con Discapacidad\u00bb<\/a><\/td><td><a href=\"https:\/\/drive.google.com\/file\/d\/1jLYdlvijs7A7mGaaLJE2-fFpZ8_VABto\/view?usp=sharing\" data-type=\"URL\" data-id=\"https:\/\/drive.google.com\/file\/d\/1jLYdlvijs7A7mGaaLJE2-fFpZ8_VABto\/view?usp=sharing\">\u00abEn el marco del D\u00eda mundial contra la trata de personas y el convenio entre la SVET y el CONADI\u00bb<\/a><\/td><td><\/td><\/tr><tr><td class=\"has-text-align-center\" data-align=\"center\"><strong>AGOSTO<\/strong><\/td><td><a href=\"https:\/\/drive.google.com\/file\/d\/1rDMgXhxSXfj8eoXcs4tKdLdglbznP2h_\/view?usp=sharing\" data-type=\"URL\" data-id=\"https:\/\/drive.google.com\/file\/d\/1rDMgXhxSXfj8eoXcs4tKdLdglbznP2h_\/view?usp=sharing\">\u00abLa Importancia de la Nutrici\u00f3n en la Ni\u00f1ez para prevenir la discapacidad\u00bb<\/a><\/td><td><a href=\"https:\/\/drive.google.com\/file\/d\/1riECcrfNXYJEqvPKgBoT73T8efeW6m2T\/view?usp=sharing\" data-type=\"URL\" data-id=\"https:\/\/drive.google.com\/file\/d\/1riECcrfNXYJEqvPKgBoT73T8efeW6m2T\/view?usp=sharing\">\u00abConozcamos sobre SIMOREG, herramienta utilizada para informar sobre el avance en el cumplimiento de derechos\u00bb<\/a><\/td><td><a href=\"https:\/\/drive.google.com\/file\/d\/16A6NQw7kbVGiQnEh2Qcw9joNbxUgtfGr\/view?usp=sharing\" data-type=\"URL\" data-id=\"https:\/\/drive.google.com\/file\/d\/16A6NQw7kbVGiQnEh2Qcw9joNbxUgtfGr\/view?usp=sharing\">\u00abLos avances y desaf\u00edos&nbsp;de la Educaci\u00f3n Superior para las personas con Discapacidad\u00bb<\/a><\/td><td><a href=\"https:\/\/drive.google.com\/file\/d\/19JXOgl2eRwH52QCKhNydwqTonoMmPRU0\/view?usp=sharing\" data-type=\"URL\" data-id=\"https:\/\/drive.google.com\/file\/d\/19JXOgl2eRwH52QCKhNydwqTonoMmPRU0\/view?usp=sharing\">\u00abEl proyecto de iniciativa de ley de Accesibilidad Universal para&nbsp; Personas con Discapacidad\u00bb<\/a><\/td><td><\/td><\/tr><tr><td class=\"has-text-align-center\" data-align=\"center\"><strong>SEPTIEMBRE<\/strong><\/td><td><a href=\"https:\/\/drive.google.com\/file\/d\/1opxO1ehK_C35wT2ocPEIV5TaQASuRm0A\/view?usp=sharing\" data-type=\"URL\" data-id=\"https:\/\/drive.google.com\/file\/d\/1opxO1ehK_C35wT2ocPEIV5TaQASuRm0A\/view?usp=sharing\">\u00abDemocracia Inclusiva, para el cumplimiento de derechos\u00bb.<\/a><\/td><td><a href=\"https:\/\/drive.google.com\/file\/d\/1jNvdVpysNMHQUHwnLZlZAmLnH_k6nqoP\/view?usp=sharing\" data-type=\"URL\" data-id=\"https:\/\/drive.google.com\/file\/d\/1jNvdVpysNMHQUHwnLZlZAmLnH_k6nqoP\/view?usp=sharing\">\u00abLa Importancia del Liderazgo de las personas con discapacidad en la sociedad\u00bb<\/a><\/td><td><a href=\"https:\/\/drive.google.com\/file\/d\/1XHODNlnkOjow1FcL6Zwu05mkt0H9nnDm\/view?usp=sharing\" data-type=\"URL\" data-id=\"https:\/\/drive.google.com\/file\/d\/1XHODNlnkOjow1FcL6Zwu05mkt0H9nnDm\/view?usp=sharing\">\u00abEntrada en Vigencia del acuerdo sobre la Certificaci\u00f3n de las Personas con Discapacidad\u00bb<\/a><\/td><td><a href=\"https:\/\/drive.google.com\/file\/d\/1B5OiwtxuIPCTnu43Jwn8lMIEthLHUXPs\/view?usp=sharing\" data-type=\"URL\" data-id=\"https:\/\/drive.google.com\/file\/d\/1B5OiwtxuIPCTnu43Jwn8lMIEthLHUXPs\/view?usp=sharing\">\u00abLas Lenguas de Se\u00f1as nos Unen y conoceremos avances en la implementaci\u00f3n de Lensegua en la institucionalidad p\u00fablica\u00bb<\/a><\/td><td><a href=\"https:\/\/drive.google.com\/file\/d\/1766kq3utxorW9I6jaOd07pnnjoT12HQl\/view?usp=sharing\" data-type=\"URL\" data-id=\"https:\/\/drive.google.com\/file\/d\/1766kq3utxorW9I6jaOd07pnnjoT12HQl\/view?usp=sharing\">\u00abEstrategia de Accesibilidad Universal al Patrimonio Cultural de Guatemala\u00bb<\/a><\/td><\/tr><tr><td class=\"has-text-align-center\" data-align=\"center\"><strong>OCTUBRE<\/strong><\/td><td><a href=\"https:\/\/drive.google.com\/file\/d\/1dQVdk8Xn2rt6ZQghd6nHDStOLLPv2QMP\/view?usp=sharing\" data-type=\"URL\" data-id=\"https:\/\/drive.google.com\/file\/d\/1dQVdk8Xn2rt6ZQghd6nHDStOLLPv2QMP\/view?usp=sharing\">D\u00eda Mundial de la Visi\u00f3n<\/a><\/td><td><a href=\"https:\/\/drive.google.com\/file\/d\/1jQRWwgAXS_7fq-BL_YHPbwIWrWN_Q3hL\/view?usp=sharing\" data-type=\"URL\" data-id=\"https:\/\/drive.google.com\/file\/d\/1jQRWwgAXS_7fq-BL_YHPbwIWrWN_Q3hL\/view?usp=sharing\">El Bast\u00f3n Blanco,  nos permite a las Personas con Discapacidad Visual acceder a un Mundo Mejor<\/a><\/td><td><a href=\"https:\/\/drive.google.com\/file\/d\/1adyeXRmWDMSItkAq_b-Sx1UO4FVIWlJi\/view?usp=sharing\" data-type=\"URL\" data-id=\"https:\/\/drive.google.com\/file\/d\/1adyeXRmWDMSItkAq_b-Sx1UO4FVIWlJi\/view?usp=sharing\">&nbsp;\u00abEl Involucramiento de las personas con discapacidad ante situaciones de riesgo\u00bb<\/a><\/td><td><a href=\"https:\/\/drive.google.com\/file\/d\/1wVFQdkkLpMhU7I0dJRICBne0xwlZlrMJ\/view?usp=sharing\" data-type=\"URL\" data-id=\"https:\/\/drive.google.com\/file\/d\/1wVFQdkkLpMhU7I0dJRICBne0xwlZlrMJ\/view?usp=sharing\">Las demandas de las personas con secuelas de polio y s\u00edndrome Postpolio.<\/a><\/td><td><\/td><\/tr><tr><td class=\"has-text-align-center\" data-align=\"center\"><strong>NOVIEMBRE<\/strong><\/td><td><a href=\"https:\/\/drive.google.com\/file\/d\/1Dm6v4EIPtrQOEjYTJSE0PAO4XQyk1mcQ\/view?usp=sharing\" data-type=\"URL\" data-id=\"https:\/\/drive.google.com\/file\/d\/1Dm6v4EIPtrQOEjYTJSE0PAO4XQyk1mcQ\/view?usp=sharing\">La generaci\u00f3n de Datos Estad\u00edsticos para la Inclusi\u00f3n de las Personas con Discapacidad<\/a><\/td><td><a href=\"https:\/\/drive.google.com\/file\/d\/1oDHRP8wgcWMpWMlPKxqXjF6Ie5JTlKhN\/view?usp=sharing\" data-type=\"URL\" data-id=\"https:\/\/drive.google.com\/file\/d\/1oDHRP8wgcWMpWMlPKxqXjF6Ie5JTlKhN\/view?usp=sharing\">\u00abLa Formulaci\u00f3n de proyectos sociales inclusivos\u00bb<\/a><\/td><td><a href=\"https:\/\/drive.google.com\/file\/d\/1P97ImZELzBN5ONnPMl9PWNM2D3IEYvcs\/view?usp=sharing\" data-type=\"URL\" data-id=\"https:\/\/drive.google.com\/file\/d\/1P97ImZELzBN5ONnPMl9PWNM2D3IEYvcs\/view?usp=sharing\">\u00abLocutores profesionales y su contribuci\u00f3n para la implementaci\u00f3n del Tratado de Marrakech\u00bb<\/a><\/td><td><a href=\"https:\/\/drive.google.com\/file\/d\/11E6J1VAAn6T7cLQpTOas839gbvHHMEvr\/view?usp=sharing\" data-type=\"URL\" data-id=\"https:\/\/drive.google.com\/file\/d\/11E6J1VAAn6T7cLQpTOas839gbvHHMEvr\/view?usp=sharing\">\u00abAccidentes de tr\u00e1nsito y discapacidad\u00bb con motivo del d\u00eda mundial de las v\u00edctimas de accidentes de tr\u00e1nsito<\/a><\/td><td><\/td><\/tr><tr><td class=\"has-text-align-center\" data-align=\"center\"><strong>DICIEMBRE<\/strong><\/td><td><a href=\"https:\/\/drive.google.com\/file\/d\/1LHzzN1L2t8myS-fG7FpKYagtnhQz_toX\/view?usp=sharing\" data-type=\"URL\" data-id=\"https:\/\/drive.google.com\/file\/d\/1LHzzN1L2t8myS-fG7FpKYagtnhQz_toX\/view?usp=sharing\">\u00abEmisi\u00f3n de sello conmemorativo por los 25 a\u00f1os del CONADI\u00bb<\/a><\/td><td><a href=\"https:\/\/drive.google.com\/file\/d\/12_Ee5tP7H2zMfMQhaWcdODwHXXOJmGvE\/view?usp=sharing\" data-type=\"URL\" data-id=\"https:\/\/drive.google.com\/file\/d\/12_Ee5tP7H2zMfMQhaWcdODwHXXOJmGvE\/view?usp=sharing\">\u00abDerecho al Deporte recreativo y de alto rendimiento, con motivo del D\u00eda del Deportista\u00bb.&nbsp;<\/a><\/td><td><a href=\"https:\/\/drive.google.com\/file\/d\/1u_NNDWOl-74__1nLbFrEZI_hfRksDJrd\/view?usp=sharing\" data-type=\"URL\" data-id=\"https:\/\/drive.google.com\/file\/d\/1u_NNDWOl-74__1nLbFrEZI_hfRksDJrd\/view?usp=sharing\">Consejo Consultivo de Personas con Discapacidad, de Naciones Unidas.<\/a><\/td><td><a href=\"https:\/\/drive.google.com\/file\/d\/1Wiww_6ZOTa0-sF3ridCr0jdy6bgUpRPp\/view?usp=sharing\" data-type=\"URL\" data-id=\"https:\/\/drive.google.com\/file\/d\/1Wiww_6ZOTa0-sF3ridCr0jdy6bgUpRPp\/view?usp=sharing\">Especial de Navidad<\/a><\/td><td><a href=\"https:\/\/drive.google.com\/file\/d\/1ZoPgv12ag6Ixef5VKYyuVOrYbGzkTed6\/view?usp=sharing\" data-type=\"URL\" data-id=\"https:\/\/drive.google.com\/file\/d\/1ZoPgv12ag6Ixef5VKYyuVOrYbGzkTed6\/view?usp=sharing\">Avances y desaf\u00edos del Conadi<\/a><\/td><\/tr><\/tbody><\/table><\/figure>\n<\/div>\n<\/div>\n\n\n\n<p><\/p>\n<\/div>\n\n\n\n<p><\/p>\n\n\n\n<p><\/p>\n\n\n<h3 style=\"text-align: center;\"><span style=\"font-size: 18pt;\"><em>PROGRAMAS DE RADIO&nbsp; A\u00d1O 2021<\/em><\/span><\/h3>\n<table width=\"910\">\n<tbody>\n<tr>\n<td width=\"105\"><strong>Enero<\/strong><\/td>\n<td width=\"183\"><a href=\"https:\/\/drive.google.com\/file\/d\/1SkTf1pM_kXD_35gEFPismmUzX6qPY-PS\/view?usp=sharing\">Toma de posesi\u00f3n de la Junta Directiva 2021-2023 y temas prioritarios que dar\u00e1n&nbsp;seguimiento sobre discapacidad.<\/a><\/td>\n<td width=\"168\"><a href=\"https:\/\/drive.google.com\/file\/d\/1AaH4XIGnwM-vmoMAI3U1rdWsL_2LUwUh\/view?usp=sharing\">Los Desaf\u00edos de la discapacidad para el 2021.<\/a><\/td>\n<td width=\"159\"><a href=\"https:\/\/drive.google.com\/file\/d\/19yCT-SxhqEMt0OgM6p4nuZdu9gnd7_tZ\/view?usp=sharing\">Feria de Empleo para las Personas con Discapacidad<\/a><\/td>\n<td width=\"140\"><a href=\"https:\/\/drive.google.com\/file\/d\/1oh-Y1LhSyCqlhXwORk11oz9O06euOOYl\/view?usp=sharing\">En el marco del d\u00eda internacional de la Educaci\u00f3n, los avances en la inclusi\u00f3n de las personas con discapacidad<\/a><\/td>\n<td width=\"142\">&nbsp;<\/td>\n<\/tr>\n<tr>\n<td width=\"105\"><strong>Febrero<\/strong><\/td>\n<td width=\"183\"><a href=\"https:\/\/drive.google.com\/file\/d\/1HiXTPpcDyEoZLyhBpj9JuUyHnAws55c2\/view?usp=sharing\">D\u00eda del C\u00e1ncer, una enfermedad generadora de discapacidad<\/a><\/td>\n<td width=\"168\"><a href=\"https:\/\/drive.google.com\/file\/d\/1Wy3Ka5zvTz-4SuFmBGAdZQ9uuUhBIyZE\/view?usp=sharing\">Un acercamiento con la Comisi\u00f3n de Asuntos de Discapacidad del Congreso<\/a><\/td>\n<td width=\"159\"><a href=\"https:\/\/drive.google.com\/file\/d\/13YPb-tv7vQ88Ir1OPq4OolmPQ52GLUPm\/view?usp=sharing\">D\u00eda de la observancia del S\u00edndrome de Asperger<\/a><\/td>\n<td width=\"140\"><a href=\"https:\/\/drive.google.com\/file\/d\/137mMJCgD-vJMavbG15MxQuifsnEn1sue\/view?usp=sharing\">Las Enfermedades Raras en su d\u00eda marco<\/a><\/td>\n<td width=\"142\">&nbsp;<\/td>\n<\/tr>\n<tr>\n<td width=\"105\"><strong>Marzo<\/strong><\/td>\n<td width=\"183\"><a href=\"https:\/\/drive.google.com\/file\/d\/1NQHPtotHCI29HjHn6jB72lzwu1pFE3tS\/view?usp=sharing\">\u00abLa mujer con discapacidad y la superaci\u00f3n de las barreras sociales\u00bb.<\/a><\/td>\n<td width=\"168\"><a href=\"https:\/\/drive.google.com\/file\/d\/1Wz8mOomH1gNpzxw_RFhI5cl1idLMc9Mx\/view?usp=sharing\">\u00abUna Alianza inclusiva suscrita entre Correos y Conadi\u00bb<\/a><\/td>\n<td width=\"159\"><a href=\"https:\/\/drive.google.com\/file\/d\/1NiLohwAjOPaKFS5m9ea-NawfCsUuF0TP\/view?usp=sharing\">\u00abLas Personas con S\u00edndrome de Down\u00bb<\/a><\/td>\n<td width=\"140\"><a href=\"https:\/\/drive.google.com\/file\/d\/1vOQdXfCHyngNqvach-wrNLb89K_aOh44\/view?usp=sharing\">\u00abLa Creaci\u00f3n de Oficinas Municipales de Discapacidad , un avance en el cumplimiento de derechos\u00bb<\/a><\/td>\n<td width=\"142\">&nbsp;<\/td>\n<\/tr>\n<tr>\n<td width=\"105\"><strong>Abril<\/strong><\/td>\n<td width=\"183\"><a href=\"https:\/\/drive.google.com\/file\/d\/1OzEpPvpmWCklKkVlvzEoYX1RNLzcz21F\/view?usp=drivesdk\">Semana Santa y las Personas con Discapacidad<\/a><\/td>\n<td width=\"168\"><a href=\"https:\/\/drive.google.com\/file\/d\/15XjlOzt8rSK4FOPwodFBMAh-DeunEb1t\/view?usp=sharing\">La Vulneraci\u00f3n de los sentidos ante la Arena Volc\u00e1nica, en prevenci\u00f3n de la discapacidad.<\/a><\/td>\n<td width=\"159\"><a href=\"https:\/\/drive.google.com\/file\/d\/1RxBvstAhTeDy46zND_zqIWIzf9BxQe0b\/view?usp=sharing\">Lanzamiento del Registro de acceso de tecnolog\u00edas de asistencia (rATA).<\/a><\/td>\n<td width=\"140\"><a href=\"https:\/\/drive.google.com\/file\/d\/1_kFC5qZdOITJRmO4qL1A7RTG-BHd6UUo\/view?usp=sharing\">RENAP&nbsp; y su atenci\u00f3n a las personas con discapacidad.<\/a><\/td>\n<td width=\"142\"><a href=\"https:\/\/drive.google.com\/file\/d\/1CKv6jOe8Gdjdolmm7MIPgHXpsunXSH9f\/view?usp=sharing\">\u00abModelos de Atenci\u00f3n de Salud Mental en Guatemala\u00bb<\/a><\/td>\n<\/tr>\n<tr>\n<td width=\"105\"><strong>Mayo<\/strong><\/td>\n<td width=\"183\"><a href=\"https:\/\/drive.google.com\/file\/d\/1DcHOnuEgNX2UFVhoGY-DpUYqCeMwXtzk\/view?usp=sharing\">Los Avances y realidad de las oportunidades laborales para personas con discapacidad. <\/a><\/td>\n<td width=\"168\"><a href=\"https:\/\/drive.google.com\/file\/d\/1xc4q0bFDWlpfDM8-n6Cc1F-DzmeYCKiI\/view?usp=sharing\">La Inclusi\u00f3n de las personas con discapacidad en los planes de prevenci\u00f3n ante desastres.<\/a><\/td>\n<td width=\"159\"><a href=\"https:\/\/drive.google.com\/file\/d\/1vFsB5FI49MY-J9MnxBy5BZjOPuBmUF1n\/view?usp=sharing\">Apoyo Emocional ante emergencia y crisis en el marco del curso virtual de Voz en Voz<\/a><\/td>\n<td width=\"140\"><a href=\"https:\/\/drive.google.com\/file\/d\/17QEkbCHw2D97Lq3PP3aEqMewOD7nFjHi\/view?usp=sharing\">\u00abLos avances y demandas de la poblaci\u00f3n con discapacidad, en el marco de los 24 a\u00f1os de labor del CONADI\u00bb<\/a><\/td>\n<td width=\"142\">&nbsp;<\/td>\n<\/tr>\n<tr>\n<td width=\"105\"><strong>Junio<\/strong><\/td>\n<td width=\"183\"><a href=\"https:\/\/drive.google.com\/file\/d\/1znsTXQrJHhQA2F5PQQE2DkmV9P3pd5Hh\/view?usp=sharing\">Una Educaci\u00f3n Superior Inclusiva<\/a><\/td>\n<td width=\"168\"><a href=\"https:\/\/drive.google.com\/file\/d\/1KsgP75WQ6iDR4ydaPo25XYvmrE1cltr_\/view?usp=sharing\">\u00abEl Derecho a la salud de las personas con discapacidad y el acceso a la vacuna contra el COVID-19\u00bb<\/a><\/td>\n<td width=\"159\"><a href=\"https:\/\/drive.google.com\/file\/d\/1V8Y9FZW6CdgVjVyD60ONJhfDPo8y-gfH\/view?usp=sharing\">&nbsp;\u00abAvances clasificatorios de los Paratletas&nbsp;Nacionales rumbo a Tokio 2021.\u00bb<\/a><\/td>\n<td width=\"140\"><a href=\"https:\/\/drive.google.com\/file\/d\/15P1udaXkF24VcKdTSrbH0I1Z1P8oACjM\/view?usp=sharing\">\u00abEl d\u00eda internacional de las personas con Sordoceguera\u00bb<\/a><\/td>\n<td width=\"142\">&nbsp;<\/td>\n<\/tr>\n<tr>\n<td width=\"105\"><strong>Julio<\/strong><\/td>\n<td width=\"183\"><a href=\"https:\/\/drive.google.com\/file\/d\/1Lexa7Qk4FWVGl6N9AlZM2OcBzJFTFdNO\/view?usp=sharing\">\u00abLa Inclusi\u00f3n de las Personas con Discapacidad en los planes de prevenci\u00f3n de riesgo\u00bb<\/a><\/td>\n<td width=\"168\"><a href=\"https:\/\/drive.google.com\/file\/d\/11Z7W1YXnf9aeE_tcX22OBsSqjFbB0rnB\/view?usp=sharing\">\u00abInvolucramiento de las Personas con Discapacidad en la formulaci\u00f3n de una Pol\u00edtica Migratoria\u00bb<\/a><\/td>\n<td width=\"159\"><a href=\"https:\/\/drive.google.com\/file\/d\/1uO9eC_si7fH5T0nx3Ebspcsdk4FzoYPX\/view?usp=sharing\">\u00abCooperaci\u00f3n Internacional y su rol en el cumplimiento de los Derechos de las Personas con Discapacidad\u00bb<\/a><\/td>\n<td width=\"140\"><a href=\"https:\/\/drive.google.com\/file\/d\/1NxN06fxFUHj3OJnBUGJ53nCGx8nHYBP4\/view?usp=sharing\">\u00abAccesibilidad Universal\u00bb<\/a><\/td>\n<td width=\"142\"><a href=\"https:\/\/drive.google.com\/file\/d\/1ru-PZFupXFCeGIcSLcV8bN09DtP01fFW\/view?usp=sharing\">Intercambio de Experiencias sobre discapacidad entre Costa Rica y Guatemala. <\/a><\/td>\n<\/tr>\n<tr>\n<td width=\"105\"><strong>Agosto<\/strong><\/td>\n<td width=\"183\"><a href=\"https:\/\/drive.google.com\/file\/d\/12JnOtzK6Nzw41XPPl_itUXJqyJPyzVsa\/view?usp=sharing\">\u00abLa Inclusi\u00f3n de las Personas con Discapacidad en la pol\u00edtica municipal para la prevenci\u00f3n de la violencia y el delito\u00bb<\/a><\/td>\n<td width=\"168\"><a href=\"https:\/\/drive.google.com\/file\/d\/1MXW_490gB3rP7aeasDyiX1v9hwq8AluV\/view?usp=sharing\">\u00abRetos de la Juventud con Discapacidad\u00bb<\/a><\/td>\n<td width=\"159\"><a href=\"https:\/\/drive.google.com\/file\/d\/1ZowDH0XF-iQi_CZm1ovQmbdq40abYWFU\/view?usp=sharing\">\u00abJuegos Paral\u00edmpicos, Acceso al Deporte, Igualdad y promoci\u00f3n de derechos\u00bb<\/a><\/td>\n<td width=\"140\"><a href=\"https:\/\/drive.google.com\/file\/d\/1vjW216AH3A8gpGLYmAsnFKB0Qqw7v-rg\/view?usp=sharing\">\u00abMonitoreo y Evaluaci\u00f3n de la Pol\u00edtica Nacional de Discapacidad\u00bb<\/a><\/td>\n<td width=\"142\">&nbsp;<\/td>\n<\/tr>\n<tr>\n<td width=\"105\"><strong>Septiembre<\/strong><\/td>\n<td width=\"183\"><a href=\"https:\/\/drive.google.com\/file\/d\/1MiSDon1LVdYRzJqc9z-GDW_NVz6-PpgU\/view?usp=sharing\">Las Personas con Discapacidad y su participaci\u00f3n en la vida pol\u00edtica y p\u00fablica\u00bb<\/a><\/td>\n<td width=\"168\"><a href=\"https:\/\/drive.google.com\/file\/d\/1vDhKWsZPm-0xuWkFuGPBJTqw8cJDyaFp\/view?usp=sharing\">\u00abHablemos del Proyecto Vida Independiente\u00bb<\/a><\/td>\n<td width=\"159\"><a href=\"https:\/\/drive.google.com\/file\/d\/1GfGZF8B5gncDe_50Z53WdvZ6QHViq_0s\/view?usp=sharing\">\u00abTercer Informe de Pa\u00eds CIADDIS\u00bb<\/a><\/td>\n<td width=\"140\"><a href=\"https:\/\/drive.google.com\/file\/d\/1AnoVaF2m3IWWsPqA-yR1vCvXaoOKPV02\/view?usp=sharing\">\u00abEl D\u00eda Nacional de la Lengua de Se\u00f1as\u00bb<\/a><\/td>\n<td width=\"142\"><a href=\"https:\/\/drive.google.com\/file\/d\/1kGYpOipM6tzWuPIugDulHRXgWIfCB2fr\/view?usp=sharing\">\u00abA 5 A\u00f1os del Tratado de Marrakech\u00bb<\/a><\/td>\n<\/tr>\n<tr>\n<td width=\"105\"><strong>Octubre<\/strong><\/td>\n<td width=\"183\"><a href=\"https:\/\/drive.google.com\/file\/d\/1XgHrbp7j8XNnw3cL-7zP-mRIMFcFXxrN\/view?usp=sharing\">\u00abEnfermedades invisibles, generadoras de discapacidad\u00bb<\/a><\/td>\n<td width=\"168\"><a href=\"https:\/\/drive.google.com\/file\/d\/1ugh76VLa2T4ml65965bzrnwb7kcOz-O8\/view?usp=sharing\">\u00abEl Bast\u00f3n Blanco y la autonom\u00eda que brinda a las personas ciegas\u00bb<\/a><\/td>\n<td width=\"159\"><a href=\"https:\/\/drive.google.com\/file\/d\/1Py1z-rOpbchISOh02xi4KTLX65aoCICi\/view?usp=sharing\">\u00abMujeres Ind\u00edgenas con discapacidad y su inclusi\u00f3n social\u00bb<\/a><\/td>\n<td width=\"140\"><a href=\"https:\/\/drive.google.com\/file\/d\/1fy7hzq3YGy8B7wHZ0CLlegffWotKtz61\/view?usp=sharing\">\u00abEl Derecho a la vida art\u00edstica y cultural de las personas con discapacidad, en el marco del D\u00eda del artista nacional.\u00bb<\/a><\/td>\n<td width=\"142\">&nbsp;<\/td>\n<\/tr>\n<tr>\n<td width=\"105\"><strong>Noviembre<\/strong><\/td>\n<td width=\"183\"><a href=\"https:\/\/drive.google.com\/file\/d\/11K2WF1BjPyKUwKo7tp2NmRcWRMNQFlAK\/view?usp=sharing\">\u00abLa Nutrici\u00f3n como estrategia para prevenir la Discapacidad\u00bb<\/a><\/td>\n<td width=\"168\"><a href=\"https:\/\/drive.google.com\/file\/d\/1weHmq9z24rISaxKGgfk7wirv3XecxbSB\/view?usp=sharing\">\u00abRecomendaciones para el cumplimiento de los derechos de la ni\u00f1ez con discapacidad\u00bb<\/a><\/td>\n<td width=\"159\"><a href=\"https:\/\/drive.google.com\/file\/d\/15aH6O5BNdJFWVYyQYrSMgPLfRlf0c4mD\/view?usp=sharing\">\u00abLa accesibilidad, un derecho que garantiza la participaci\u00f3n de las personas con discapacidad en la cultura\u00bb<\/a><\/td>\n<td width=\"140\"><a href=\"https:\/\/drive.google.com\/file\/d\/1LvTS-AHsE7rYoSUxLEnxliAZDCVQMEwY\/view?usp=sharing\">\u00abLa importancia de la promoci\u00f3n de derechos para erradicar la violencia hacia la mujer\u00bb<\/a><\/td>\n<td width=\"142\">&nbsp;<\/td>\n<\/tr>\n<tr>\n<td width=\"105\"><strong>Diciembre<\/strong><\/td>\n<td width=\"183\"><a href=\"https:\/\/drive.google.com\/file\/d\/1Z-lqDgtlWLZuCaVCOV2rDvE89aYWO_5e\/view?usp=sharing\">\u00abD\u00eda Internacional de las Personas con Discapacidad\u00bb<\/a><\/td>\n<td width=\"168\"><a href=\"https:\/\/drive.google.com\/file\/d\/1Otvhr2t4Xu8HTwuige_t-rFeyEdkHim1\/view?usp=sharing\">En el marco del D\u00eda de los Derechos Humanos.<\/a><\/td>\n<td width=\"159\"><a href=\"https:\/\/drive.google.com\/file\/d\/1KE14rkf-i4I7mMmFFxpbDKHVGT1pDMCI\/view?usp=sharing\">Especial Navide\u00f1o 2021<\/a><\/td>\n<td width=\"140\"><a href=\"https:\/\/drive.google.com\/file\/d\/1dlg8Uu6i87MZW0s4MlosKSCO8OeD9gEJ\/view?usp=sharing\">Los Logros y Avances 2021<\/a><\/td>\n<td width=\"142\">&nbsp;<\/td>\n<\/tr>\n<\/tbody>\n<\/table>\n<p style=\"text-align: center;\"><span style=\"font-size: 18pt;\"><em><strong><br \/>PROGRAMAS DE RADIO&nbsp;2020<\/strong><\/em><\/span><\/p>\n<table style=\"height: 1652px;\" border=\"4\" width=\"1092\">\n<tbody>\n<tr>\n<th>ENERO\n<p><a href=\"https:\/\/drive.google.com\/open?id=1mkBazJlfCb3DlINd0KL2F5Xo4wxmIdrK\">Desnutrici\u00f3n como un riesgo latente para la ni\u00f1ez con discapacidad<\/a><\/p>\n<\/th>\n<td>&nbsp;<a href=\"https:\/\/drive.google.com\/open?id=1z6CNG81ylUNNlMEy2KHg2K8UWSmBLYnN\">Entrevista al Se\u00f1or Presidente de la Rep\u00fablica Dr. Alejandro Giammatei&nbsp;<\/a><\/td>\n<td><a href=\"https:\/\/drive.google.com\/open?id=1zPWMKhE58xWVvTU_jSoeUB8Cn7BNuxK5\">An\u00e1lisis del discurso presidencial y la alusi\u00f3n de la discapacidad<\/a><\/td>\n<td><a href=\"https:\/\/drive.google.com\/open?id=19JQCyi5ianBMGjeqyiXrtJIk9wMaSp8K\">Migraci\u00f3n y Discapacidad<\/a><\/td>\n<td>&nbsp;<\/td>\n<\/tr>\n<tr>\n<th>FEBRERO\n<p style=\"text-align: left;\"><a href=\"https:\/\/drive.google.com\/open?id=19JQCyi5ianBMGjeqyiXrtJIk9wMaSp8K\">Inclusi\u00f3n laboral&nbsp;<\/a><\/p>\n<\/th>\n<td>&nbsp;<a href=\"https:\/\/drive.google.com\/open?id=19uQy6CLsQHL2cJ_o97gjDvXsVOr9txA5\">Panorama Legislativo sobre Discapacidad<\/a><\/td>\n<td><a href=\"https:\/\/drive.google.com\/open?id=1r8BXyMJItQDhhzkY1x0AxlFOr3FpS6F2\">La prevenci\u00f3n ante desastres naturales y la inclusi\u00f3n de la poblaci\u00f3n con discapacidad<\/a><\/td>\n<td><a href=\"https:\/\/drive.google.com\/open?id=1KWnoQaFOzCgLP_tfM6GcEYZAu6dXvydW\">Enfermedades raras<\/a><\/td>\n<td>&nbsp;<\/td>\n<\/tr>\n<tr>\n<th style=\"text-align: left;\"><span style=\"font-size: 10pt;\">MARZO&nbsp; &nbsp; &nbsp;&nbsp;<\/span>\n<p><span style=\"font-size: 10pt;\">&nbsp;<a href=\"https:\/\/drive.google.com\/open?id=18VCZWOgmu70y1L7n1hpp1KNlMzY5QhEZ\">La inclusi\u00f3n de la mujer con discapacidad en planes de desarrollo<\/a>&nbsp; &nbsp; &nbsp; &nbsp;<\/span><\/p>\n<\/th>\n<td><a href=\"https:\/\/drive.google.com\/open?id=1jkwlwtQgQS4FsGF4qd8wWYAYptAPNyQO\">Las causas del Glaucoma<\/a><\/td>\n<td>&nbsp;<a href=\"https:\/\/drive.google.com\/open?id=1CKLfr2ElQTFzU2uIEN_5zyhxnIqvIiAC\">Consejos para desinfectar instrumentos de apoyo de personas con discapacidad.<\/a><\/td>\n<td><a href=\"https:\/\/drive.google.com\/open?id=1MZxH374QZWjp7wSbFUKW3sqF7QUWM8PT\">Acciones de protecci\u00f3n a las personas con discapacidad ante la emergencia del COVID-19<\/a><\/td>\n<td>&nbsp;<\/td>\n<\/tr>\n<tr>\n<th>ABRIL\n<p><a href=\"https:\/\/drive.google.com\/open?id=1lrev3P7kk3ayGQpBQFqRxdVkP3hcUUqd\">Postura de Organismos internacionales que trabajan en pro de las personas con discapacidad ante la emergencia del Covid-19.<\/a><\/p>\n<\/th>\n<td><a href=\"https:\/\/drive.google.com\/open?id=10lqQI0UCMxzzpYWQsfujnGVujXdatyuP\">Restricciones y acciones de apoyo a la poblaci\u00f3n con discapacidad ante la emergencia del COVID-19<\/a><\/td>\n<td><a href=\"https:\/\/drive.google.com\/open?id=1ElG-OpthQiCLwFfgjfO6jj6sX495tbmj\">Medidas de apoyo para las personas con autismo por el confinamiento del COVID-19.<\/a><\/td>\n<td><a href=\"https:\/\/drive.google.com\/open?id=1ElG-OpthQiCLwFfgjfO6jj6sX495tbmj\">Los primeros cien d\u00edas de Gobierno y las acciones sobre discapacidad<\/a><\/td>\n<td>&nbsp;<\/td>\n<\/tr>\n<tr>\n<th>MAYO\n<p><a href=\"https:\/\/drive.google.com\/open?id=1JGjLWdO5xkVbO3ltLzN8JuV-nuOAXjFG\">Grupos vulnerables m\u00e1s propensos a violencia intrafamiliar durante el confinamiento por el COVID 19<\/a><\/p>\n<\/th>\n<td><a href=\"https:\/\/drive.google.com\/open?id=1kCTFmLSamflApR8149wcoEY5t3arMIf-\">D\u00eda de la Madre en tiempos del COVID-19<\/a><\/td>\n<td><a href=\"https:\/\/drive.google.com\/file\/d\/133c1jbEBn2S5P32GQyivIyMU0ov8zS03\/view?usp=drivesdk\">Salud mental ante el impacto de la pandemia<\/a><\/td>\n<td><a href=\"https:\/\/drive.google.com\/open?id=1iW1AI4bsGUfR0OYvWLugwGlYYlCA54FJ\">Enfermedades de invierno y COVID-19<\/a><\/td>\n<td>&nbsp;<a href=\"https:\/\/drive.google.com\/file\/d\/1KOt-OUKgAgk69s0sZAy4UUBH-zd9UcG0\/view?usp=sharing\">Avance en los asuntos de discapacidad en&nbsp; 23 a\u00f1os de labor del CONADI<\/a><\/td>\n<\/tr>\n<tr>\n<th>JUNIO\n<p><a href=\"https:\/\/drive.google.com\/file\/d\/1Nc8I6au1QuqGNWK4WLW4QVz0ZEXgzqhE\/view?usp=sharing\">Desarrollo de Emprendimiento de personas con discapacidad ante el COVID-19<\/a><\/p>\n<\/th>\n<td><a href=\"https:\/\/drive.google.com\/file\/d\/1cIK621JQI11sKfpqQIeIIIFKIO6tUGFb\/view?usp=sharing\">El papel de las personas con discapacidad ante las emergencias naturales y COVID-19&nbsp;<\/a><\/td>\n<td><a href=\"https:\/\/drive.google.com\/file\/d\/1uUc-MlwTqN2o1YPCOG4eG5TQTXFsFDTd\/view?usp=sharing\">Los retos de los padres de familia con discapacidad, ante el COVID-19.<\/a><\/td>\n<td><a href=\"https:\/\/drive.google.com\/file\/d\/1KUl2nmHTDsdjE2cwU3iqiOtnsfOqE3ZQ\/view?usp=sharing\">Aislamiento Social, un acercamiento para comprender la Sordoceguera<\/a><\/td>\n<td>&nbsp;<\/td>\n<\/tr>\n<tr>\n<th>JULIO\n<p><a href=\"https:\/\/drive.google.com\/file\/d\/1umgfMemYUrgP82MrPkElveJmUY1L2Aew\/view?usp=sharing\">Planes de Inclusi\u00f3n de gesti\u00f3n de riesgo ante desastres como respuesta a la pandemia<\/a><\/p>\n<\/th>\n<td><a href=\"https:\/\/drive.google.com\/file\/d\/1fzfPbIRKgh7BOZX04jMFehv7IOSX84GQ\/view?usp=sharing\">La importancia de las Tic&#8217;s en el desarrollo laboral y educativo de las Personas con Discapacidad<\/a><\/td>\n<td><a href=\"https:\/\/drive.google.com\/file\/d\/1F0pvUuuF8QMtYn_yZc2mwhnp4Fzcnn4l\/view?usp=sharing\">Educaci\u00f3n inclusiva y digital en tiempos de la pandemia<\/a><\/td>\n<td><a href=\"https:\/\/drive.google.com\/file\/d\/1Sh-NMh7uZPBZxdofktoPSHIsSq_QxTuu\/view?usp=sharing\">Las Personas con Discapacidad ante la Nueva Normalidad.<\/a><\/td>\n<td>&nbsp;<\/td>\n<\/tr>\n<tr>\n<th>AGOSTO\n<p><a href=\"https:\/\/drive.google.com\/file\/d\/12NCXCmeWorkzVvlG5v9aKc5YmeyIdR0O\/view?usp=sharing\">La Reactivaci\u00f3n Econ\u00f3mica y la Inclusi\u00f3n de las Personas con Discapacidad<\/a><\/p>\n<\/th>\n<td><a href=\"https:\/\/drive.google.com\/file\/d\/1jE8hg8-PtjGO14IXRumM1r5h9hYNKpey\/view?usp=sharing\">Teleterapia y telerehabilitaci\u00f3n, una opci\u00f3n&nbsp; ante la pandemia<\/a><\/td>\n<td><a href=\"https:\/\/drive.google.com\/file\/d\/153mf6nvsxNNcBV4gI0JTO-pHP4NtxneU\/view?usp=sharing\">La Situaci\u00f3n de la ni\u00f1a y mujer con discapacidad durante la emergencia sanitaria<\/a><\/td>\n<td><a href=\"https:\/\/drive.google.com\/file\/d\/1HDebfiNzoopd33-vPq-YgSCIWTHtMJ4e\/view?usp=sharing\">La Juventud con discapacidad y su inclusi\u00f3n en las instituciones de gobierno<\/a><\/td>\n<td><a href=\"https:\/\/drive.google.com\/file\/d\/1aKpMTail4Yb3aS-dWxijCy_NzYM6VYHA\/view?usp=sharing\">Protocolos de transporte y las personas con discapacidad.<\/a><\/td>\n<\/tr>\n<tr>\n<th>SEPTIEMBRE\n<p><a href=\"https:\/\/drive.google.com\/file\/d\/1Y24Braiz_V4YSqUKc2-ix3t7i_npZXjj\/view?usp=sharing\">El aporte del Tratado de Marrakech en la alfabetizaci\u00f3n<\/a><\/p>\n<\/th>\n<td><a href=\"https:\/\/drive.google.com\/file\/d\/1H1_3zhYjbeqfkDHl0InKD8ouvQQRMHRc\/view?usp=sharing\">\u00abSem\u00e1foros&nbsp;Sonoros, un avance en el derecho a la libre locomoci\u00f3n de las personas con discapacidad\u00bb<\/a><\/td>\n<td><a href=\"https:\/\/drive.google.com\/file\/d\/1TwC8gtST_b9IYC53YgiW31g9Q8j0L-CS\/view?usp=sharing\">El D\u00eda Nacional de la Lengua de Se\u00f1as<\/a><\/td>\n<td><a href=\"https:\/\/drive.google.com\/file\/d\/1Wf2WDdcng-BuHWDMPQACYWOhCboJNKET\/view?usp=sharing\">La importancia de la implementaci\u00f3n de formatos accesibles en la informaci\u00f3n p\u00fablica.<\/a><\/td>\n<td>&nbsp;<\/td>\n<\/tr>\n<tr>\n<th>OCTUBRE\n<p><a href=\"https:\/\/drive.google.com\/file\/d\/136fdYUPat67qG3xriQDMBF0RKBI9jGSM\/view?usp=sharing\">Los derechos de las&nbsp; personas con discapacidad ante la Pandemia<\/a><\/p>\n<\/th>\n<td><a href=\"https:\/\/drive.google.com\/file\/d\/1rvnE-ErnJ4wuMgsswYXe-BVBqsTZbbGF\/view?usp=sharing\">La importancia de la salud ocular durante la pandemia<\/a><\/td>\n<td><a href=\"https:\/\/drive.google.com\/file\/d\/1Z-1Ljgj9Wqnw2G_nFxOgpb5jeybQbQgZ\/view?usp=sharing\">\u00abEl Bast\u00f3n Blanco instrumento de apoyo para las personas ciegas en su libre locomoci\u00f3n\u00bb.<\/a><\/td>\n<td><span style=\"font-size: 10pt;\"><a href=\"https:\/\/drive.google.com\/file\/d\/1jHQZrOcCoCPWJOSwkGmqwwZMQkDGSGGU\/view?usp=sharing\">Proceso Electoral del CONADI 2020<\/a><\/span><\/td>\n<td><a href=\"https:\/\/drive.google.com\/file\/d\/1WOfqFGDfj7D8o3h4F8CfXgGOoSiW-BYA\/view?usp=sharing\">S\u00edndrome de Rett en su mes marco<\/a><\/td>\n<\/tr>\n<tr>\n<th>Noviembre\n<p><a href=\"https:\/\/drive.google.com\/file\/d\/1qRuNR92yDEh9p1dVz6r5VYebLM7Zsqyt\/view?usp=drivesdk\">La Importancia de la Rehabilitaci\u00f3n para la Inclusi\u00f3n Social<\/a><\/p>\n<\/th>\n<td><a href=\"https:\/\/drive.google.com\/file\/d\/1sLtDwEEIj9VhFZGuWohsqTdJnxdVQ3KC\/view?usp=drivesdk\">El Rescate de las Personas con Discapacidad y Albergues Inclusivos<\/a><\/td>\n<td><a href=\"https:\/\/drive.google.com\/file\/d\/1ssbnSQjE420M2SoB3hjAOyx-QYX5qfMH\/view?usp=sharing\">Diabetes una enfermedad generadora de discapacidad.<\/a><\/td>\n<td><a href=\"https:\/\/drive.google.com\/file\/d\/1wyIwcIZnYSPd-Lep6sNQmECtkHMBqC8u\/view?usp=sharing\">Violencia hacia la mujer con y sin discapacidad<\/a><\/td>\n<td>&nbsp;<\/td>\n<\/tr>\n<tr>\n<th>Diciembre\n<p><a href=\"https:\/\/drive.google.com\/file\/d\/1pbea8e6X7t-M72iAKt_wmEWZMMrkTWXU\/view?usp=sharing\">D\u00eda Internacional de las Personas con Discapacidad<\/a><\/p>\n<\/th>\n<td><a href=\"https:\/\/drive.google.com\/file\/d\/1kgmRoXQAzD97g1OR_D1_18GJJzLw7DLG\/view?usp=sharing\">Avances de los derechos humanos en el contexto de la discapacidad<\/a><\/td>\n<td><a href=\"https:\/\/drive.google.com\/file\/d\/15bqfUh3sppPya3ZZhF_wXQc68Q54Mn3M\/view?usp=sharing\">La Candidatura del Estado de Guatemala ante el Comit\u00e9 de Expertos Sobre los Derechos de las Personas con Discapacidad de la ONU<\/a><\/td>\n<td><a href=\"https:\/\/drive.google.com\/file\/d\/1mpg0aVwBnb-K8-qf-C_-4k0BxvhCp87v\/view?usp=sharing\">Prevenci\u00f3n en el uso de la p\u00f3lvora para evitar adquirir alguna discapacidad<\/a><\/td>\n<td><a href=\"https:\/\/drive.google.com\/file\/d\/1s3RIqxsdvEjGBmtHTc-Xik32K4OMnUvG\/view?usp=sharing\">El derecho a la Cultura con un matiz sobre las artesan\u00edas navide\u00f1as realizadas en el pa\u00eds<\/a><\/td>\n<\/tr>\n<\/tbody>\n<\/table>\n<p>[<\/p>\n<p style=\"text-align: center;\"><span style=\"font-size: 18pt;\"><em><strong>PROGRAMAS DE RADIO 2019<\/strong><\/em><\/span><\/p>\n<table style=\"height: 1756px;\" border=\"4\" width=\"717\">\n<tbody>\n<tr>\n<th><span style=\"font-size: 10pt;\">Programas mes de enero 2019<\/span><\/th>\n<td><span style=\"font-size: 10pt;\"><a href=\"https:\/\/drive.google.com\/open?id=1OB5l75u6baayfVZg5GvWqOxVTsSKsgH2\">Datos Estad\u00edsticos sobre Discapacidad<\/a><\/span><\/td>\n<td><span style=\"font-size: 10pt;\"><a href=\"https:\/\/drive.google.com\/open?id=1CWUmmt3gx8tI08lyT8Gw96Rofpmf6Oue\">Programa de Becas CONADI<\/a><\/span><\/td>\n<td><span style=\"font-size: 10pt;\"><a href=\"https:\/\/drive.google.com\/open?id=1_wNkKzwY9UtLSK3GTy9KmWPpsf2LkdVt\">Participaci\u00f3n Electoral de las Personas con Discapacidad<\/a><\/span><\/td>\n<td>&nbsp;<\/td>\n<td>&nbsp;<\/td>\n<\/tr>\n<tr>\n<th><span style=\"font-size: 10pt;\">Programas mes de febrero 2019<\/span><\/th>\n<td><span style=\"font-size: 10pt;\"><a href=\"https:\/\/drive.google.com\/open?id=15cBMpmNZVUHNSeR5eDWcEDzoc9XR0lXF\">CONADI Noticias<\/a><\/span><\/td>\n<td>&nbsp;<\/td>\n<td>&nbsp;<\/td>\n<td>&nbsp;<\/td>\n<td>&nbsp;<\/td>\n<\/tr>\n<tr>\n<th><span style=\"font-size: 10pt;\">Programas mes de marzo 2019<\/span><\/th>\n<td><span style=\"font-size: 10pt;\"><a href=\"https:\/\/drive.google.com\/open?id=1c8MvzBT5I5Q3B2DG1nbC82mvNwOyh_x4\">D\u00eda Internacional de la Mujer<\/a><\/span><\/td>\n<td><span style=\"font-size: 10pt;\"><a href=\"https:\/\/drive.google.com\/open?id=17DrCEGiGnJzTsTQdpnXNSGKYKic4Yn55\">D\u00eda Mundial del Glaucoma<\/a><\/span><\/td>\n<td><span style=\"font-size: 10pt;\"><a href=\"https:\/\/drive.google.com\/open?id=1irFAd9rdNSQ-o9xwuoePNGazdjo4wBqf\">D\u00eda Mundial del S\u00edndrome de Down<\/a><\/span><\/td>\n<td><span style=\"font-size: 10pt;\"><a href=\"https:\/\/drive.google.com\/open?id=12eKxx-0fHVrYMJOZuKOpy6nJnHC-Hei_\">Derechos Laborales de las Personas con Discapacidad<\/a><\/span><\/td>\n<td>&nbsp;<\/td>\n<\/tr>\n<tr>\n<th><span style=\"font-size: 10pt;\">Programas mes de abril 2019<\/span><\/th>\n<td><span style=\"font-size: 10pt;\"><a href=\"https:\/\/drive.google.com\/open?id=1sFTRsMPL-O94o0CkOZwc3d8sgaoSvi4F\">Autismo<\/a><\/span><\/td>\n<td><span style=\"font-size: 10pt;\"><a href=\"https:\/\/drive.google.com\/open?id=1AhleLJ4WYJXS_ccptop6OF9j1EZpc5Z7\">Carta de Entendimiento entre CONADI y Fundaci\u00f3n Internacional para Sistemas Electorales<\/a><\/span><\/td>\n<td><span style=\"font-size: 10pt;\"><a href=\"https:\/\/drive.google.com\/open?id=1lfywmKEOUubR7Nx6hxxwcFQ_Vjh-dagk\">Semana Santa: a imagen y semejanza de Dios<\/a><\/span><\/td>\n<td><span style=\"font-size: 10pt;\"><a href=\"https:\/\/drive.google.com\/open?id=18QIRo6awr0TlRL75b89vgHlxAv1cjGwr\">Discapacidad y Migrantes<\/a><\/span><\/td>\n<td>&nbsp;<\/td>\n<\/tr>\n<tr>\n<th><span style=\"font-size: 10pt;\">Programas mes de mayo 2019<\/span><\/th>\n<td><span style=\"font-size: 10pt;\"><a href=\"https:\/\/drive.google.com\/open?id=1fx6_yKxUkL6zzemeedi-tm10JthQ9QQ_\">Los Derechos de las Personas con Discapacidad en voz de los presidenciables. Entrevistas con: Estuardo Galdamez, Mauricio Radford, Manuel Villacorta<\/a><\/span><\/td>\n<td><span style=\"font-size: 10pt;\"><a href=\"https:\/\/drive.google.com\/open?id=1HsOHrWNyW3kpPKOmz379ee0OTSwDGDKx\">Los Derechos de las Personas con Discapacidad en voz de los presidenciables. Entrevistas con: Edmon Mulet, Julio Hector Estrada, Edwin Escobar<\/a><\/span><\/td>\n<td><span style=\"font-size: 10pt;\"><a href=\"https:\/\/drive.google.com\/open?id=1agI0slvgkhxAWW5sljK8bhXHSIkmZdpl\">Los Derechos de las Personas con Discapacidad en voz de los presidenciables. Entrevistas con: Amilcar Rivera, Manfredo Marroqu\u00edn, Carlos Raul Morales<\/a><\/span><\/td>\n<td><span style=\"font-size: 10pt;\"><a href=\"https:\/\/drive.google.com\/open?id=188idOrkTH26xAYS8FCkJz0C-zmXsj-Og\">Los Derechos de las Personas con Discapacidad en voz de los presidenciables. Entrevistas con: Alejandro Giammattei, Pablo Ceto, Benito Morales<\/a><\/span><\/td>\n<td><span style=\"font-size: 10pt;\"><a href=\"https:\/\/drive.google.com\/open?id=1N9a13-23Mi_3AC0PkTjy_d9S8AKWLrV9\">Los Derechos de las Personas con Discapacidad en voz de los presidenciables. Entrevistas con: Danilo Roca, Luis Velasquez, Roberto Arz\u00fa.&nbsp; &nbsp;<\/a><\/span><\/td>\n<\/tr>\n<tr>\n<th><span style=\"font-size: 10pt;\">Programas&nbsp; mes de junio 2019<\/span><\/th>\n<td><span style=\"font-size: 10pt;\"><a href=\"https:\/\/drive.google.com\/open?id=1YSXjmGFIbqC-Lvb3XWiTiKi07ERj5wVz\">Los Derechos de las Personas con Discapacidad en la voz de los presidenciables. Entrevistas con: Jos\u00e9 Luis Chea Urruela, Anibal Garc\u00eda, Ricardo Flores y Ricardo Sagastume.<\/a><\/span><\/td>\n<td><span style=\"font-size: 10pt;\"><a href=\"https:\/\/drive.google.com\/open?id=1hFVsuHKCGhedMXFVN_UeT4bw5BeHrxGq\">Recomendaciones u orientaciones necesarias para que podamos emitir libremente el voto.<\/a><\/span><\/td>\n<td><span style=\"font-size: 10pt;\"><a href=\"https:\/\/drive.google.com\/open?id=1rhN74tGCsjn50TM4O2cWIS1Rjjnl_cas\">Turismo Accesible un Mundo de Oportunidades<\/a><\/span><\/td>\n<td>&nbsp;<\/td>\n<td>&nbsp;<\/td>\n<\/tr>\n<tr>\n<th><span style=\"font-size: 10pt;\">Programas mes de julio 2019<\/span><\/th>\n<td><span style=\"font-size: 10pt;\"><a href=\"https:\/\/drive.google.com\/open?id=12rvc1QyHTO0HEMJNOl_aD85FQshKOgDA\">Sordoceguera<\/a><\/span><\/td>\n<td><span style=\"font-size: 10pt;\"><a href=\"https:\/\/drive.google.com\/open?id=1N1Qk_2C7xkV72LOs0G3hn5gmZpicKTMx\">FUNDABIEN\/TELETON<\/a><\/span><\/td>\n<td><a href=\"https:\/\/drive.google.com\/open?id=16SqP_G4TL0ZNh9mWVN_LOIwmR1jqPiEE\">Proceso electoral 2019<\/a><\/td>\n<td><a href=\"https:\/\/drive.google.com\/open?id=1oWFHUFqEJDhiM8qsev_RPBj6QBllKl1-\">El dengue y la salud<\/a><\/td>\n<td>&nbsp;<\/td>\n<\/tr>\n<tr>\n<th><span style=\"font-size: 10pt;\">Programas&nbsp; Mes de agosto 2019<\/span><\/th>\n<td>&nbsp;<\/td>\n<td><a href=\"https:\/\/drive.google.com\/open?id=13bovwwud1fsDWcUs3MKnGCuiOqeiYXki\">Desinstitucionalizaci\u00f3n de las personas con discapacidad en situaci\u00f3n de abrigo<\/a><\/td>\n<td><a href=\"https:\/\/drive.google.com\/open?id=1LydiGc_ltTtv7rYS_6A-602TKQfSK_1V\">Segunda vuelta del proceso electoral<\/a><\/td>\n<td><a href=\"https:\/\/drive.google.com\/open?id=1fo97y22qWWPS28r9rWl4PPvo65VuPJOq\">El papel de la mujer en la asistencia humanitaria<\/a><\/td>\n<td>&nbsp;<\/td>\n<\/tr>\n<tr>\n<th><span style=\"font-size: 10pt;\">Programas mes de septiembre 2019<\/span><\/th>\n<td><a href=\"https:\/\/drive.google.com\/open?id=1TRAY7VE1fV76oYQ_-F3Y38LFkyVBLfVS\">Turismo accesible<\/a><\/td>\n<td><a href=\"https:\/\/drive.google.com\/open?id=1qHdJa_ZtCWAyUS2Y9t7mLSJnqSdPtzlq\">Tratado de marrakech<\/a><\/td>\n<td><a href=\"https:\/\/drive.google.com\/open?id=1Zu3QRFQm8fy59pR-Q_T9R2nNtDgAdm1Q\">Elecciones ECC, USAC. y asociaci\u00f3n de estudiantes.<\/a><\/td>\n<td><a href=\"https:\/\/drive.google.com\/open?id=1K0azzW7sCXUSHIDNYwiISmlxB765JSJ7\">Retos para Grandes peque\u00f1os<\/a><\/td>\n<td><a href=\"https:\/\/drive.google.com\/open?id=1nt5jQuCRO3u6LaG2kG3THGOUuilpXSxD\">Asamblea General del Parlamento Centroamericano<\/a><\/td>\n<\/tr>\n<tr>\n<th><span style=\"font-size: 10pt;\">Programas mes de octubre 2019<\/span><\/th>\n<td><a href=\"https:\/\/drive.google.com\/open?id=1-IxFMMABvRk_HVkcTLlF9mVpsGbmnRsh\">Ley de Derechos de actor.<\/a><\/td>\n<td><a href=\"https:\/\/drive.google.com\/open?id=1IkIe2s7-KDuJr1nPKWmvh-6_ANyhC2Hl\">Programa Iberoamericano y D\u00eda del bast\u00f3n Blanco<\/a><\/td>\n<td><a href=\"https:\/\/drive.google.com\/open?id=1jA9pq7QAcA9npdgmHqkcKhFMkRyrS3fb\">Higiene Mental<\/a><\/td>\n<td><a href=\"https:\/\/drive.google.com\/open?id=1hxqnmc9W2sMQEReFIVbrxVV0g-FJfJ7D\">Entrevista al Dr. Mario Fort\u00edn Embajador de Honduras sobre el SICA<\/a><\/td>\n<td>&nbsp;<\/td>\n<\/tr>\n<tr>\n<th><span style=\"font-size: 10pt;\">Programas mes de noviembre 2019<\/span><\/th>\n<td><a href=\"https:\/\/drive.google.com\/open?id=111shv92iHbKPayB9IFke016rjjY0B_oB\">La Acondroplacia<\/a><\/td>\n<td><a href=\"https:\/\/drive.google.com\/open?id=1uFklM6wCo7p9CFaDZ15WHfI_JX9CPwcV\">Inclusi\u00f3n laboral de Personas con Discapacidad.<\/a><\/td>\n<td><a href=\"https:\/\/drive.google.com\/open?id=18Qr_uvdIdFVrwG6Wa1ssVrCjRYAWOs87\">D\u00eda de la No violencia contra la mujer.<\/a><\/td>\n<td><a href=\"https:\/\/drive.google.com\/open?id=1igE-qUsVq3W_UlBJvvEkVzMtGYXgGRMm\">Lanzamiento de la certificaci\u00f3n&nbsp; de las personas con discapacidad.<\/a><\/td>\n<td>&nbsp;<\/td>\n<\/tr>\n<tr>\n<th><span style=\"font-size: 10pt;\">Programas mes de diciembre 2019<\/span><\/th>\n<td><a href=\"https:\/\/drive.google.com\/open?id=1SaWCii7bUp_WhtkWGx6-1L_xcOn6_4r3\">D\u00eda internacional de personas con discapacidad.<\/a><\/td>\n<td><a href=\"https:\/\/drive.google.com\/open?id=1IU59sSeM2AmeRFBtjHL1zvj1bbsKJ9Yr\">Uso y manejo de la p\u00f3lvora<\/a><\/td>\n<td><a href=\"https:\/\/drive.google.com\/open?id=1c3K2XDiiSye0e8Nbt69zrFVftyBuJHg0\">Principales logros del CONADI en el 2019<\/a><\/td>\n<td><a href=\"https:\/\/drive.google.com\/open?id=10j2o44EkdMnEzWMF6j77A35GNYqonkEA\">Desaf\u00edos de los asuntos de discapacidad en 2019.<\/a><\/td>\n<td>&nbsp;<\/td>\n<\/tr>\n<tr>\n<th>&nbsp;<\/th>\n<td>&nbsp;<\/td>\n<td>&nbsp;<\/td>\n<td>&nbsp;<\/td>\n<td>&nbsp;<\/td>\n<td>&nbsp;<\/td>\n<\/tr>\n<tr>\n<th>&nbsp;<\/th>\n<td>&nbsp;<\/td>\n<td>&nbsp;<\/td>\n<td>&nbsp;<\/td>\n<td>&nbsp;<\/td>\n<td>&nbsp;<\/td>\n<\/tr>\n<\/tbody>\n<\/table>\n<figure id=\"attachment_4997\" aria-describedby=\"caption-attachment-4997\" style=\"width: 775px\" class=\"wp-caption aligncenter\"><a href=\"https:\/\/conadi.gob.gt\/web\/wp-content\/uploads\/2017\/08\/img007.jpg\"><img loading=\"lazy\" decoding=\"async\" id=\"longdesc-return-4997\" class=\"wp-image-4997 size-large\" tabindex=\"-1\" src=\"https:\/\/conadi.gob.gt\/web\/wp-content\/uploads\/2017\/08\/img007-775x1024.jpg\" alt=\"Lista de Radios\" width=\"775\" height=\"1024\" longdesc=\"https:\/\/conadi.gob.gt\/web?longdesc=4997&amp;referrer=4058\" srcset=\"https:\/\/conadi.gob.gt\/web\/wp-content\/uploads\/2017\/08\/img007-775x1024.jpg 775w, https:\/\/conadi.gob.gt\/web\/wp-content\/uploads\/2017\/08\/img007-227x300.jpg 227w\" sizes=\"auto, (max-width: 775px) 100vw, 775px\" \/><\/a><figcaption id=\"caption-attachment-4997\" class=\"wp-caption-text\">Listado de Radios<\/figcaption><\/figure>\n<table style=\"height: 422px;\" border=\"4\" width=\"996\">\n<tbody>\n<tr>\n<th>Programas del mes de Noviembre<\/th>\n<td><a href=\"https:\/\/drive.google.com\/open?id=1s237xi-NJTN7hWAcj57aPZCr-Lp6Pmhe\" target=\"_blank\" rel=\"noopener\">4 de Noviembre<\/a><\/td>\n<td><a href=\"https:\/\/drive.google.com\/open?id=17i9kTUFI3gPyF9pDfiVXS-TNEfT-4gi6\" target=\"_blank\" rel=\"noopener\">11 de Noviembre<\/a><\/td>\n<td><a href=\"https:\/\/drive.google.com\/open?id=1SvRSWNiWvsOPQyZ9zspJWCirJTZBmjYT\" target=\"_blank\" rel=\"noopener\">18 de Noviembre<\/a><\/td>\n<td><a href=\"https:\/\/drive.google.com\/open?id=1Trwmm7sVzMUpvlwCVNsv-rNVrq2MnIVb\" target=\"_blank\" rel=\"noopener\">25 de Noviembre<\/a><\/td>\n<td>&nbsp;<\/td>\n<\/tr>\n<tr>\n<th>Programas del mes de Diciembre<\/th>\n<td><a href=\"https:\/\/drive.google.com\/open?id=1CrWPthmqkJPtqtRB9gf1zUcVduzBo1gK\" target=\"_blank\" rel=\"noopener\">2 de Diciembre<\/a><\/td>\n<td><a href=\"https:\/\/drive.google.com\/open?id=1dHefwsV9LG3xUlcQUvlhA-nRUFrM-BGw\" target=\"_blank\" rel=\"noopener\">9 de Diciembre<\/a><\/td>\n<td><a href=\"https:\/\/drive.google.com\/open?id=1nm3mgf-hme6ACjcouGofk-krG8g4hmgF\" target=\"_blank\" rel=\"noopener\">16 de Diciembre<\/a><\/td>\n<td><a href=\"https:\/\/drive.google.com\/open?id=1ZclF1m2y5sOzepuEOeFPljFtKYFnL6Qu\" target=\"_blank\" rel=\"noopener\">23 de Diciembre<\/a><\/td>\n<td><a href=\"https:\/\/drive.google.com\/open?id=1fIUqQ-dj8FAvV1Mw2m-a5NL6bsgL3ywN\" target=\"_blank\" rel=\"noopener\">30 de Diciembre<\/a><\/td>\n<\/tr>\n<tr>\n<th>Programas del mes de Enero<\/th>\n<td><a href=\"https:\/\/drive.google.com\/open?id=1eEL9COvP1X5sGRXENf_pvvVTrApsnv4U\" target=\"_blank\" rel=\"noopener\">6 de Enero<\/a><\/td>\n<td><a href=\"https:\/\/drive.google.com\/open?id=1D1cQF5Y08OfqCShLmFhbhYfqPE_CXoFg\" target=\"_blank\" rel=\"noopener\">12 de Enero<\/a><\/td>\n<td><a href=\"https:\/\/drive.google.com\/open?id=1Pl1ClLYxEqBS2cBaFgVtTLqJcrUhs_cJ\" target=\"_blank\" rel=\"noopener\">21 de Enero<\/a><\/td>\n<td><a href=\"https:\/\/drive.google.com\/open?id=1KTo3Ljoj-2_E1Wl6EC2b9jhbaaVysj1P\" target=\"_blank\" rel=\"noopener\">27 de Enero<\/a><\/td>\n<td>&nbsp;<\/td>\n<\/tr>\n<tr>\n<th>Programas del mes de Febrero<\/th>\n<td><a href=\"https:\/\/drive.google.com\/open?id=1buyqsCRSCnXqOU18cKxSlp8FW-D0zWD0\" target=\"_blank\" rel=\"noopener\">02 de Febrero<\/a><\/td>\n<td><a href=\"https:\/\/drive.google.com\/open?id=1wYOxL45trX3UcoXibs9CW09RrXVrvdTJ\" target=\"_blank\" rel=\"noopener\">10 de Febrero <\/a><\/td>\n<td><a href=\"https:\/\/drive.google.com\/open?id=1wYOxL45trX3UcoXibs9CW09RrXVrvdTJ\" target=\"_blank\" rel=\"noopener\">17 de Febrero <\/a><\/td>\n<td><a href=\"https:\/\/drive.google.com\/open?id=14MLF_keHuN_FWm0goBUtRv74S-zTKugm\" target=\"_blank\" rel=\"noopener\">24 de Febrero <\/a><\/td>\n<td>&nbsp;<\/td>\n<\/tr>\n<tr>\n<th>Programas del mes de Marzo<\/th>\n<td><a href=\"https:\/\/drive.google.com\/open?id=1ZFBGXyUR159a4uF0a2r19p7k7Sob2W12\" target=\"_blank\" rel=\"noopener\">3 de Marzo<\/a><\/td>\n<td><a href=\"https:\/\/drive.google.com\/open?id=1fOwOCuEwGfm74hmYtT7YygjEB0Xpj0Pw\" target=\"_blank\" rel=\"noopener\">10 de Marzo<\/a><\/td>\n<td><a href=\"https:\/\/drive.google.com\/open?id=10x-oTAp7HOav7o_gXt3MP64X_R4OA3G-\" target=\"_blank\" rel=\"noopener\">17 de Marzo<\/a><\/td>\n<td><a href=\"https:\/\/drive.google.com\/open?id=1Qa4YSczNLm9wEARNoWML7pxA5l5EHYs3\" target=\"_blank\" rel=\"noopener\">24 de Marzo<\/a><\/td>\n<td><a href=\"https:\/\/drive.google.com\/open?id=1Xrj-7bpQXUKXKR1qtY7XEmabijV1GliF\" target=\"_blank\" rel=\"noopener\">Semana Santa Marzo 2018<\/a><\/td>\n<\/tr>\n<tr>\n<th>Programas del mes de Abril<\/th>\n<td><a href=\"https:\/\/drive.google.com\/open?id=1-5rNc3Zl1Qj7cJQ0jPPsMRGN-UKobxaL\" target=\"_blank\" rel=\"noopener\">7 de abril<\/a><\/td>\n<td><a href=\"https:\/\/drive.google.com\/open?id=1NSqRZe7CgdyBNeKev51_G1I-kpaNmKX7\" target=\"_blank\" rel=\"noopener\">14 de abril <\/a><\/td>\n<td><a href=\"https:\/\/drive.google.com\/open?id=1NSqRZe7CgdyBNeKev51_G1I-kpaNmKX7\" target=\"_blank\" rel=\"noopener\">21 de abril<\/a><\/td>\n<td><a href=\"https:\/\/drive.google.com\/open?id=1vrFXJMXr8CMw9W6cKUSdnjfMJpOCRJaz\" target=\"_blank\" rel=\"noopener\">28 de abril <\/a><\/td>\n<td>&nbsp;<\/td>\n<\/tr>\n<tr>\n<th>Programas del mes de Mayo<\/th>\n<td><a href=\"https:\/\/drive.google.com\/open?id=1cNEAnzljQulnz6la7VaS_h5jTvQG9mmX\" target=\"_blank\" rel=\"noopener\">5 de mayo<\/a><\/td>\n<td><a href=\"https:\/\/drive.google.com\/open?id=1nhJQcNswQQ3pit5cxCpW1Y6iaPI0kssS\" target=\"_blank\" rel=\"noopener\">12 de mayo<\/a><\/td>\n<td><a href=\"https:\/\/drive.google.com\/open?id=1M_1SjfRhA06N_HxDgSZRFh34vvNdAe3c\" target=\"_blank\" rel=\"noopener\">18 de mayo<\/a><\/td>\n<td><a href=\"https:\/\/drive.google.com\/open?id=1LF2I9oTtgNwJbWcpzPX4JbMRtmvBdXjD\" target=\"_blank\" rel=\"noopener\">25 de mayo<\/a><\/td>\n<td>&nbsp;<\/td>\n<\/tr>\n<tr>\n<th>Programas del Mes de Junio<\/th>\n<td><a href=\"https:\/\/drive.google.com\/open?id=1fcMavs38SeZqyX2nmEDfyXXaMlN5Lq3V\" target=\"_blank\" rel=\"noopener\">2 de junio <\/a><\/td>\n<td><a href=\"https:\/\/drive.google.com\/open?id=1Ee2xKTNaMO2EbrCdwmI5YhCNbmB5GQmT\" target=\"_blank\" rel=\"noopener\">9 de junio<\/a><\/td>\n<td><a href=\"https:\/\/drive.google.com\/open?id=1mifPxeZVGZRH-jGIGiXVpd3NI65kLjNZ\" target=\"_blank\" rel=\"noopener\">23 de junio<\/a><\/td>\n<td><a href=\"https:\/\/drive.google.com\/open?id=1XAtsOaETz2YBUJ8QLhWOKHD4XTXn9MSG\" target=\"_blank\" rel=\"noopener\">30 de junio<\/a><\/td>\n<td>&nbsp;<\/td>\n<\/tr>\n<tr>\n<th>Programas del mes de Julio<\/th>\n<td><a href=\"https:\/\/drive.google.com\/open?id=1UrFL6i_MPgif9ZibQK1YQIj9yYNbDDD9\" target=\"_blank\" rel=\"noopener\">7 de julio<\/a><\/td>\n<td><a href=\"https:\/\/drive.google.com\/open?id=1URnxAz_rshCUdyD2emgRKY7OtM0NNK2z\" target=\"_blank\" rel=\"noopener\">14 de julio<\/a><\/td>\n<td><a href=\"https:\/\/drive.google.com\/open?id=1Yx_pt-dHByX5QzlV88C0cCocu8mLIeWj\" target=\"_blank\" rel=\"noopener\">21 de julio<\/a><\/td>\n<td><a href=\"https:\/\/drive.google.com\/open?id=1B2bCUh-oqNMqk-R6uKPOSjXK_os9VEaK\" target=\"_blank\" rel=\"noopener\">28 de julio<\/a><\/td>\n<td>&nbsp;<\/td>\n<\/tr>\n<tr>\n<th>Programas del mes de Agosto<\/th>\n<td><a href=\"https:\/\/drive.google.com\/open?id=1uxTsQCafkHR0_S_NjFJedqwv9Tr1dOUp\" target=\"_blank\" rel=\"noopener\">4 de agosto<\/a><\/td>\n<td><a href=\"https:\/\/drive.google.com\/open?id=1c6BzdldT9drAhXE4KyrXtz1M_8-9SPEe\" target=\"_blank\" rel=\"noopener\">8 de agosto<\/a><\/td>\n<td><a href=\"https:\/\/drive.google.com\/open?id=14WAwcFRr6jLWDPXQbXVWzuB-jnNaREk-\" target=\"_blank\" rel=\"noopener\">18 de agosto<\/a><\/td>\n<td><a href=\"https:\/\/drive.google.com\/open?id=13KNSuK93d7xGFTTkXaM_pxNWE1wL-Kf7\" target=\"_blank\" rel=\"noopener\">25 de agosto<\/a><\/td>\n<td>&nbsp;<\/td>\n<\/tr>\n<tr>\n<th>Programas del mes de Septiembre<\/th>\n<td><a href=\"https:\/\/drive.google.com\/open?id=13O1cNXME0MEPTluKXyJRQeCM7OBR9e7e\" target=\"_blank\" rel=\"noopener\">01 de septiembre<\/a><\/td>\n<td><a href=\"https:\/\/drive.google.com\/open?id=1-byVib_g8Zvyj4EimDd2CGdHiWgqrZtX\" target=\"_blank\" rel=\"noopener\">08 de septiembre<\/a><\/td>\n<td><a href=\"https:\/\/drive.google.com\/open?id=1vJ2r29jkAclYixdHyTh5zNVbj1VoYOap\" target=\"_blank\" rel=\"noopener\">15 de septiembre<\/a><\/td>\n<td><a href=\"https:\/\/drive.google.com\/open?id=12DGZQc4EU5TWO7pE47qAXR_uFQE3Mwfu\" target=\"_blank\" rel=\"noopener\">22 de septiembre<\/a><\/td>\n<td><a href=\"https:\/\/drive.google.com\/open?id=1J8xakYYl1_T3v4WHDMaHkzIuuTY93leX\" target=\"_blank\" rel=\"noopener\">29 de septiembre<\/a><\/td>\n<\/tr>\n<tr>\n<th>Programas del mes de Octubre<\/th>\n<td><a href=\"https:\/\/drive.google.com\/open?id=1tKNqwPQ_U6Wxv2eQBVixoQBdwb6XEJ7L\" target=\"_blank\" rel=\"noopener\">05 de Octubre<\/a><\/td>\n<td><a href=\"https:\/\/drive.google.com\/open?id=1WTZlVDZhwo3-wy-VD_gS36qTfHMydUuC\" target=\"_blank\" rel=\"noopener\">12 de Octubre<\/a><\/td>\n<td><a href=\"https:\/\/drive.google.com\/open?id=1Id46H9U6n4mtGz395w76qX-49Pyw_-YL\" target=\"_blank\" rel=\"noopener\">20 de Octubre<\/a><\/td>\n<td><a href=\"https:\/\/drive.google.com\/open?id=1syLChdgoRoFlkshFIh2ONLglc9OgsBbx\" target=\"_blank\" rel=\"noopener\">26 de Octubre<\/a><\/td>\n<td><a href=\"https:\/\/drive.google.com\/open?id=1SfoXd9v3_TXj5zmc8n96rsIfzwMhikY2\" target=\"_blank\" rel=\"noopener\">31 de Octubre<\/a><\/td>\n<\/tr>\n<tr>\n<th>Programas del mes Noviembre<\/th>\n<td><a href=\"https:\/\/drive.google.com\/open?id=1zu-AYjhGhEJYPVA1_N4zNvcw9BkR0hqk\" target=\"_blank\" rel=\"noopener\">3 de Noviembre<\/a><\/td>\n<td><a href=\"https:\/\/drive.google.com\/open?id=1LLMbyLV3URpp6qDSDUMFMwngpZ-CQ43R\" target=\"_blank\" rel=\"noopener\">7 de Noviembre<\/a><\/td>\n<td><a href=\"https:\/\/drive.google.com\/open?id=1yxtagAXnrHCOujN0wO0mREiFOychiKin\" target=\"_blank\" rel=\"noopener\">15 de Noviembre<\/a><\/td>\n<td><a href=\"https:\/\/drive.google.com\/open?id=1idATSshQKzUywFtdEeYkUBK5dlJ3Lkss\" target=\"_blank\" rel=\"noopener\">20 de Noviembre<\/a><\/td>\n<td>&nbsp;<\/td>\n<\/tr>\n<tr>\n<th>Programas del mes Diciembre<\/th>\n<td><a href=\"https:\/\/drive.google.com\/open?id=1_BIryhx_tGM7U4UWrxw1tClIoIJD0h0P\" target=\"_blank\" rel=\"noopener\">1 de Diciembre<\/a><\/td>\n<td><a href=\"https:\/\/drive.google.com\/open?id=1HSrnFVdvpaiLdCdosLH9jCrAlOzKqOW7\" target=\"_blank\" rel=\"noopener\">8 de Diciembre<\/a><\/td>\n<td>&nbsp;<\/td>\n<td>&nbsp;<\/td>\n<td>&nbsp;<\/td>\n<\/tr>\n<\/tbody>\n<\/table>\n<figure id=\"attachment_4997\" aria-describedby=\"caption-attachment-4997\" style=\"width: 775px\" class=\"wp-caption aligncenter\"><a href=\"https:\/\/conadi.gob.gt\/web\/wp-content\/uploads\/2017\/08\/img007.jpg\"><img loading=\"lazy\" decoding=\"async\" id=\"longdesc-return-4997\" class=\"wp-image-4997 size-large\" tabindex=\"-1\" src=\"https:\/\/conadi.gob.gt\/web\/wp-content\/uploads\/2017\/08\/img007-775x1024.jpg\" alt=\"Lista de Radios\" width=\"775\" height=\"1024\" longdesc=\"https:\/\/conadi.gob.gt\/web?longdesc=4997&amp;referrer=4058\" srcset=\"https:\/\/conadi.gob.gt\/web\/wp-content\/uploads\/2017\/08\/img007-775x1024.jpg 775w, https:\/\/conadi.gob.gt\/web\/wp-content\/uploads\/2017\/08\/img007-227x300.jpg 227w\" sizes=\"auto, (max-width: 775px) 100vw, 775px\" \/><\/a><figcaption id=\"caption-attachment-4997\" class=\"wp-caption-text\">Listado de Radios<\/figcaption><\/figure>\n<p><!--more--><\/p>\n<p>[mom_video type=\u00bbyoutube\u00bb]<\/p><div class=\"pvc_clear\"><\/div><p id=\"pvc_stats_4058\" class=\"pvc_stats all  \" data-element-id=\"4058\" style=\"\"><i class=\"pvc-stats-icon medium\" aria-hidden=\"true\"><svg aria-hidden=\"true\" focusable=\"false\" data-prefix=\"far\" data-icon=\"chart-bar\" role=\"img\" xmlns=\"http:\/\/www.w3.org\/2000\/svg\" viewBox=\"0 0 512 512\" class=\"svg-inline--fa fa-chart-bar fa-w-16 fa-2x\"><path fill=\"currentColor\" d=\"M396.8 352h22.4c6.4 0 12.8-6.4 12.8-12.8V108.8c0-6.4-6.4-12.8-12.8-12.8h-22.4c-6.4 0-12.8 6.4-12.8 12.8v230.4c0 6.4 6.4 12.8 12.8 12.8zm-192 0h22.4c6.4 0 12.8-6.4 12.8-12.8V140.8c0-6.4-6.4-12.8-12.8-12.8h-22.4c-6.4 0-12.8 6.4-12.8 12.8v198.4c0 6.4 6.4 12.8 12.8 12.8zm96 0h22.4c6.4 0 12.8-6.4 12.8-12.8V204.8c0-6.4-6.4-12.8-12.8-12.8h-22.4c-6.4 0-12.8 6.4-12.8 12.8v134.4c0 6.4 6.4 12.8 12.8 12.8zM496 400H48V80c0-8.84-7.16-16-16-16H16C7.16 64 0 71.16 0 80v336c0 17.67 14.33 32 32 32h464c8.84 0 16-7.16 16-16v-16c0-8.84-7.16-16-16-16zm-387.2-48h22.4c6.4 0 12.8-6.4 12.8-12.8v-70.4c0-6.4-6.4-12.8-12.8-12.8h-22.4c-6.4 0-12.8 6.4-12.8 12.8v70.4c0 6.4 6.4 12.8 12.8 12.8z\" class=\"\"><\/path><\/svg><\/i> <img loading=\"lazy\" decoding=\"async\" width=\"16\" height=\"16\" alt=\"Loading\" src=\"https:\/\/conadi.gob.gt\/web\/wp-content\/plugins\/page-views-count\/ajax-loader-2x.gif\" border=0 \/><\/p><div class=\"pvc_clear\"><\/div>","protected":false},"excerpt":{"rendered":"<p>PROGRAMAS DE RADIO A\u00d1O 2026 FEBRERO Salud Mental como pilar del bienestar integral Un compromiso con la educaci\u00f3n: Bolsas de Estudio del CONADI Conociendo Nuestras Organizaciones AMOR DOWN&nbsp;Guatemala Salud Auditiva y&nbsp;Tecnolog\u00eda: El&nbsp;Implante Coclear MARZO Mujer: Experiencias de Vida y Resiliencia Hacia una Pol\u00edtica P\u00fablica en Discapacidad: Avances y Desaf\u00edos S\u00edndrome de Down:&nbsp;Hacia una Vida Plena &hellip; <\/p>\n<p class=\"link-more\"><a href=\"https:\/\/conadi.gob.gt\/web\/guatemala-para-todos\/\" class=\"more-link\">Leer m\u00e1s<span class=\"screen-reader-text\"> \u00abGuatemala para todos\u00bb<\/span><\/a><\/p>\n<div class=\"pvc_clear\"><\/div>\n<p id=\"pvc_stats_4058\" class=\"pvc_stats all  \" data-element-id=\"4058\" style=\"\"><i class=\"pvc-stats-icon medium\" aria-hidden=\"true\"><svg aria-hidden=\"true\" focusable=\"false\" data-prefix=\"far\" data-icon=\"chart-bar\" role=\"img\" xmlns=\"http:\/\/www.w3.org\/2000\/svg\" viewBox=\"0 0 512 512\" class=\"svg-inline--fa fa-chart-bar fa-w-16 fa-2x\"><path fill=\"currentColor\" d=\"M396.8 352h22.4c6.4 0 12.8-6.4 12.8-12.8V108.8c0-6.4-6.4-12.8-12.8-12.8h-22.4c-6.4 0-12.8 6.4-12.8 12.8v230.4c0 6.4 6.4 12.8 12.8 12.8zm-192 0h22.4c6.4 0 12.8-6.4 12.8-12.8V140.8c0-6.4-6.4-12.8-12.8-12.8h-22.4c-6.4 0-12.8 6.4-12.8 12.8v198.4c0 6.4 6.4 12.8 12.8 12.8zm96 0h22.4c6.4 0 12.8-6.4 12.8-12.8V204.8c0-6.4-6.4-12.8-12.8-12.8h-22.4c-6.4 0-12.8 6.4-12.8 12.8v134.4c0 6.4 6.4 12.8 12.8 12.8zM496 400H48V80c0-8.84-7.16-16-16-16H16C7.16 64 0 71.16 0 80v336c0 17.67 14.33 32 32 32h464c8.84 0 16-7.16 16-16v-16c0-8.84-7.16-16-16-16zm-387.2-48h22.4c6.4 0 12.8-6.4 12.8-12.8v-70.4c0-6.4-6.4-12.8-12.8-12.8h-22.4c-6.4 0-12.8 6.4-12.8 12.8v70.4c0 6.4 6.4 12.8 12.8 12.8z\" class=\"\"><\/path><\/svg><\/i> <img loading=\"lazy\" decoding=\"async\" width=\"16\" height=\"16\" alt=\"Loading\" src=\"https:\/\/conadi.gob.gt\/web\/wp-content\/plugins\/page-views-count\/ajax-loader-2x.gif\" border=0 \/><\/p>\n<div class=\"pvc_clear\"><\/div>\n","protected":false},"author":7,"featured_media":0,"parent":0,"menu_order":0,"comment_status":"open","ping_status":"closed","template":"","meta":{"inspiro_hide_title":false,"footnotes":""},"class_list":["post-4058","page","type-page","status-publish","hentry"],"_links":{"self":[{"href":"https:\/\/conadi.gob.gt\/web\/wp-json\/wp\/v2\/pages\/4058","targetHints":{"allow":["GET"]}}],"collection":[{"href":"https:\/\/conadi.gob.gt\/web\/wp-json\/wp\/v2\/pages"}],"about":[{"href":"https:\/\/conadi.gob.gt\/web\/wp-json\/wp\/v2\/types\/page"}],"author":[{"embeddable":true,"href":"https:\/\/conadi.gob.gt\/web\/wp-json\/wp\/v2\/users\/7"}],"replies":[{"embeddable":true,"href":"https:\/\/conadi.gob.gt\/web\/wp-json\/wp\/v2\/comments?post=4058"}],"version-history":[{"count":470,"href":"https:\/\/conadi.gob.gt\/web\/wp-json\/wp\/v2\/pages\/4058\/revisions"}],"predecessor-version":[{"id":20406,"href":"https:\/\/conadi.gob.gt\/web\/wp-json\/wp\/v2\/pages\/4058\/revisions\/20406"}],"wp:attachment":[{"href":"https:\/\/conadi.gob.gt\/web\/wp-json\/wp\/v2\/media?parent=4058"}],"curies":[{"name":"wp","href":"https:\/\/api.w.org\/{rel}","templated":true}]}}