{"id":5644,"date":"2019-03-21T04:26:53","date_gmt":"2019-03-21T04:26:53","guid":{"rendered":"http:\/\/conadi.gob.gt\/web\/?page_id=5644"},"modified":"2021-12-14T20:45:41","modified_gmt":"2021-12-14T20:45:41","slug":"acceso-a-la-informacion","status":"publish","type":"page","link":"https:\/\/conadi.gob.gt\/web\/acceso-a-la-informacion\/","title":{"rendered":"Acceso a la Informaci\u00f3n 2015 &#8211; 2017"},"content":{"rendered":"<p><strong>LEY DE ACCESO A LA INFORMACI\u00d3N P\u00daBLICA\u00a0 \u00a0 \u00a0 \u00a0 \u00a0 \u00a0 \u00a0 \u00a0 \u00a0 \u00a0 \u00a0 \u00a0 \u00a0 \u00a0 \u00a0 \u00a0 \u00a0 \u00a0 \u00a0 \u00a0 \u00a0 \u00a0 \u00a0 \u00a0 \u00a0 \u00a0 \u00a0 \u00a0 \u00a0 \u00a0 \u00a0 \u00a0 \u00a0 \u00a0 \u00a0 \u00a0 \u00a0 \u00a0 \u00a0 \u00a0 \u00a0 \u00a0 \u00a0 \u00a0 \u00a0 \u00a0 \u00a0 \u00a0 \u00a0 \u00a0 \u00a0 \u00a0 \u00a0 \u00a0 \u00a0 \u00a0 \u00a0 \u00a0 \u00a0 \u00a0 \u00a0 \u00a0 \u00a0 \u00a0 \u00a0 \u00a0 \u00a0 \u00a0 \u00a0 \u00a0 \u00a0 \u00a0 \u00a0 \u00a0 \u00a0 \u00a0 \u00a0 \u00a0<\/strong><\/p>\n<p><span style=\"font-size: 18pt;\"><strong><strong>Art\u00edculo 10. Informaci\u00f3n p\u00fablica de oficio.<\/strong><\/strong><\/span><\/p>\n<p>Los Sujetos Obligados deber\u00e1n mantener, actualizada y disponible, en todo momento, de acuerdo con sus funciones y a disposici\u00f3n de cualquier interesado, como m\u00ednimo, la siguiente informaci\u00f3n, que podr\u00e1 ser consultada de manera directa o a trav\u00e9s de los portales electr\u00f3nicos de cada sujeto obligado:<\/p>\n<blockquote><p><span style=\"font-size: 14pt;\"><strong>1) Estructura Org\u00e1nica y funciones de cada una de las dependencias y departamentos, incluyendo su marco normativo.<\/strong><\/span><\/p><\/blockquote>\n<p><a href=\"https:\/\/conadi.gob.gt\/web\/wp-content\/uploads\/2019\/06\/Organigrama-General-y-por-Direcciones.pdf\">Organigrama General y por Direcciones<\/a><\/p>\n<p><a href=\"https:\/\/conadi.gob.gt\/web\/wp-content\/uploads\/2019\/06\/Funciones-de-las-Dependencias.pdf\">Funciones de las Dependencias<\/a><\/p>\n<p><a href=\"https:\/\/drive.google.com\/open?id=0By2RGSlmbU5Od0x1SDZ5MUFFSlE\" target=\"_blank\" rel=\"noopener\">Ley de atenci\u00f3n a las personas con Discapacidad Decreto 135-96<\/a><\/p>\n<p><a href=\"https:\/\/drive.google.com\/open?id=0By2RGSlmbU5OWGViRjNhR0QyOGM\" target=\"_blank\" rel=\"noopener\">Convenci\u00f3n interamericana para la eliminaci\u00f3n de todas las formas de discriminaci\u00f3n contra las personas con discapacidad<\/a><\/p>\n<p><a href=\"https:\/\/drive.google.com\/open?id=0By2RGSlmbU5OYURzbnBQN2xCZDQ\" target=\"_blank\" rel=\"noopener\">Convenci\u00f3n sobre los derechos de las personas con discapacidad<\/a><\/p>\n<p><a href=\"https:\/\/drive.google.com\/open?id=1x7aNcVzEodZ7xhn0qbauMzSjHMOxrANL\" target=\"_blank\" rel=\"noopener\">Recomendaciones Convenci\u00f3n ONU Guatemala<\/a><\/p>\n<p><a href=\"https:\/\/drive.google.com\/open?id=1ocqTgsKe7KN1vp8zQ1n_dWtzlWYUClpU\" target=\"_blank\" rel=\"noopener\">Plan de Acci\u00f3n Guatemala <\/a><\/p>\n<p><a href=\"https:\/\/drive.google.com\/open?id=0By2RGSlmbU5ObU14MUNKMFpRM0U\" target=\"_blank\" rel=\"noopener\">Pol\u00edtica Nacional en Discapacidad<\/a><\/p>\n<p><a href=\"https:\/\/conadi.gob.gt\/web\/wp-content\/uploads\/2017\/09\/Informe-sobre-las-CODEDISY-COMUDIS-JULIO-2017.docx\" target=\"_blank\" rel=\"noopener\">Informe Situacional Sobre las CODEDIS Y COMUDIS (Word)<\/a><\/p>\n<p><a href=\"https:\/\/conadi.gob.gt\/web\/wp-content\/uploads\/2017\/09\/Informe-sobre-las-CODEDISY-COMUDIS-JULIO-2017.pdf\" target=\"_blank\" rel=\"noopener\">Informe Situacional Sobre las CODEDIS Y COMUDIS (pdf)<\/a><\/p>\n<p><a href=\"https:\/\/drive.google.com\/open?id=1RINPAtFR8iMk3PtAsVlr3kDTucsAyonP\" target=\"_blank\" rel=\"noopener\">PEI armonizado al Plan de Acci\u00f3n 2016 2020 pdf<\/a><\/p>\n<p><a href=\"https:\/\/conadi.gob.gt\/web\/wp-content\/uploads\/2018\/03\/PEI-2016-2020-VF.docx\" target=\"_blank\" rel=\"noopener\">PEI armonizado al Plan de Acci\u00f3n 2016 2020 word<\/a><\/p>\n<p><a href=\"https:\/\/conadi.gob.gt\/web\/wp-content\/uploads\/2019\/05\/Ley-135-96-Atenci\u00f3n-a-Personas-con-Di-scapacidad.pdf\">ley 135-96<\/a><\/p>\n<p>&nbsp;<\/p>\n<hr \/>\n<blockquote><p><span style=\"font-size: 14pt;\"><strong>2) Direcci\u00f3n y Tel\u00e9fonos de la entidad y todas las dependencias que la conforman.<\/strong><\/span><\/p><\/blockquote>\n<p><em><span style=\"font-size: 14pt; color: #000000;\">A\u00d1O 2017\u00a0<\/span><\/em><\/p>\n<p><a href=\"https:\/\/conadi.gob.gt\/web\/wp-content\/uploads\/2017\/06\/Extensiones-Conadi-2017.docx\" target=\"_blank\" rel=\"noopener\">Direcci\u00f3n y Extensiones<\/a><\/p>\n<p>&nbsp;<\/p>\n<hr \/>\n<blockquote><p><span style=\"font-size: 14pt;\"><strong>3) Directorio de empleados y servidores p\u00fablicos, incluyendo n\u00fameros de tel\u00e9fono y direcciones de correo electr\u00f3nico oficiales no privados; quedan exentos de esta obligaci\u00f3n los sujetos obligados cuando se ponga en riesgo el sistema nacional de seguridad, la investigaci\u00f3n criminal e inteligencia del Estado.<\/strong><\/span><\/p><\/blockquote>\n<p>&nbsp;<\/p>\n<hr \/>\n<blockquote><p><span style=\"font-size: 14pt;\"><strong>4) N\u00famero y Nombre de Funcionarios.<\/strong><\/span><\/p><\/blockquote>\n<p><em><span style=\"font-size: 14pt;\">A\u00d1O 2017<\/span><\/em><\/p>\n<p><a href=\"https:\/\/conadi.gob.gt\/web\/wp-content\/uploads\/2017\/06\/Puestos-y-Sueldos.pdf\" target=\"_blank\" rel=\"noopener\">N\u00famero, Puesto y Sueldo pdf<\/a><\/p>\n<p><a href=\"https:\/\/conadi.gob.gt\/web\/wp-content\/uploads\/2017\/06\/Puestos-y-Sueldos.docx\" target=\"_blank\" rel=\"noopener\">N\u00famero, Puesto y Sueldo word<\/a><\/p>\n<p>&nbsp;<\/p>\n<blockquote><p><span style=\"font-size: 14pt;\"><strong>5) Misi\u00f3n, Visi\u00f3n,\u00a0Objetivos de la Instituci\u00f3n y POA<\/strong><\/span><\/p><\/blockquote>\n<p><em><span style=\"font-size: 14pt;\">A\u00d1O 2017<\/span><\/em><\/p>\n<p><a href=\"https:\/\/drive.google.com\/open?id=0B7g_RlKlyL0TRVc5MTJoV2NheEE\">PEI 2016-2020<\/a><\/p>\n<p><a href=\"https:\/\/conadi.gob.gt\/web\/wp-content\/uploads\/2019\/06\/MISI\u00d3N.pdf\">Misi\u00f3n<\/a><\/p>\n<p><a href=\"https:\/\/conadi.gob.gt\/web\/wp-content\/uploads\/2019\/06\/VISI\u00d3N.pdf\">Visi\u00f3n<\/a><\/p>\n<p><a href=\"https:\/\/conadi.gob.gt\/web\/wp-content\/uploads\/2019\/06\/OBJETIVO-ORGANIZACIONAL.pdf\">Objetivo Organizacional<\/a><\/p>\n<p>&nbsp;<\/p>\n<hr \/>\n<blockquote><p><span style=\"font-size: 14pt;\"><strong>6) Manuales de Procedimientos, tanto administrativos como operativos;<\/strong><\/span><\/p><\/blockquote>\n<p><a href=\"https:\/\/drive.google.com\/open?id=0By2RGSlmbU5OOV8yZjlVS1hHaGs\" target=\"_blank\" rel=\"noopener\">Reglamentos de Vi\u00e1ticos <\/a><\/p>\n<p><a href=\"https:\/\/drive.google.com\/open?id=0By2RGSlmbU5OeGp5Vjdpb09KNlE\" target=\"_blank\" rel=\"noopener\">Reglamento de Dietas <\/a><\/p>\n<p><a href=\"https:\/\/drive.google.com\/open?id=1dLNBokgrP1Ha76ScP9v7WmVlD5quGEMu\" target=\"_blank\" rel=\"noopener\">Reglamento de Subsectores <\/a><\/p>\n<p><a href=\"https:\/\/drive.google.com\/open?id=0By2RGSlmbU5OTXFpUHpsbktsekE\" target=\"_blank\" rel=\"noopener\">Reglamento de Bolsas de Estudio <\/a><\/p>\n<p><a href=\"https:\/\/drive.google.com\/open?id=0By2RGSlmbU5ONFBjM3I3cGN2QUU\" target=\"_blank\" rel=\"noopener\">Proceso de Compra<\/a><\/p>\n<p><a href=\"https:\/\/conadi.gob.gt\/web\/wp-content\/uploads\/2018\/03\/Reglamento-de-Comisiones-de-Trabajo.docx\" target=\"_blank\" rel=\"noopener\">Reglamento de Comisiones de Trabajo \u00a0<\/a><\/p>\n<p><a href=\"https:\/\/conadi.gob.gt\/web\/wp-content\/uploads\/2019\/06\/Manual-de-Convivencia-Laboral-CONADI.pdf\">Manual de Convivencia Laboral<\/a><\/p>\n<p><a href=\"https:\/\/conadi.gob.gt\/web\/wp-content\/uploads\/2019\/06\/Manual-de-Procesos-y-Procedimientos.pdf\">Manual de Procesos y Procedimientos<\/a><\/p>\n<p><a href=\"https:\/\/conadi.gob.gt\/web\/wp-content\/uploads\/2019\/06\/Manual-Organizacional.pdf\">Manual Organizacional<\/a><\/p>\n<p><a href=\"https:\/\/conadi.gob.gt\/web\/wp-content\/uploads\/2019\/06\/REGLAMENTO-ORG-INTERNO-DEL-CONADI.pdf\">Reglamento Organizacional Interno<\/a><\/p>\n<hr \/>\n<blockquote><p><span style=\"font-size: 14pt;\"><strong>7)\u00a0La informaci\u00f3n\u00a0sobre el presupuesto de ingresos y egresos asignado para\u00a0cada ejercicio fiscal; los programas cuya elaboraci\u00f3n y\/o ejecuci\u00f3n se encuentren a su cargo y todas las modificaciones que se realicen al mismo, incluyendo transferencias internas y externas.<\/strong><\/span><\/p><\/blockquote>\n<p><em><span style=\"font-size: 14pt;\">A\u00d1O 2015<\/span><\/em><\/p>\n<p><a href=\"https:\/\/drive.google.com\/open?id=1kz6Pq3E0wZ0SHTkAIlGGxHZkcACYOWJe\" target=\"_blank\" rel=\"noopener\">Liquidaci\u00f3n presupuestaria 2015<\/a><\/p>\n<p><em><span style=\"font-size: 14pt;\">A\u00d1O 2016<\/span><\/em><\/p>\n<p><a href=\"http:\/\/www.conadi.gob.gt\/web\/wp-content\/uploads\/2016\/infopub\/EjeFinEneSep2016.PDF\" target=\"_blank\" rel=\"noopener\">Ejecuci\u00f3n Financiera Enero Septiembre 2016<\/a><\/p>\n<p><em><span style=\"font-size: 14pt;\">A\u00d1O 2017<\/span><\/em><\/p>\n<p><a href=\"https:\/\/drive.google.com\/open?id=0B7g_RlKlyL0TTXBTNmFPM210ZEE\" target=\"_blank\" rel=\"noopener\">Informe Presupuestario Mes de Abril de 2017<\/a><\/p>\n<p><a href=\"https:\/\/drive.google.com\/open?id=0By2RGSlmbU5OZmRJa0J6Wk1QMXc\" target=\"_blank\" rel=\"noopener\">Ejecuci\u00f3n Presupuestaria del 1 de enero al 31 de mayo de 2017 <\/a><\/p>\n<p><a href=\"https:\/\/conadi.gob.gt\/web\/wp-content\/uploads\/2017\/09\/numeral-7-ejecucion-presupuestaria-junio.pdf\" target=\"_blank\" rel=\"noopener\">Ejecuci\u00f3n presupuestaria a junio 2017 <\/a><\/p>\n<p><a href=\"https:\/\/conadi.gob.gt\/web\/wp-content\/uploads\/2017\/09\/numeral-7-ejecucion-presupuestaria-julio.pdf\" target=\"_blank\" rel=\"noopener\">Ejecuci\u00f3n presupuestaria a julio 2017<\/a><\/p>\n<p><a href=\"https:\/\/conadi.gob.gt\/web\/wp-content\/uploads\/2017\/11\/Ejecucion-presupuestaria-a-sep-2017.pdf\" target=\"_blank\" rel=\"noopener\">Ejecuci\u00f3n Presupuestaria a Septiembre 2017<\/a><\/p>\n<p><a href=\"https:\/\/conadi.gob.gt\/web\/wp-content\/uploads\/2017\/12\/ejecuci\u00f3n-Presup-enero-nov2017.pdf\" target=\"_blank\" rel=\"noopener\">Ejecuci\u00f3n Presupuestaria del 1 de Enero al 30 de Noviembre 2017<\/a><\/p>\n<p><a href=\"https:\/\/conadi.gob.gt\/web\/wp-content\/uploads\/2018\/03\/Documento-de-Gastos-de-las-CODEDIS.xlsx\" target=\"_blank\" rel=\"noopener\">Gastos de CODEDIS 2017<\/a><\/p>\n<p>&nbsp;<\/p>\n<hr \/>\n<blockquote><p><span style=\"font-size: 14pt;\"><strong>8) Los informes mensuales de ejecuci\u00f3n presupuestaria de todos los renglones y de todas las unidades, tanto operativas como administrativas de la entidad.<\/strong><\/span><\/p><\/blockquote>\n<p><em><span style=\"font-size: 14pt;\">A\u00d1O 2017<\/span><\/em><\/p>\n<p><a href=\"https:\/\/conadi.gob.gt\/web\/wp-content\/uploads\/2017\/02\/Informe-de-Ejecuci\u00f3n-Presupuestario2017-actualizado.pdf\" target=\"_blank\" rel=\"noopener\">Enero 2017<\/a><\/p>\n<p><a href=\"https:\/\/drive.google.com\/open?id=0By2RGSlmbU5OMlY5OEQxS1p5M1k\" target=\"_blank\" rel=\"noopener\">Ejecuci\u00f3n Presupuestaria a Junio 2017<\/a><\/p>\n<p><a href=\"https:\/\/conadi.gob.gt\/web\/wp-content\/uploads\/2017\/12\/ejecumodi2017001.pdf\" target=\"_blank\" rel=\"noopener\">Ejecuci\u00f3n Presupuestaria y Modificaciones del 01 Enero al 29 de Diciembre de 2017<\/a><\/p>\n<p><a href=\"https:\/\/conadi.gob.gt\/web\/wp-content\/uploads\/2018\/03\/REPORTE-DE-METAS-2017.pdf\" target=\"_blank\" rel=\"noopener\">Reporte de Metas 2017 pdf<\/a><\/p>\n<p><a href=\"https:\/\/conadi.gob.gt\/web\/wp-content\/uploads\/2018\/03\/REPORTE-DE-METAS-2017.docx\" target=\"_blank\" rel=\"noopener\">Reporte de Metas 2017 Word<\/a><\/p>\n<p>&nbsp;<\/p>\n<hr \/>\n<blockquote><p><span style=\"font-size: 14pt;\"><strong>9) Dep\u00f3sitos con Fondos P\u00fablicos.<\/strong><\/span><\/p><\/blockquote>\n<p><a href=\"https:\/\/conadi.gob.gt\/web\/wp-content\/uploads\/2018\/09\/numeral092018103.pdf\">Reporte del sistema SICOIN\u00a0<\/a><\/p>\n<p>&nbsp;<\/p>\n<blockquote><p><span style=\"font-size: 14pt;\"><strong>10) Procesos de Cotizaci\u00f3n y Licitaci\u00f3n.<\/strong><\/span><\/p><\/blockquote>\n<p><em><span style=\"font-size: 14pt;\">A\u00d1O 2016<\/span><\/em><\/p>\n<p><a href=\"https:\/\/conadi.gob.gt\/web\/wp-content\/uploads\/2017\/01\/R00812586-Informaci\u00f3n-de-proceso-de-cotizaci\u00f3n-y-licitaci\u00f3n1.pdf\" target=\"_blank\" rel=\"noopener\">Cotizaci\u00f3n y Licitaci\u00f3n 2016<\/a><\/p>\n<p><em><span style=\"font-size: 14pt;\">A\u00d1O 2017<\/span><\/em><\/p>\n<p><a href=\"https:\/\/conadi.gob.gt\/web\/wp-content\/uploads\/2017\/07\/frmReportePDF-2-JUNIO-2017.pdf\" target=\"_blank\" rel=\"noopener\">Cotizaci\u00f3n y Licitaci\u00f3n Junio 2017<\/a><\/p>\n<p><a href=\"https:\/\/drive.google.com\/open?id=0By2RGSlmbU5Oa1cxOW1HWkw4eDQ\" target=\"_blank\" rel=\"noopener\">Cotizaci\u00f3n y Licitaci\u00f3n Julio 2017<\/a><\/p>\n<p><a href=\"https:\/\/conadi.gob.gt\/web\/wp-content\/uploads\/2017\/09\/frmReportePDF-2-AGOSTO-2017.pdf\" target=\"_blank\" rel=\"noopener\">Cotizaci\u00f3n y Licitaci\u00f3n Agosto 2017<\/a><\/p>\n<p><a href=\"https:\/\/conadi.gob.gt\/web\/wp-content\/uploads\/2017\/12\/cotizaciones.pdf\" target=\"_blank\" rel=\"noopener\">Cotizaci\u00f3n y Licitaci\u00f3n Octubre 2017<\/a><\/p>\n<p><a href=\"https:\/\/conadi.gob.gt\/web\/wp-content\/uploads\/2017\/12\/frmReportePDF-2-NOVIEMBRE.pdf\" target=\"_blank\" rel=\"noopener\">Cotizaci\u00f3n y Licitaci\u00f3n Noviembre 2017<\/a><\/p>\n<p><a href=\"https:\/\/conadi.gob.gt\/web\/wp-content\/uploads\/2018\/01\/frmReportePDF-2-DICIEMBRE.pdf\" target=\"_blank\" rel=\"noopener\">Cotizaci\u00f3n y Licitaci\u00f3n Diciembre 2017<\/a><\/p>\n<p>&nbsp;<\/p>\n<hr \/>\n<blockquote><p><span style=\"font-size: 14pt;\"><strong>11) Contrataciones de Bienes y Servicios.<\/strong><\/span><\/p><\/blockquote>\n<p><em><span style=\"font-size: 14pt;\">A\u00d1OS 2013, 2014, 2015 Y 2016<\/span><\/em><\/p>\n<p><a href=\"https:\/\/conadi.gob.gt\/web\/wp-content\/uploads\/2016\/infopub\/Contrataciones EneroDic2013.pdf\" target=\"_blank\" rel=\"noopener\">Contrataciones Enero Diciembre 2013<\/a><\/p>\n<p><a href=\"https:\/\/conadi.gob.gt\/web\/wp-content\/uploads\/2016\/infopub\/Contrataciones EneroDic2014.pdf\" target=\"_blank\" rel=\"noopener\">Contrataciones Enero Diciembre 2014<\/a><\/p>\n<p><a href=\"https:\/\/conadi.gob.gt\/web\/wp-content\/uploads\/2016\/infopub\/Contrataciones EneroDci2015.pdf\" target=\"_blank\" rel=\"noopener\">Contrataciones Enero Diciembre 2015<\/a><\/p>\n<p><a href=\"https:\/\/conadi.gob.gt\/web\/wp-content\/uploads\/2016\/infopub\/Contrataciones EneroJun2016.pdf\" target=\"_blank\" rel=\"noopener\">Contrataciones Enero Junio 2016<\/a><\/p>\n<p><a href=\"https:\/\/conadi.gob.gt\/web\/wp-content\/uploads\/2016\/10\/Contrataciones-Word-EneroDic2013.docx\" target=\"_blank\" rel=\"noopener\">Contrataciones Word Enero Diciembre 2013<\/a><\/p>\n<p><a href=\"https:\/\/conadi.gob.gt\/web\/wp-content\/uploads\/2016\/10\/Contrataciones-Word-EneroDic2014.docx\" target=\"_blank\" rel=\"noopener\">Contrataciones Word Enero Diciembre 2014<\/a><\/p>\n<p><a href=\"https:\/\/conadi.gob.gt\/web\/wp-content\/uploads\/2016\/10\/Contrataciones-Word-EneroDic2015.docx\" target=\"_blank\" rel=\"noopener\">Contrataciones Word Enero Diciembre 2015<\/a><\/p>\n<p><a href=\"https:\/\/conadi.gob.gt\/web\/wp-content\/uploads\/2016\/10\/Contrataciones-Word-EneroJun2016.docx\" target=\"_blank\" rel=\"noopener\">Contrataciones Word Enero Junio 2016<\/a><\/p>\n<p><a href=\"https:\/\/conadi.gob.gt\/web\/wp-content\/uploads\/2017\/01\/R00812608-Compras-Directas-2016.pdf\" target=\"_blank\" rel=\"noopener\">Proceso de Contrataciones<\/a><\/p>\n<p><em><span style=\"font-size: 14pt;\">A\u00d1O 2017<\/span><\/em><\/p>\n<p><a href=\"https:\/\/conadi.gob.gt\/web\/wp-content\/uploads\/2017\/07\/frmReportePDF-3-JUNIO-2017.pdf\" target=\"_blank\" rel=\"noopener\">Contrataciones Junio 2017<\/a><\/p>\n<p><a href=\"https:\/\/drive.google.com\/open?id=0By2RGSlmbU5ONV9lQi1NcjM1MU0\" target=\"_blank\" rel=\"noopener\">Contrataciones Julio 2017<\/a><\/p>\n<p><a href=\"https:\/\/conadi.gob.gt\/web\/wp-content\/uploads\/2017\/09\/frmReportePDF-3-AGOSTO-2017.pdf\" target=\"_blank\" rel=\"noopener\">Contrataciones Agosto 2017<\/a><\/p>\n<p><a href=\"https:\/\/conadi.gob.gt\/web\/wp-content\/uploads\/2017\/12\/contrataciones.pdf\" target=\"_blank\" rel=\"noopener\">Contrataciones Octubre 2017<\/a><\/p>\n<p><a href=\"https:\/\/conadi.gob.gt\/web\/wp-content\/uploads\/2017\/12\/frmReportePDF-3-NOVIEMBRE.pdf\" target=\"_blank\" rel=\"noopener\">Contrataciones Noviembre 2017<\/a><\/p>\n<p><a href=\"https:\/\/conadi.gob.gt\/web\/wp-content\/uploads\/2018\/01\/frmReportePDF-3-DICIEMBRE.pdf\" target=\"_blank\" rel=\"noopener\">Contrataciones Diciembre 2017<\/a><\/p>\n<p>&nbsp;<\/p>\n<hr \/>\n<blockquote><p><span style=\"font-size: 14pt;\"><strong>12) Viajes, Costos y Vi\u00e1ticos.<\/strong><\/span><\/p><\/blockquote>\n<p><a href=\"https:\/\/conadi.gob.gt\/web\/wp-content\/uploads\/2016\/08\/Reporte-Vuelos-2015-y-2016.xls\" target=\"_blank\" rel=\"noopener\">Reporte de Vuelos 2015 y 2016<\/a><\/p>\n<p>&nbsp;<\/p>\n<hr \/>\n<blockquote><p><span style=\"font-size: 14pt;\"><strong>13) Inventario de Bienes.<\/strong><\/span><\/p><\/blockquote>\n<p><a href=\"https:\/\/conadi.gob.gt\/web\/wp-content\/uploads\/2016\/08\/Activos-fijos-seguro-administracion.xlsx\" target=\"_blank\" rel=\"noopener\">Activos Fijos<\/a><\/p>\n<p>&nbsp;<\/p>\n<hr \/>\n<blockquote><p><span style=\"font-size: 14pt;\"><strong>14) Mantenimiento de Equipo.<\/strong><\/span><\/p><\/blockquote>\n<p>&nbsp;<\/p>\n<p>&nbsp;<\/p>\n<hr \/>\n<blockquote><p><span style=\"font-size: 14pt;\"><strong>15) Subsidios y becas.<\/strong><\/span><\/p><\/blockquote>\n<ul>\n<li><a href=\"https:\/\/conadi.gob.gt\/web\/wp-content\/uploads\/2017\/infopublica\/bolsas de estudio y apoyos 2012-2015.pdf\" target=\"_blank\" rel=\"noopener\">Bolsas de Estudio y Apoyos Puntuales<\/a><\/li>\n<li><a href=\"https:\/\/conadi.gob.gt\/web\/wp-content\/uploads\/2018\/02\/bolsase006.pdf\" target=\"_blank\" rel=\"noopener\">Apoyos Puntuales y Bolsas de Estudio 2017<\/a><\/li>\n<li><a href=\"https:\/\/conadi.gob.gt\/web\/wp-content\/uploads\/2017\/12\/reper001.pdf\" target=\"_blank\" rel=\"noopener\">Registro de Personas Individuales<\/a><\/li>\n<\/ul>\n<p><a href=\"https:\/\/conadi.gob.gt\/web\/wp-content\/uploads\/2017\/12\/subsi002.pdf\" target=\"_blank\" rel=\"noopener\">Beneficiarios con Subsidio<\/a><\/p>\n<p><a href=\"https:\/\/conadi.gob.gt\/web\/wp-content\/uploads\/2018\/12\/consolJuri001.pdf\">Consolidado de personas jur\u00eddicas beneficiadas con subsidio o subvenci\u00f3n\u00a0<\/a><\/p>\n<p>&nbsp;<\/p>\n<hr \/>\n<blockquote><p><span style=\"font-size: 14pt;\"><strong>16) Contratos, Licencias y Concesiones.<\/strong><\/span><\/p><\/blockquote>\n<p><span style=\"color: #000000;\">NOTA:\u00a0<em>En el presente numeral no hay informaci\u00f3n para presentar por parte de la Instituci\u00f3n en virtud que no se han suscrito contratos de usufructo ni es titular de licencias o concesiones para la explotaci\u00f3n de bienes del Estado.<\/em><\/span><\/p>\n<hr \/>\n<blockquote><p><span style=\"font-size: 14pt;\"><strong>17) Empresas Precalificadas para Ejecuci\u00f3n de Obras P\u00fablicas.<\/strong><\/span><\/p><\/blockquote>\n<p>NOTA:\u00a0<em>El presente numeral no aplica para la Instituci\u00f3n por no contar a la fecha con empresas precalificadas para tales fines.<\/em><\/p>\n<hr \/>\n<blockquote><p><span style=\"font-size: 14pt;\"><strong>18) Listado de Obras con Fondos P\u00fablicos.<\/strong><\/span><\/p><\/blockquote>\n<p>NOTA: <em>El Consejo Nacional para la Atenci\u00f3n de las Personas con Discapacidad -CONADI-\u00a0no efect\u00faa obras de esta naturaleza.<\/em><\/p>\n<hr \/>\n<blockquote><p><span style=\"font-size: 14pt;\"><strong>19) Contratos de Arrendamientos de Inmuebles.<\/strong><\/span><\/p><\/blockquote>\n<p>&nbsp;<\/p>\n<hr \/>\n<blockquote><p><span style=\"font-size: 14pt;\"><strong><br \/>\n20) Contratos por Cotizaci\u00f3n y Licitaci\u00f3n.<\/strong><\/span><\/p><\/blockquote>\n<p><a href=\"https:\/\/conadi.gob.gt\/web\/wp-content\/uploads\/2016\/10\/CotiLic2012a2016.pdf\" target=\"_blank\" rel=\"noopener\">Cotizaciones y Licitaciones 2012 a 2016<\/a><\/p>\n<p><a href=\"https:\/\/conadi.gob.gt\/web\/wp-content\/uploads\/2016\/10\/Cotilic2012a2016.docx\" target=\"_blank\" rel=\"noopener\">Cotizaciones y Licitaciones Word 2012 a 2016<\/a><\/p>\n<p>&nbsp;<\/p>\n<hr \/>\n<blockquote><p><span style=\"font-size: 14pt;\"><strong>21) Fideicomisos.<\/strong><\/span><\/p><\/blockquote>\n<p>NOTA:\u00a0<em>En el presente numeral no hay informaci\u00f3n a publicar en virtud que la Instituci\u00f3n no ha constituido fideicomisos con fondos p\u00fablicos.<\/em><\/p>\n<hr \/>\n<blockquote><p><span style=\"font-size: 14pt;\"><strong>22) Compras Directas.<\/strong><\/span><\/p><\/blockquote>\n<p><em><span style=\"font-size: 14pt;\">A\u00d1O 2011, 2012, 2013, 2014, 2015 Y 2016<\/span><\/em><\/p>\n<p><a href=\"https:\/\/conadi.gob.gt\/web\/wp-content\/uploads\/2016\/08\/2011.xls\" target=\"_blank\" rel=\"noopener\">Compras Directas 2011<\/a><\/p>\n<p><a href=\"https:\/\/conadi.gob.gt\/web\/wp-content\/uploads\/2016\/10\/ComDir2012.pdf\" target=\"_blank\" rel=\"noopener\">Compras Directas 2012<\/a><\/p>\n<p><a href=\"https:\/\/conadi.gob.gt\/web\/wp-content\/uploads\/2016\/08\/2013.xls\" target=\"_blank\" rel=\"noopener\">Compras Directas 2013<\/a><\/p>\n<p><a href=\"https:\/\/conadi.gob.gt\/web\/wp-content\/uploads\/2016\/08\/2014.xls\" target=\"_blank\" rel=\"noopener\">Compras Directas 2014<\/a><\/p>\n<p><a href=\"https:\/\/conadi.gob.gt\/web\/wp-content\/uploads\/2016\/08\/2015.xls\" target=\"_blank\" rel=\"noopener\">Compras Directas 2015<\/a><\/p>\n<p><a href=\"https:\/\/conadi.gob.gt\/web\/wp-content\/uploads\/2017\/01\/R00812578-Compras-Directas.pdf\" target=\"_blank\" rel=\"noopener\">Compras Directas 2016<\/a><\/p>\n<p><a href=\"https:\/\/conadi.gob.gt\/web\/wp-content\/uploads\/2016\/infopub\/Compras Directas 2012 a 2016.pdf\">Compras Directas Unificado 2012 a 2016<\/a><\/p>\n<p><a href=\"https:\/\/conadi.gob.gt\/web\/wp-content\/uploads\/2016\/10\/ComDir2012a2016.docx\" target=\"_blank\" rel=\"noopener\">Compras Directas Unificado Word 2012 a 2016<\/a><\/p>\n<p><em><span style=\"font-size: 14pt;\">A\u00d1O 2017<\/span><\/em><\/p>\n<p><a href=\"https:\/\/drive.google.com\/open?id=0By2RGSlmbU5OeFpBbG5COXFtaFU\" target=\"_blank\" rel=\"noopener\">Informaci\u00f3n de Compras Mayo 2017<\/a><\/p>\n<p><a href=\"https:\/\/conadi.gob.gt\/web\/wp-content\/uploads\/2017\/07\/frmReportePDF-1-JUNIO-2017.pdf\" target=\"_blank\" rel=\"noopener\">Compras Directas Junio 2017<\/a><\/p>\n<p><a href=\"https:\/\/drive.google.com\/open?id=0By2RGSlmbU5Ob2h0M0RyRHlsWFE\" target=\"_blank\" rel=\"noopener\">Compras Directas Julio 2017<\/a><\/p>\n<p><a href=\"https:\/\/conadi.gob.gt\/web\/wp-content\/uploads\/2017\/09\/frmReportePDF-1-AGOSTO-2017.pdf\" target=\"_blank\" rel=\"noopener\">Compras Directas Agosto 2017<\/a><\/p>\n<p><a href=\"https:\/\/conadi.gob.gt\/web\/wp-content\/uploads\/2017\/12\/compras-directas.pdf\" target=\"_blank\" rel=\"noopener\">Compras Directas Octubre 2017<\/a><\/p>\n<p><a href=\"https:\/\/conadi.gob.gt\/web\/wp-content\/uploads\/2017\/12\/frmReportePDF-1-NOVIEMBRE.pdf\" target=\"_blank\" rel=\"noopener\">Compras Directas Noviembre 2017<\/a><\/p>\n<p><a href=\"https:\/\/conadi.gob.gt\/web\/wp-content\/uploads\/2018\/01\/frmReportePDF-1-DICIEMBRE.pdf\" target=\"_blank\" rel=\"noopener\">Compras Directas Diciembre 2017<\/a><\/p>\n<p>&nbsp;<\/p>\n<p>&nbsp;<\/p>\n<hr \/>\n<blockquote><p><span style=\"font-size: 14pt;\"><strong>23) Auditorias.<\/strong><\/span><\/p><\/blockquote>\n<p><a href=\"https:\/\/drive.google.com\/open?id=0B7g_RlKlyL0TZ3RPTk9CRzN1OHM\" target=\"_blank\" rel=\"noopener\">UDAI 2011<\/a><\/p>\n<p><a href=\"https:\/\/drive.google.com\/open?id=0B7g_RlKlyL0TOVQ1R19nSTVZdXM\" target=\"_blank\" rel=\"noopener\">UDAI 2012<\/a><\/p>\n<p><a href=\"https:\/\/drive.google.com\/open?id=0B7g_RlKlyL0TRVdmdmhSdGdwSWM\" target=\"_blank\" rel=\"noopener\">UDAI 2013<\/a><\/p>\n<p><a href=\"https:\/\/drive.google.com\/open?id=0B7g_RlKlyL0TRzRBRFE5bTBNWkk\" target=\"_blank\" rel=\"noopener\">UDAI 2014<\/a><\/p>\n<p><a href=\"https:\/\/conadi.gob.gt\/web\/wp-content\/uploads\/2018\/09\/70068-Informe-Final-Viaticos.pdf\">Informe Final de Vi\u00e1ticos\u00a0<\/a><\/p>\n<p><a href=\"https:\/\/conadi.gob.gt\/web\/wp-content\/uploads\/2018\/10\/CUA-70068-Auditoria-Ejecuci\u00f3n-Presupuestaria-Vi\u00e1ticos.pdf\">Informe de Auditoria sobre vi\u00e1ticos y gastos de transporte a diciembre 2017<\/a><\/p>\n<p>Auditorias Internas 2015<\/p>\n<p><a href=\"https:\/\/conadi.gob.gt\/web\/wp-content\/uploads\/2018\/05\/Informe-CUA-32341-2014-Presupuesto.pdf\" target=\"_blank\" rel=\"noopener\">Presupuesto\u00a0<\/a><\/p>\n<p><a href=\"https:\/\/conadi.gob.gt\/web\/wp-content\/uploads\/2018\/05\/Informe-CUA-32344-2014-Compras.pdf\" target=\"_blank\" rel=\"noopener\">Compras\u00a001<\/a><\/p>\n<p><a href=\"https:\/\/conadi.gob.gt\/web\/wp-content\/uploads\/2018\/05\/Informe-CUA-44332-2015-Compras.pdf\" target=\"_blank\" rel=\"noopener\">Compras 02<\/a><\/p>\n<p>Auditorias Internas 2016<br \/>\n<a href=\"https:\/\/drive.google.com\/open?id=0By2RGSlmbU5OYmZoMXFUOWhSVDA\" target=\"_blank\" rel=\"noopener\">Informe CUA 54468 Control Interno CONADI<\/a><br \/>\n<a href=\"https:\/\/drive.google.com\/open?id=0By2RGSlmbU5OdEFFZllWZWY3MFk\" target=\"_blank\" rel=\"noopener\">Informe CUA 54485 Activos Fijos 2016 CONADI<\/a><\/p>\n<p>Auditor\u00edas Internas 2017<br \/>\n<a href=\"https:\/\/drive.google.com\/open?id=0By2RGSlmbU5OYXNkWVpXNkNnY2c\" target=\"_blank\" rel=\"noopener\">Informe CUA 61426 Presupuesto CONADI<\/a><br \/>\n<a href=\"https:\/\/drive.google.com\/open?id=0By2RGSlmbU5OMDk2RzgtSlZHeUE\" target=\"_blank\" rel=\"noopener\">Informe CUA 61429 Compras CONADI<\/a><\/p>\n<p><a href=\"https:\/\/drive.google.com\/open?id=1Zek5LMtdw-HHCCxBMzDaVipHP7q7-UgY\" target=\"_blank\" rel=\"noopener\">Monitoreo de Organizaciones, Apoyos Puntuales y Bolsas de Estudio<\/a><\/p>\n<p><a href=\"https:\/\/conadi.gob.gt\/web\/wp-content\/uploads\/2019\/01\/CUA-No.-70073-Auditoria-de-Compras-2017-CONADI.pdf\">CUA No. 70073 Auditoria de Compras 2017 CONADI<\/a><\/p>\n<p><a href=\"http:\/\/Informe de Auditor\u00eda Financiera y de Cumplimiento 1 de enero de 2016 al 31 de diciembre de 2017.\">Informe de Auditoria Financiera y de Cumplimiento 1 de enero de 2016 al 31 de diciembre de 2017\u00a0<\/a><\/p>\n<p>&nbsp;<\/p>\n<hr \/>\n<blockquote><p><span style=\"font-size: 14pt;\"><strong>24) Informaci\u00f3n de Entidades Internacionales.<\/strong><\/span><\/p><\/blockquote>\n<p>NOTA: <em>El presente numeral no corresponde a la Instituci\u00f3n por\u00a0 no ser una Entidad Internacional.<\/em><\/p>\n<hr \/>\n<blockquote><p><span style=\"font-size: 14pt;\"><strong>25) Informaci\u00f3n de Entidades no Gubernamentales o Privadas.<\/strong><\/span><\/p><\/blockquote>\n<p>NOTA:\u00a0<em>El presente numeral no corresponde a la instituci\u00f3n en virtud de no ser una entidad no gubernamental.<\/em><\/p>\n<hr \/>\n<blockquote><p><span style=\"font-size: 14pt;\"><strong>26) Publicaciones Diario de Centro Am\u00e9rica.<\/strong><\/span><\/p><\/blockquote>\n<p>&nbsp;<\/p>\n<hr \/>\n<blockquote><p><span style=\"font-size: 14pt;\"><strong>27) \u00cdndice de la Informaci\u00f3n.<\/strong><\/span><\/p><\/blockquote>\n<p>NOTA:\u00a0<em>El presente numeral no aplica para la instituci\u00f3n ya que a la fecha no se han emitido resoluciones para declarar como reservada o confidencial ninguna informaci\u00f3n, solo las que la ley indica.<\/em><\/p>\n<hr \/>\n<blockquote><p><span style=\"font-size: 14pt;\"><strong>28) Pertenencia Socioling\u00fc\u00edstica.<\/strong><\/span><\/p><\/blockquote>\n<p>&nbsp;<\/p>\n<hr \/>\n<blockquote><p><span style=\"font-size: 14pt;\"><strong>29) Temas Relacionados.<\/strong><\/span><\/p><\/blockquote>\n<p><a href=\"https:\/\/conadi.gob.gt\/web\/wp-content\/uploads\/2017\/08\/Informe-Circunstanciado-Consultor\u00edas-final.xlsx\" target=\"_blank\" rel=\"noopener\">Contratos por Consultor\u00edas <\/a><\/p>\n<p><a href=\"https:\/\/conadi.gob.gt\/web\/wp-content\/uploads\/2017\/11\/ACUERDO-MUNICIPAL-No.-2072016.pdf\" target=\"_blank\" rel=\"noopener\">ACUERDO MUNICIPAL No. 2072,016<\/a><\/p>\n<p><a href=\"https:\/\/drive.google.com\/open?id=0By2RGSlmbU5OTVZpS2ZaNy1hczQ\" target=\"_blank\" rel=\"noopener\">Centro Regional<\/a><\/p>\n<p><a href=\"https:\/\/conadi.gob.gt\/web\/wp-content\/uploads\/2017\/11\/Consulta-a-58-organizaciones-social-del-CONADI.pdf\" target=\"_blank\" rel=\"noopener\">Consulta organizaciones<\/a><\/p>\n<p><a href=\"https:\/\/drive.google.com\/open?id=0By2RGSlmbU5OdWE3ZkRQRlVHakE\" target=\"_blank\" rel=\"noopener\">Nueva Ley<\/a><\/p>\n<p><a href=\"https:\/\/conadi.gob.gt\/web\/wp-content\/uploads\/2017\/11\/Talleres-de-capacitaci\u00f3n-de-derechos-humanos-y-discapacidad-por-Silvia-Quan.pdf\" target=\"_blank\" rel=\"noopener\">Talleres de Capacitaci\u00f3n de Derechos Humanos y Discapacidad<\/a><\/p>\n<p><a href=\"https:\/\/drive.google.com\/open?id=0By2RGSlmbU5OWUF1WjJXb2QwdVk\" target=\"_blank\" rel=\"noopener\">Convenio Internacional<\/a><\/p>\n<p><a href=\"https:\/\/conadi.gob.gt\/web\/wp-content\/uploads\/2017\/07\/Directorio-de-organizaciones-2017.doc\" target=\"_blank\" rel=\"noopener\">Directorio de Organizaciones 2017<\/a><\/p>\n<ul>\n<li><a href=\"https:\/\/drive.google.com\/open?id=0B7g_RlKlyL0TZFpnQ0c3ckRkdG8\" target=\"_blank\" rel=\"noopener\">Acuerdo 229-2014<\/a><\/li>\n<li><a href=\"https:\/\/drive.google.com\/open?id=0B7g_RlKlyL0TLW1jbkZTcXUtSnc\" target=\"_blank\" rel=\"noopener\">Acuerdo 55-2016<\/a><\/li>\n<li><a href=\"https:\/\/drive.google.com\/open?id=0B7g_RlKlyL0TZXN4b0FEa0R2ZTg\" target=\"_blank\" rel=\"noopener\">Acuerdo 69-2016<\/a><\/li>\n<li><a href=\"https:\/\/drive.google.com\/open?id=0B7g_RlKlyL0TOUNvQUYybWxDTWM\" target=\"_blank\" rel=\"noopener\">Acuerdo 94-2016<\/a><\/li>\n<li><a href=\"https:\/\/drive.google.com\/open?id=0B7g_RlKlyL0TZVNTaUVxVDR0SHc\" target=\"_blank\" rel=\"noopener\">Acuerdo 106-2016<\/a><\/li>\n<li><a href=\"https:\/\/drive.google.com\/open?id=0B7g_RlKlyL0TMFg2QzVjNFB6SnM\" target=\"_blank\" rel=\"noopener\">Acuerdo 110-2013<\/a><\/li>\n<li><a href=\"https:\/\/drive.google.com\/open?id=0B7g_RlKlyL0TaUgyd0RCU3g1bnM\" target=\"_blank\" rel=\"noopener\">Acuerdo 122-2016<\/a><\/li>\n<li><a href=\"https:\/\/drive.google.com\/open?id=0B7g_RlKlyL0TY2FySnpNSTR3aHM\" target=\"_blank\" rel=\"noopener\">Acuerdo 2010-2016<\/a><\/li>\n<li><a href=\"https:\/\/drive.google.com\/open?id=0B7g_RlKlyL0Tcl9aYV9DUTlSVTQ\" target=\"_blank\" rel=\"noopener\">Acuerdo 223-2016<\/a><\/li>\n<li><a href=\"https:\/\/drive.google.com\/open?id=0B7g_RlKlyL0TMFRHX1dXS0xHVzg\" target=\"_blank\" rel=\"noopener\">Decreto 13-2013<\/a><\/li>\n<li><a href=\"https:\/\/drive.google.com\/open?id=0B7g_RlKlyL0TUGRSMm5zT21qZFk\" target=\"_blank\" rel=\"noopener\">Decreto 9-2015<\/a><\/li>\n<li><a href=\"https:\/\/drive.google.com\/open?id=0B7g_RlKlyL0TMS15Vmx1RkhhVlk\" target=\"_blank\" rel=\"noopener\">Decreto 14-2015<\/a><\/li>\n<li><a href=\"https:\/\/drive.google.com\/open?id=0B7g_RlKlyL0TQUdtN0JhY0Z1Yk0\" target=\"_blank\" rel=\"noopener\">Decreto 7-2016<\/a><\/li>\n<li><a href=\"https:\/\/conadi.gob.gt\/web\/wp-content\/uploads\/2017\/07\/Edicto-Marraketch.pdf\" target=\"_blank\" rel=\"noopener\">Edicto Marrakech<\/a><\/li>\n<\/ul>\n<ul>\n<li style=\"list-style-type: none;\">\n<ul>\n<li style=\"list-style-type: none;\">\n<ul>\n<li style=\"list-style-type: none;\">\n<ul>\n<li>Convenios Interinstitucionales<\/li>\n<\/ul>\n<\/li>\n<\/ul>\n<\/li>\n<\/ul>\n<\/li>\n<\/ul>\n<table>\n<tbody align=\"center\">\n<tr>\n<td><a href=\"https:\/\/conadi.gob.gt\/web\/wp-content\/uploads\/2017\/01\/CCS.pdf\" target=\"_blank\" rel=\"noopener\">1. CCS<\/a><\/td>\n<td><a href=\"https:\/\/conadi.gob.gt\/web\/wp-content\/uploads\/2017\/01\/CONALFA.pdf\" target=\"_blank\" rel=\"noopener\">2. CONALFA<\/a><\/td>\n<td><a href=\"https:\/\/conadi.gob.gt\/web\/wp-content\/uploads\/2017\/01\/FSG.pdf\" target=\"_blank\" rel=\"noopener\">3. FSG<\/a><\/td>\n<td><a href=\"https:\/\/conadi.gob.gt\/web\/wp-content\/uploads\/2017\/01\/ISDM.pdf\" target=\"_blank\" rel=\"noopener\">4. ISDM<\/a><\/td>\n<td><a href=\"https:\/\/conadi.gob.gt\/web\/wp-content\/uploads\/2017\/01\/LSHTM.pdf\" target=\"_blank\" rel=\"noopener\">5. LSHTM<\/a><\/td>\n<\/tr>\n<tr>\n<td><a href=\"https:\/\/conadi.gob.gt\/web\/wp-content\/uploads\/2017\/01\/LSHTM02.pdf\" target=\"_blank\" rel=\"noopener\">6. LSHTM02<\/a><\/td>\n<td><a href=\"https:\/\/conadi.gob.gt\/web\/wp-content\/uploads\/2017\/01\/MIDES.pdf\" target=\"_blank\" rel=\"noopener\">7. MIDES<\/a><\/td>\n<td><a href=\"https:\/\/conadi.gob.gt\/web\/wp-content\/uploads\/2017\/01\/MP.pdf\" target=\"_blank\" rel=\"noopener\">8. MP<\/a><\/td>\n<td><a href=\"https:\/\/conadi.gob.gt\/web\/wp-content\/uploads\/2017\/01\/RENAP.pdf\" target=\"_blank\" rel=\"noopener\">9. RENAP<\/a><\/td>\n<td><a href=\"https:\/\/conadi.gob.gt\/web\/wp-content\/uploads\/2017\/01\/SCEP.pdf\" target=\"_blank\" rel=\"noopener\">10. SCEP<\/a><\/td>\n<\/tr>\n<tr>\n<td><a href=\"https:\/\/conadi.gob.gt\/web\/wp-content\/uploads\/2017\/01\/SEGEPLAN.pdf\" target=\"_blank\" rel=\"noopener\">11. SEGEPLAN<\/a><\/td>\n<td><a href=\"https:\/\/conadi.gob.gt\/web\/wp-content\/uploads\/2017\/01\/SEPREM.pdf\" target=\"_blank\" rel=\"noopener\">12. SEPREM<\/a><\/td>\n<td><a href=\"https:\/\/conadi.gob.gt\/web\/wp-content\/uploads\/2017\/01\/TSE.pdf\" target=\"_blank\" rel=\"noopener\">13. TSE<\/a><\/td>\n<td><a href=\"https:\/\/conadi.gob.gt\/web\/wp-content\/uploads\/2017\/01\/UMG.pdf\" target=\"_blank\" rel=\"noopener\">14. UMG<\/a><\/td>\n<td><a href=\"https:\/\/conadi.gob.gt\/web\/wp-content\/uploads\/2017\/06\/CONJUVE-CONADI-2017.pdf\">15. CONJUVE<\/a><\/td>\n<\/tr>\n<tr>\n<td><a href=\"https:\/\/conadi.gob.gt\/web\/wp-content\/uploads\/2017\/06\/CONRED-CONADI-2017.pdf\">16. CONRED<\/a><\/td>\n<td><a href=\"https:\/\/conadi.gob.gt\/web\/wp-content\/uploads\/2017\/06\/ORGANISMO-JUDICIAL-CONADI-2017.pdf\">17. OJ<\/a><\/td>\n<td><a href=\"https:\/\/conadi.gob.gt\/web\/wp-content\/uploads\/2017\/06\/SEPAZ-CONADI-2017.pdf\">18. SEPAZ<\/a><\/td>\n<td><a href=\"https:\/\/conadi.gob.gt\/web\/wp-content\/uploads\/2017\/09\/numeral-29-convenios-internacionales.pdf\" target=\"_blank\" rel=\"noopener\">19.CDG<\/a><\/td>\n<td><a href=\"https:\/\/conadi.gob.gt\/web\/wp-content\/uploads\/2017\/11\/convenio-ecp-conadi.pdf\" target=\"_blank\" rel=\"noopener\">20. ECP USAC<\/a><\/td>\n<\/tr>\n<tr>\n<td><a href=\"https:\/\/conadi.gob.gt\/web\/wp-content\/uploads\/2017\/12\/Convenio-SENACYT.pdf\" target=\"_blank\" rel=\"noopener\">21. SENACYT<\/a><\/td>\n<td><a href=\"https:\/\/conadi.gob.gt\/web\/wp-content\/uploads\/2018\/02\/maga003.pdf\" target=\"_blank\" rel=\"noopener\">22. MAGA<\/a><\/td>\n<\/tr>\n<\/tbody>\n<\/table>\n<p><a href=\"https:\/\/conadi.gob.gt\/web\/wp-content\/uploads\/2019\/06\/ACUERDO-DE-COLABORACION-CISP-CONADI.pdf\">Acuerdo de Colaboraci\u00f3n CISP-CONADI<\/a><\/p>\n<p><a href=\"https:\/\/conadi.gob.gt\/web\/wp-content\/uploads\/2019\/06\/CARTA-DE-ENTENDIMIENT-ENTRE-FUNDACION-VISION-MUNDIAL-GUATEMALA-Y-CONADI.pdf\">Carta de Entendimiento entre Fundaci\u00f3n Visi\u00f3n Mundial Guatemala y CONADI<\/a><\/p>\n<p><a href=\"https:\/\/conadi.gob.gt\/web\/wp-content\/uploads\/2019\/06\/CARTA-DE-ENTENDIMIENTO-CONADI-APG.pdf\">Carta de Entendimiento CONADI-APG<\/a><\/p>\n<p><a href=\"https:\/\/conadi.gob.gt\/web\/wp-content\/uploads\/2019\/06\/CARTA-DE-ENTENDIMIENTO-CONADI-EMPRES-MUNICIPAL-DE-TRANSPORTE-P\u00daBLICO.pdf\">Carta de Entendimiento CONADI-Empresa de Municipal de Transporte P\u00fablico<\/a><\/p>\n<p><a href=\"https:\/\/conadi.gob.gt\/web\/wp-content\/uploads\/2019\/06\/CARTA-DE-ENTENDIMIENTO-CONADI-INTECAP.pdf\">Carta de Entendimiento CONADI-INTECAP<\/a><\/p>\n<p><a href=\"https:\/\/conadi.gob.gt\/web\/wp-content\/uploads\/2019\/06\/CARTA-DE-ENTENDIMIENTO-CONADI-MNTRABAJO-ASCATED-FOAL.pdf\">Carta de Entendimiento CONADI-MINTRABAJO-ASCATED-FOAL<\/a><\/p>\n<p><a href=\"https:\/\/conadi.gob.gt\/web\/wp-content\/uploads\/2019\/06\/CARTA-DE-ENTENDIMIENTO-ENTRE-ARBEITER-SAMARITER-BUND-DEUTSCHLAND-ABS-Y-CONADI.pdf\">Carta de\u00a0 Entendimiento ARBEITER SAMARITER BUND DEUTSCHLAND-ABS-CONADI<\/a><\/p>\n<p><a href=\"https:\/\/conadi.gob.gt\/web\/wp-content\/uploads\/2019\/06\/CONRED-CONADI-2017.pdf\">CONRED-CONADI-2017<\/a><\/p>\n<p><a href=\"https:\/\/conadi.gob.gt\/web\/wp-content\/uploads\/2019\/06\/CONVENIO-ALMG-CONADI.pdf\">Convenio ALMG-CONADI<\/a><\/p>\n<p><a href=\"https:\/\/conadi.gob.gt\/web\/wp-content\/uploads\/2019\/06\/CONVENIO-CONADI-Y-RENAP.pdf\">Convenio CONADI-RENAP<\/a><\/p>\n<p><a href=\"https:\/\/conadi.gob.gt\/web\/wp-content\/uploads\/2019\/06\/CONVENIO-CONADI-FODIGUA.pdf\">Convenio CONADI-FODIGUA<\/a><\/p>\n<p><a href=\"https:\/\/conadi.gob.gt\/web\/wp-content\/uploads\/2019\/06\/CONVENIO-CONADI-INGUAT.pdf\">Convenio CONADI-INGUAT<\/a><\/p>\n<p><a href=\"https:\/\/conadi.gob.gt\/web\/wp-content\/uploads\/2019\/06\/CONVENIO-CONADI-MINCUDE.pdf\">Convenio CONADI-MINISTERIO DE CULTURA Y DEPORTES<\/a><\/p>\n<p><a href=\"https:\/\/conadi.gob.gt\/web\/wp-content\/uploads\/2019\/06\/CONVENIO-CORTE-DE-CONSTITUCIONALIDAD-CONADI.pdf\">Convenio CORTE DE CONSTITUCIONALIDAD-CONADI<\/a><\/p>\n<p><a href=\"https:\/\/conadi.gob.gt\/web\/wp-content\/uploads\/2019\/06\/CONVENIO-ESCUELA-DE-CIENCIAS-DE-LA-COMUNICACI\u00d3N-CONADI.pdf\">Convenio ESCUELA DE CIENCIAS DE LA COMUNICACI\u00d3N-CONADI<\/a><\/p>\n<p><a href=\"https:\/\/conadi.gob.gt\/web\/wp-content\/uploads\/2019\/06\/CONVENIO-INTECAP-CONADI.pdf\">Convenio INTECAP-CONADI<\/a><\/p>\n<p><a href=\"https:\/\/conadi.gob.gt\/web\/wp-content\/uploads\/2019\/06\/CONVENIO-SESAN-CONADI.pdf\">Convenio SESAN-CONADI<\/a><\/p>\n<p>&nbsp;<\/p>\n<ul>\n<li style=\"list-style-type: none;\">\n<ul>\n<li style=\"list-style-type: none;\">\n<ul>\n<li style=\"list-style-type: none;\">\n<ul>\n<li>Acuerdos Municipales<\/li>\n<\/ul>\n<\/li>\n<\/ul>\n<\/li>\n<\/ul>\n<\/li>\n<\/ul>\n<table>\n<tbody align=\"center\">\n<tr>\n<td><a href=\"https:\/\/conadi.gob.gt\/web\/wp-content\/uploads\/2017\/02\/Gobernaci\u00f3n-de-Huehuetenango.pdf\" target=\"_blank\" rel=\"noopener\">Gob Huehuetenango<\/a><\/td>\n<td><a href=\"https:\/\/conadi.gob.gt\/web\/wp-content\/uploads\/2017\/02\/Municipalidad-de-El-J\u00edcaro-el-Progreso.pdf\" target=\"_blank\" rel=\"noopener\">Muni El J\u00edcaro, El Progreso<\/a><\/td>\n<td><a href=\"https:\/\/conadi.gob.gt\/web\/wp-content\/uploads\/2017\/02\/Municipalidad-de-Jalapa-Jalapa.pdf\" target=\"_blank\" rel=\"noopener\">Muni Jalapa, Jalapa<\/a><\/td>\n<td><a href=\"https:\/\/conadi.gob.gt\/web\/wp-content\/uploads\/2017\/02\/Municipalidad-de-Morales-Izabal.pdf\" target=\"_blank\" rel=\"noopener\">Muni Morales, Izabal<\/a><\/td>\n<td><a href=\"https:\/\/conadi.gob.gt\/web\/wp-content\/uploads\/2017\/02\/Municipalidad-de-Playa-Grade-Ixc\u00e1n-Quich\u00e9.pdf\" target=\"_blank\" rel=\"noopener\">Muni Playa Grade, Ixc\u00e1n, Quich\u00e9<\/a><\/td>\n<\/tr>\n<tr>\n<td><a href=\"https:\/\/conadi.gob.gt\/web\/wp-content\/uploads\/2017\/02\/Municipalidad-de-Popt\u00fan-Pet\u00e9n.pdf\" target=\"_blank\" rel=\"noopener\">Muni Popt\u00fan, Pet\u00e9n<\/a><\/td>\n<td><a href=\"https:\/\/conadi.gob.gt\/web\/wp-content\/uploads\/2017\/02\/Municipalidad-de-San-Benito-Pet\u00e9n.pdf\" target=\"_blank\" rel=\"noopener\">Muni San Benito, Pet\u00e9n<\/a><\/td>\n<td><a href=\"https:\/\/conadi.gob.gt\/web\/wp-content\/uploads\/2017\/02\/Municipalidad-de-San-Cristobal-Acasaguastlan.pdf\" target=\"_blank\" rel=\"noopener\">Muni San Cristobal Acasaguastlan<\/a><\/td>\n<td><a href=\"https:\/\/conadi.gob.gt\/web\/wp-content\/uploads\/2017\/02\/Municipalidad-de-San-Francisco-el-Alto-Totonicap\u00e1n.pdf\" target=\"_blank\" rel=\"noopener\">Muni San Francisco el Alto, Totonicap\u00e1n<\/a><\/td>\n<td><a href=\"https:\/\/conadi.gob.gt\/web\/wp-content\/uploads\/2017\/02\/Municipalidad-de-Sansare.pdf\" target=\"_blank\" rel=\"noopener\">Muni Sansare<\/a><\/td>\n<\/tr>\n<tr>\n<td><a href=\"https:\/\/conadi.gob.gt\/web\/wp-content\/uploads\/2017\/02\/Municipalidad-de-Santa-Cruz-Verapaz-A.V..pdf\" target=\"_blank\" rel=\"noopener\">Muni Santa Cruz Verapaz, A.V.<\/a><\/td>\n<td><a href=\"https:\/\/conadi.gob.gt\/web\/wp-content\/uploads\/2017\/02\/Municipalidad-de-Santa-Mar\u00eda-Nebaj-Quich\u00e9.pdf\" target=\"_blank\" rel=\"noopener\">Muni Santa Mar\u00eda Nebaj, Quich\u00e9<\/a><\/td>\n<td><a href=\"https:\/\/conadi.gob.gt\/web\/wp-content\/uploads\/2017\/02\/Municipalidad-de-Zaragoza-Chimaltenango.pdf\" target=\"_blank\" rel=\"noopener\">Muni Zaragoza, Chimaltenango<\/a><\/td>\n<td><a href=\"https:\/\/conadi.gob.gt\/web\/wp-content\/uploads\/2017\/06\/MUNI-GUATE-CONADI-2017.pdf\">Muni Guatemala<\/a><\/td>\n<td><a href=\"https:\/\/conadi.gob.gt\/web\/wp-content\/uploads\/2017\/06\/MUNI-SAN-CRISTOBAL-TOTNICAP\u00c1N-2017.pdf\">Muni San Crist\u00f3bal Totonicap\u00e1n<\/a><\/td>\n<\/tr>\n<tr>\n<td><a href=\"https:\/\/conadi.gob.gt\/web\/wp-content\/uploads\/2017\/09\/numeral-29-acuerdos-municipales.pdf\" target=\"_blank\" rel=\"noopener\">Muni San Marcos<\/a><\/td>\n<td><a href=\"https:\/\/conadi.gob.gt\/web\/wp-content\/uploads\/2017\/11\/Sanarate.pdf\" target=\"_blank\" rel=\"noopener\">Sanarate, El Progreso<\/a><\/td>\n<td><a href=\"https:\/\/conadi.gob.gt\/web\/wp-content\/uploads\/2017\/11\/Sanandrespeten.pdf\" target=\"_blank\" rel=\"noopener\">San Andr\u00e9s Pet\u00e9n<\/a><\/td>\n<td><a href=\"https:\/\/conadi.gob.gt\/web\/wp-content\/uploads\/2018\/04\/ConveliberPeten024.pdf\" target=\"_blank\" rel=\"noopener\">La Libertad, Pet\u00e9n<\/a><\/td>\n<td><\/td>\n<\/tr>\n<tr>\n<td><a href=\"https:\/\/conadi.gob.gt\/web\/wp-content\/uploads\/2018\/04\/ConveTajumulco023.pdf\" target=\"_blank\" rel=\"noopener\">Tajumulco, San Marcos<\/a><\/td>\n<\/tr>\n<\/tbody>\n<\/table>\n<p><a href=\"https:\/\/conadi.gob.gt\/web\/wp-content\/uploads\/2019\/06\/MUNICIPIO-DE-SALAMA-BAJA-VERAPAZ.pdf\">Acuerdo Municipal Municipio de Salama, Baja Verapaz<\/a><\/p>\n<p>Iniciativas de Ley para Personas con Discapacidad<\/p>\n<table>\n<tbody>\n<tr>\n<td><a href=\"https:\/\/conadi.gob.gt\/web\/wp-content\/uploads\/2017\/06\/Sospecha-o-Diagn\u00f3stico-de-Padecimiento-de-Enfermedades-Raras.pdf\" target=\"_blank\" rel=\"noopener\">Sospecha o Diagn\u00f3stico de Padecimiento de Enfermedades Raras<\/a><\/td>\n<td><a href=\"https:\/\/conadi.gob.gt\/web\/wp-content\/uploads\/2017\/06\/Acceso-a-la-Rehabilitaci\u00f3n-para-Victimas-de-Violencia-Armada.pdf\" target=\"_blank\" rel=\"noopener\">Acceso a la Rehabilitaci\u00f3n para Victimas de Violencia Armada<\/a><\/td>\n<\/tr>\n<tr>\n<td><a href=\"https:\/\/conadi.gob.gt\/web\/wp-content\/uploads\/2017\/06\/Iniciativa-de-Ley-4796-inclusi\u00f3n-laboral.pdf\" target=\"_blank\" rel=\"noopener\">4796 Inclusi\u00f3n Laboral<\/a><\/td>\n<td><a href=\"https:\/\/conadi.gob.gt\/web\/wp-content\/uploads\/2017\/06\/Iniciativa-de-Ley-del-Deporte-Educaci\u00f3n-fisica-y-recreaci\u00f3n.pdf\" target=\"_blank\" rel=\"noopener\">Ley del Deporte<\/a><\/td>\n<td><a href=\"https:\/\/conadi.gob.gt\/web\/wp-content\/uploads\/2017\/06\/LENSEGUA-registro5128.pdf\" target=\"_blank\" rel=\"noopener\">LENSEGUA<\/a><\/td>\n<td><a href=\"https:\/\/drive.google.com\/open?id=0By2RGSlmbU5OOUg4RUw2MTFjVXc\" target=\"_blank\" rel=\"noopener\">Iniciativa de Ley Personas con Discapacidad<\/a><\/td>\n<td><a href=\"https:\/\/drive.google.com\/open?id=0By2RGSlmbU5OeGd4TGp1MDFaaFk\" target=\"_blank\" rel=\"noopener\">Derechos de Autor y Derechos Conexos<\/a><\/td>\n<\/tr>\n<\/tbody>\n<\/table>\n<p><a href=\"https:\/\/conadi.gob.gt\/web\/wp-content\/uploads\/2019\/06\/5529.pdf\">Iniciativa de Ley 5529 que dispone aprobar ley para el Fomento de Trabajo, Empleo y Emprendimiento para las Personas con Discapacidad<\/a><\/p>\n<p><a href=\"https:\/\/conadi.gob.gt\/web\/wp-content\/uploads\/2019\/06\/Iniciativa-de-Ley-5463.pdf\">Iniciativa de Ley 5463 que dispone Aprobar Ley de Certificaci\u00f3n de Discapacidad<\/a><\/p>\n<p><a href=\"https:\/\/conadi.gob.gt\/web\/wp-content\/uploads\/2019\/06\/Iniciativa-de-Ley-5392.pdf\">Iniciativa de ley 5392 que\u00a0 dispone Aprobar Reformas al Decreto N\u00famero 12-2001 del Congreso de la Rep\u00fablica, C\u00f3digo Municipal<\/a><\/p>\n<p><a href=\"https:\/\/conadi.gob.gt\/web\/wp-content\/uploads\/2019\/06\/Iniciativa-de-Ley-5232.pdf\">Iniciativa de Ley 5232 que dispone aprobar reformas al decreto n\u00famero 1441 del Congreso de la Rep\u00fablica, C\u00f3digo de Trabajo. Adiciona art. 14 ter proh\u00edbe al empleador la marginaci\u00f3n, exclusi\u00f3n o discriminaci\u00f3n por edad, religi\u00f3n, etnia, sexo, estado civil, idioma, discapacidad f\u00edsica, credos pol\u00edticos o situaci\u00f3n econ\u00f3mica al momento de hacer convocatoria de empleo<\/a><\/p>\n<hr \/>\n<p><strong>Solicitud Infomaci\u00f3n<\/strong><\/p>\n<blockquote><p>[contact-form-7 id=\u00bb4106&#8243; title=\u00bbInformaci\u00f3n P\u00fablica\u00bb]<\/p><\/blockquote>\n<div class=\"pvc_clear\"><\/div>\n<p id=\"pvc_stats_5644\" class=\"pvc_stats all  \" data-element-id=\"5644\" style=\"\"><i class=\"pvc-stats-icon medium\" aria-hidden=\"true\"><svg aria-hidden=\"true\" focusable=\"false\" data-prefix=\"far\" data-icon=\"chart-bar\" role=\"img\" xmlns=\"http:\/\/www.w3.org\/2000\/svg\" viewBox=\"0 0 512 512\" class=\"svg-inline--fa fa-chart-bar fa-w-16 fa-2x\"><path fill=\"currentColor\" d=\"M396.8 352h22.4c6.4 0 12.8-6.4 12.8-12.8V108.8c0-6.4-6.4-12.8-12.8-12.8h-22.4c-6.4 0-12.8 6.4-12.8 12.8v230.4c0 6.4 6.4 12.8 12.8 12.8zm-192 0h22.4c6.4 0 12.8-6.4 12.8-12.8V140.8c0-6.4-6.4-12.8-12.8-12.8h-22.4c-6.4 0-12.8 6.4-12.8 12.8v198.4c0 6.4 6.4 12.8 12.8 12.8zm96 0h22.4c6.4 0 12.8-6.4 12.8-12.8V204.8c0-6.4-6.4-12.8-12.8-12.8h-22.4c-6.4 0-12.8 6.4-12.8 12.8v134.4c0 6.4 6.4 12.8 12.8 12.8zM496 400H48V80c0-8.84-7.16-16-16-16H16C7.16 64 0 71.16 0 80v336c0 17.67 14.33 32 32 32h464c8.84 0 16-7.16 16-16v-16c0-8.84-7.16-16-16-16zm-387.2-48h22.4c6.4 0 12.8-6.4 12.8-12.8v-70.4c0-6.4-6.4-12.8-12.8-12.8h-22.4c-6.4 0-12.8 6.4-12.8 12.8v70.4c0 6.4 6.4 12.8 12.8 12.8z\" class=\"\"><\/path><\/svg><\/i> <img loading=\"lazy\" decoding=\"async\" width=\"16\" height=\"16\" alt=\"Loading\" src=\"https:\/\/conadi.gob.gt\/web\/wp-content\/plugins\/page-views-count\/ajax-loader-2x.gif\" border=0 \/><\/p>\n<div class=\"pvc_clear\"><\/div>\n","protected":false},"excerpt":{"rendered":"<p>LEY DE ACCESO A LA INFORMACI\u00d3N P\u00daBLICA\u00a0 \u00a0 \u00a0 \u00a0 \u00a0 \u00a0 \u00a0 \u00a0 \u00a0 \u00a0 \u00a0 \u00a0 \u00a0 \u00a0 \u00a0 \u00a0 \u00a0 \u00a0 \u00a0 \u00a0 \u00a0 \u00a0 \u00a0 \u00a0 \u00a0 \u00a0 \u00a0 \u00a0 \u00a0 \u00a0 \u00a0 \u00a0 \u00a0 \u00a0 \u00a0 \u00a0 \u00a0 \u00a0 \u00a0 \u00a0 \u00a0 \u00a0 \u00a0 \u00a0 \u00a0 \u00a0 \u00a0 \u00a0 \u00a0 &hellip; <\/p>\n<p class=\"link-more\"><a href=\"https:\/\/conadi.gob.gt\/web\/acceso-a-la-informacion\/\" class=\"more-link\">Leer m\u00e1s<span class=\"screen-reader-text\"> \u00abAcceso a la Informaci\u00f3n 2015 &#8211; 2017\u00bb<\/span><\/a><\/p>\n<div class=\"pvc_clear\"><\/div>\n<p id=\"pvc_stats_5644\" class=\"pvc_stats all  \" data-element-id=\"5644\" style=\"\"><i class=\"pvc-stats-icon medium\" aria-hidden=\"true\"><svg aria-hidden=\"true\" focusable=\"false\" data-prefix=\"far\" data-icon=\"chart-bar\" role=\"img\" xmlns=\"http:\/\/www.w3.org\/2000\/svg\" viewBox=\"0 0 512 512\" class=\"svg-inline--fa fa-chart-bar fa-w-16 fa-2x\"><path fill=\"currentColor\" d=\"M396.8 352h22.4c6.4 0 12.8-6.4 12.8-12.8V108.8c0-6.4-6.4-12.8-12.8-12.8h-22.4c-6.4 0-12.8 6.4-12.8 12.8v230.4c0 6.4 6.4 12.8 12.8 12.8zm-192 0h22.4c6.4 0 12.8-6.4 12.8-12.8V140.8c0-6.4-6.4-12.8-12.8-12.8h-22.4c-6.4 0-12.8 6.4-12.8 12.8v198.4c0 6.4 6.4 12.8 12.8 12.8zm96 0h22.4c6.4 0 12.8-6.4 12.8-12.8V204.8c0-6.4-6.4-12.8-12.8-12.8h-22.4c-6.4 0-12.8 6.4-12.8 12.8v134.4c0 6.4 6.4 12.8 12.8 12.8zM496 400H48V80c0-8.84-7.16-16-16-16H16C7.16 64 0 71.16 0 80v336c0 17.67 14.33 32 32 32h464c8.84 0 16-7.16 16-16v-16c0-8.84-7.16-16-16-16zm-387.2-48h22.4c6.4 0 12.8-6.4 12.8-12.8v-70.4c0-6.4-6.4-12.8-12.8-12.8h-22.4c-6.4 0-12.8 6.4-12.8 12.8v70.4c0 6.4 6.4 12.8 12.8 12.8z\" class=\"\"><\/path><\/svg><\/i> <img loading=\"lazy\" decoding=\"async\" width=\"16\" height=\"16\" alt=\"Loading\" src=\"https:\/\/conadi.gob.gt\/web\/wp-content\/plugins\/page-views-count\/ajax-loader-2x.gif\" border=0 \/><\/p>\n<div class=\"pvc_clear\"><\/div>\n","protected":false},"author":12,"featured_media":0,"parent":0,"menu_order":0,"comment_status":"closed","ping_status":"closed","template":"","meta":{"inspiro_hide_title":false,"footnotes":""},"class_list":["post-5644","page","type-page","status-publish","hentry"],"_links":{"self":[{"href":"https:\/\/conadi.gob.gt\/web\/wp-json\/wp\/v2\/pages\/5644","targetHints":{"allow":["GET"]}}],"collection":[{"href":"https:\/\/conadi.gob.gt\/web\/wp-json\/wp\/v2\/pages"}],"about":[{"href":"https:\/\/conadi.gob.gt\/web\/wp-json\/wp\/v2\/types\/page"}],"author":[{"embeddable":true,"href":"https:\/\/conadi.gob.gt\/web\/wp-json\/wp\/v2\/users\/12"}],"replies":[{"embeddable":true,"href":"https:\/\/conadi.gob.gt\/web\/wp-json\/wp\/v2\/comments?post=5644"}],"version-history":[{"count":11,"href":"https:\/\/conadi.gob.gt\/web\/wp-json\/wp\/v2\/pages\/5644\/revisions"}],"predecessor-version":[{"id":9396,"href":"https:\/\/conadi.gob.gt\/web\/wp-json\/wp\/v2\/pages\/5644\/revisions\/9396"}],"wp:attachment":[{"href":"https:\/\/conadi.gob.gt\/web\/wp-json\/wp\/v2\/media?parent=5644"}],"curies":[{"name":"wp","href":"https:\/\/api.w.org\/{rel}","templated":true}]}}